{"id":5940,"date":"2022-01-25T08:19:50","date_gmt":"2022-01-25T07:19:50","guid":{"rendered":"https:\/\/www.StJoseph.no\/?page_id=5940"},"modified":"2025-02-17T10:34:21","modified_gmt":"2025-02-17T09:34:21","slug":"nyheter-2021","status":"publish","type":"page","link":"https:\/\/www.StJoseph.no\/?page_id=5940","title":{"rendered":"Nyheter 2021"},"content":{"rendered":"<h2><\/h2>\n<h2>\u00a0\u00abEn Frelser er oss f\u00f8dt i dag,<\/h2>\n<header class=\"row typo-title\">\n<div class=\"col-xs-12 col-sm-12\">\n<div class=\"container\">\n<div class=\"col-xs-12 col-sm-9\">\n<div class=\"row\">\n<div class=\"col-xs-12 col-sm-12\">\n<h3>\u00a0\u00a0\u00a0 Han er Kristus Herren.\u00bb<\/h3>\n<h3>\u00a0<img loading=\"lazy\" decoding=\"async\" class=\"alignnone\" src=\"http:\/\/www.stjoseph.no\/wp-content\/uploads\/2017\/12\/rev.-julebildet-150x150.jpg\" alt=\"\" width=\"300\" height=\"300\" \/><\/h3>\n<h3><\/h3>\n<h3>Takk for alle julehilsener og gaver. Vi ber for hverandre og for alle syke<br \/>\niblant oss. La oss s\u00e6rlig be for alle mennesker som lider under corona, sult,<br \/>\nkrig og terror i en s\u00f8nderrevet verden.<\/h3>\n<h3>En gledelig juleh\u00f8ytid og \u00a0Guds rike velsignelse og fred for det nye \u00e5ret 2022 Med de beste hilsener fra alle St.Josephs\u00f8strene.<\/h3>\n<p>*****************************************************************************<\/p>\n<\/div>\n<\/div>\n<\/div>\n<\/div>\n<h2>Generalkapittelet avsluttet l\u00f8rdag 11. desember<\/h2>\n<p>Det var et meget vellykket generalkapittel, i en god atmosf\u00e6re med mange dr\u00f8ftelser, samtaler og discernmentprosess med valget. Det hele avsluttet med et sluttdokument over viktige bestemmelser og avgj\u00f8relser for de neste 8 \u00e5r. Vi ber om at v\u00e5re avgj\u00f8relser og valg av hovedemner kan bidra til at vi kan\u00a0 v\u00e6re mer tilstede for v\u00e5re medmennesker og hjelpe til der hvor n\u00f8den er st\u00f8rst.<\/p>\n<p>Alle s\u00f8stre har n\u00e5 kommet vel tilbake til sine provinser, regioner og misjoner og vi takker Gud for at alt har g\u00e5tt s\u00e5 bra og at ingen ble syke.<\/p>\n<p><a href=\"https:\/\/www.StJoseph.no\/wp-content\/uploads\/2021\/12\/Senza-titolo-821-1.jpg\"><img loading=\"lazy\" decoding=\"async\" class=\"wp-image-6186 size-medium aligncenter\" src=\"https:\/\/www.StJoseph.no\/wp-content\/uploads\/2021\/12\/Senza-titolo-821-1-300x199.jpg\" alt=\"s\u00f8ster Dolores Lahr\" width=\"300\" height=\"199\" srcset=\"https:\/\/www.StJoseph.no\/wp-content\/uploads\/2021\/12\/Senza-titolo-821-1-300x199.jpg 300w, https:\/\/www.StJoseph.no\/wp-content\/uploads\/2021\/12\/Senza-titolo-821-1-768x509.jpg 768w, https:\/\/www.StJoseph.no\/wp-content\/uploads\/2021\/12\/Senza-titolo-821-1.jpg 800w\" sizes=\"auto, (max-width: 300px) 85vw, 300px\" \/><\/a><\/p>\n<p>V\u00e5r nye general Priorinne fra den\u00a0 Amerikanske provins s\u00f8ster Dolores Lahr.<\/p>\n<p><a href=\"https:\/\/www.StJoseph.no\/wp-content\/uploads\/2021\/12\/Senza-titolo-915-1.jpg\"><img loading=\"lazy\" decoding=\"async\" class=\"wp-image-6187 size-medium aligncenter\" src=\"https:\/\/www.StJoseph.no\/wp-content\/uploads\/2021\/12\/Senza-titolo-915-1-300x181.jpg\" alt=\"V\u00e5r nye general ledelse.\" width=\"300\" height=\"181\" srcset=\"https:\/\/www.StJoseph.no\/wp-content\/uploads\/2021\/12\/Senza-titolo-915-1-300x181.jpg 300w, https:\/\/www.StJoseph.no\/wp-content\/uploads\/2021\/12\/Senza-titolo-915-1-768x463.jpg 768w, https:\/\/www.StJoseph.no\/wp-content\/uploads\/2021\/12\/Senza-titolo-915-1.jpg 800w\" sizes=\"auto, (max-width: 300px) 85vw, 300px\" \/><\/a><\/p>\n<p>V\u00e5r nye general ledelse. Fra venstre : S\u00f8ster Celine Kalathoor fra Nagpur Proivinsen, India &#8211; s\u00f8ster Maria Cristina Gavazzi fra Italienske provins &#8211; v\u00e5r nye generalpriorinne s\u00f8ster Dolores Lahr og s\u00f8ster Eliza Fatima Zuanazzi fra provinsen i Brasil.<\/p>\n<p><a href=\"https:\/\/www.StJoseph.no\/wp-content\/uploads\/2021\/12\/Senza-titolo-1150-1.jpg\"><img loading=\"lazy\" decoding=\"async\" class=\"wp-image-6188 size-medium aligncenter\" src=\"https:\/\/www.StJoseph.no\/wp-content\/uploads\/2021\/12\/Senza-titolo-1150-1-300x190.jpg\" alt=\"Alle deltagere i generalkapittelet.\" width=\"300\" height=\"190\" srcset=\"https:\/\/www.StJoseph.no\/wp-content\/uploads\/2021\/12\/Senza-titolo-1150-1-300x190.jpg 300w, https:\/\/www.StJoseph.no\/wp-content\/uploads\/2021\/12\/Senza-titolo-1150-1-768x486.jpg 768w, https:\/\/www.StJoseph.no\/wp-content\/uploads\/2021\/12\/Senza-titolo-1150-1.jpg 800w\" sizes=\"auto, (max-width: 300px) 85vw, 300px\" \/><\/a><\/p>\n<p>Fellesbilde av alle deltagere i generalkapittelet.<\/p>\n<h4>**************************************<\/h4>\n<h3 class=\"entry-title title title-post title-50\" data-length=\"50\">Et F\u00e6lleskap &#8220;fullt&#8221; av den hl. \u00c5nd, forbundet med\u00a0 Verden!<\/h3>\n<\/div>\n<div class=\"head-border\"><strong>St. Josephs\u00f8strenes 30. generalkapittel ble \u00e5pnet 24. november -11. desember 2021!<\/strong><\/div>\n<\/header>\n<header class=\"row typo-plead\">\n<div class=\"col-xs-12 col-sm-12\">\n<div class=\"subhead-border\">\n<div class=\"col-xs-12 col-sm-12\">\n<div class=\"meta-wrap published masthead-4 no-alt-author\">\n<div class=\"row\">\n<div class=\"col-xs-12 col-sm-12\">\n<p><time class=\"entry-date date updated\" title=\"13:42 - 24. november 2021\" datetime=\"2021-11-24 01:42\"><\/time>Under mottoet \u201c Community immersed in the Spirit, connected with the World&#8221;\u00a0 er 69 delegerte\u00a0 fra hele verden fra den 24. november til den 11.december\u00a0 samlet i Nemi, Italien, for at dr\u00f8fte Sankt Joseph S\u00f8strenes n\u00e5v\u00e6rende og fremtidige\u00a0 retning. Ved flere Zoom-samtaler ble kapitlet forberedt. Men siste delen som inneb\u00e6rer ogs\u00e5 et nytt valg av Generalledelsen utest\u00e5r.<br \/>\nSr. Anette, v\u00e5r Provinsforstanderinne\u00a0 og sr. Agata som er medlem av provinsr\u00e5det sammen med Marit, v\u00e5r postulant, som fungerer som oversetter,\u00a0 reiste til Generalkapittel.\u00a0 Kapitlet blev \u00e5bnet med en tale af Sr. Sally Hodgdon, kongregationens generalpriorinde siden 2010. Du kan h\u00f8re hennes \u00e5pningstale n\u00e5r du f\u00f8lger linken.\u00a0 Det blir spennende og vi kan f\u00f8lge dem. La oss huske p\u00e5 dem i v\u00e5re b\u00f8nner!<\/p>\n<\/div>\n<\/div>\n<\/div>\n<\/div>\n<\/div>\n<\/div>\n<\/header>\n<div id=\"content\" class=\"row\">\n<div class=\"col-xs-12 col-sm-12 content\">\n<p>Bruk denne linken!<\/p>\n<p><a class=\"external\" href=\"https:\/\/www.csjchambery.org\/en\/superevento\/29\/general-chapter\" target=\"_blank\" rel=\"noopener noreferrer\">Det 30. generalkapitel<\/a><\/p>\n<p>&nbsp;<\/p>\n<p><img loading=\"lazy\" decoding=\"async\" class=\"alignleft wp-image-6042\" src=\"https:\/\/sanktjosephsoestrene.dk\/wp-content\/uploads\/2021\/11\/skaermbillede-608-832x468.png\" sizes=\"auto, (max-width: 276px) 100vw, 276px\" srcset=\"https:\/\/sanktjosephsoestrene.dk\/wp-content\/uploads\/2021\/11\/skaermbillede-608-832x468.png 832w, https:\/\/sanktjosephsoestrene.dk\/wp-content\/uploads\/2021\/11\/skaermbillede-608-300x169.png 300w, https:\/\/sanktjosephsoestrene.dk\/wp-content\/uploads\/2021\/11\/skaermbillede-608-768x432.png 768w, https:\/\/sanktjosephsoestrene.dk\/wp-content\/uploads\/2021\/11\/skaermbillede-608-1536x864.png 1536w, https:\/\/sanktjosephsoestrene.dk\/wp-content\/uploads\/2021\/11\/skaermbillede-608.png 1920w\" alt=\"\" width=\"276\" height=\"155\" data-xs=\"https:\/\/sanktjosephsoestrene.dk\/wp-content\/uploads\/2021\/11\/skaermbillede-608-300x169.png\" data-xs-re=\"https:\/\/sanktjosephsoestrene.dk\/wp-content\/uploads\/2021\/11\/skaermbillede-608-832x468.png\" data-id=\"6042\" data-original=\"https:\/\/sanktjosephsoestrene.dk\/wp-content\/uploads\/2021\/11\/skaermbillede-608.png\" \/><\/p>\n<div id=\"gallery-1\" class=\"photoset\">\n<div class=\"photoset-row cols-2\"><\/div>\n<\/div>\n<\/div>\n<\/div>\n<h4><\/h4>\n<h4><\/h4>\n<h4><\/h4>\n<h4>**************************************<\/h4>\n<h2><\/h2>\n<h2><\/h2>\n<h2><\/h2>\n<p>&nbsp;<\/p>\n<h4>**************************************<\/h4>\n<h2>EN STOR TAKK<\/h2>\n<p><strong>TIL ALLE SOM HAR BIDRATT TIL AT V\u00c5RT JULEMARKED BLE S\u00c5 VELLYKKET!<\/strong><\/p>\n<p>En spesiell takk til v\u00e5re trofaste ansatte og n\u00e6re medarbeidere, en takk til v\u00e5re medvandrer, til v\u00e5re\u00a0 eldre og yngre s\u00f8stre, ja, til alle som har bes\u00f8kt v\u00e5rt julemarked og bidratt til en aldeles fin stemning, til v\u00e5re to musikanter p\u00e5 piano og bratsj, som hvert \u00e5r bidrar med sitt musikalske innslag.<\/p>\n<p>Ja til alle og enhver, det gjorde godt \u00e5 m\u00f8tes\u00a0 igjen etter en lang corona tid med isolasjon.<\/p>\n<p>Vi takker alle og p\u00e5 <strong>GJENSYN\u00a0 NESTE \u00c5R!<\/strong><\/p>\n<p>Beste hilsener og b\u00f8nn fra<br \/>\n<strong>\u00a0St. Josephs\u00f8strene.<\/strong><\/p>\n<h4>**************************************<\/h4>\n<h4>V\u00e5rt\u00a0 julemarked 2021 er avsluttet!<\/h4>\n<h4><strong>St.Josephs\u00f8strenes Hjem<br \/>\n<\/strong><strong>Glads Vei 23, 0489 Oslo<\/strong><\/h4>\n<h3><strong>Tlf. 23 400 900 eller 23 400 920<\/strong><\/h3>\n<p>&nbsp;<\/p>\n<p><strong><img loading=\"lazy\" decoding=\"async\" title=\"IMG_0043.jpg julemarked 2015\" src=\"http:\/\/www.stjoseph.no\/wp-content\/uploads\/2015\/12\/IMG_0043.jpg-julemarked-2015-300x165.jpg\" alt=\"IMG_0043.jpg julemarked 2015\" width=\"300\" height=\"165\" \/><\/strong><\/p>\n<p lang=\"nb-NO\">****************************************<\/p>\n<p lang=\"nb-NO\"><u><b>R E T R E T T E R 20<\/b><\/u><u><b>2<\/b><\/u><u><b>2<\/b><\/u><b> <\/b><b><br \/>\n<\/b><b>Tors 2<\/b><b>7<\/b><b>. \u2013 S\u00f8n <\/b><b>30<\/b><b>. jan<\/b><b>uar<\/b><b> <\/b><b><br \/>\nkr 2<\/b><b>5<\/b><b>00,\u2013 P. Rory SM, P. Erik SM<\/b><b><\/b><\/p>\n<p><b>Tors 1<\/b><b>0<\/b><b>. \u2013 <\/b><b>S\u00f8n 1<\/b><b>3<\/b><b>. februar<br \/>\n<\/b><b>kr 2<\/b><b>5<\/b><b>00,\u2013 <\/b><b>Hilde R. Myhrer, Arne Sand<\/b><\/p>\n<p lang=\"nb-NO\"><b>RETRETTER I FASTETIDEN<\/b><b><br \/>\n<\/b><b>Tors <\/b><b>2<\/b><b>4<\/b><b>.- S\u00f8n <\/b><b>2<\/b><b>7<\/b><b>. februar<\/b><b><br \/>\nkr 2<\/b><b>5<\/b><b>00,-<\/b><b>\u2013<\/b><b> <\/b><b>Jeanine R. Ruyter,\u00a0 Bj\u00f8rg Eimstad<\/b><\/p>\n<p><b>Tors <\/b><b>1<\/b><b>0<\/b><b>. <\/b><b>\u2013 S\u00f8ndag <\/b><b>1<\/b><b>3<\/b><b>. <\/b><b>mars<br \/>\nkr 2<\/b><b>5<\/b><b>00,\u2013 <\/b><b>Sr. Marit og <\/b><b>Hilde R. Myhrer<\/b><b><br \/>\n<\/b><\/p>\n<p lang=\"nb-NO\"><b>Tors 24.-S\u00f8n 27. mars<br \/>\n<\/b><b>kr 2500,\u2013Sr. Marit, Arne Sand<br \/>\nOrdo Crucis (\u00e5pen ogs\u00e5 for andre) <\/b><\/p>\n<p lang=\"nb-NO\"><b>Tors 31. mars \u2013 S\u00f8n 3. april<br \/>\n<\/b><b>kr 2500,\u2013 Sr. Anette, P. Erik SM<\/b><b><\/b><\/p>\n<p><b>10 dagers retrett<\/b><b>er:<\/b><b><br \/>\n<\/b><b>Tors <\/b><b> <\/b><b>2<\/b><b>9<\/b><b>.<\/b><b>april <\/b><b> \u2013 S\u00f8ndag <\/b><b>7. mai <\/b><b><br \/>\n<\/b>p. Rainer Carls, SJ (venteliste)<\/p>\n<p lang=\"nb-NO\"><b>Fre 2<\/b><b>0.<\/b><b> \u2013 S\u00f8n <\/b><b>2<\/b><b>9. mai <\/b><b><br \/>\nkr 6<\/b><b>500<\/b><b>,-<\/b><b>Bj\u00f8rg Eimstad,<\/b><b> <\/b><b>Geir Gundersen<br \/>\n<\/b><b>Sr. Marit.<\/b><b> <\/b><b><\/b><\/p>\n<p><b>Man 29. august- <\/b><b>L\u00f8r <\/b><b>3. September <\/b><\/p>\n<p lang=\"nb-NO\">Skandinavisk Manresagruppe (fast gruppe)<br \/>\nP. Rainer Carls SJ, liturg og innleder<br \/>\n<b><br \/>\n<\/b><b>Tors 1<\/b><b>5<\/b><b>. \u2013 S\u00f8n <\/b><b>1<\/b><b>8<\/b><b>. september<br \/>\nkr 2<\/b><b>5<\/b><b>00,\u2013<\/b><b>Jeanine R. Ruyter, Hilde R. Myhrer<\/b><b><br \/>\n<\/b><\/p>\n<h6 lang=\"nb-NO\"><b>Tors 06. S\u00f8n 9. oktober<br \/>\nkr 2500,- Sr. Marit og Geir Gundersen<\/b><\/h6>\n<p lang=\"nb-NO\"><b>Medvandrer 3. nov-6. Nov.<br \/>\nKr 2500,\u2013 (fast gruppe)<\/b><\/p>\n<p lang=\"nb-NO\"><b>RETRETT I ADVENTSTIDEN<\/b><b><\/b><\/p>\n<p lang=\"nb-NO\"><b>Folk p\u00e5 vandring <\/b><b>mot <\/b><b> <\/b><b>lyset\u2026<\/b><b>(Jes 9:2,6)<\/b><b><\/b><\/p>\n<p><b>H<\/b><b>erren er n\u00e6r!<\/b><\/p>\n<h5><b>T<\/b><b>ors 2<\/b><b>4<\/b><b>.-S\u00f8n 2<\/b><b>7<\/b><b>. <\/b><b>n<\/b><b>ovember<br \/>\nkr 2<\/b><b>5<\/b><b>00,\u2013<\/b><b>Bj\u00f8rg Eimstad og P. Erik <\/b><b>SM<\/b><\/h5>\n<h5><b>Tors <\/b><b>1.<\/b><b>\u2013 <\/b><b>S\u00f8n <\/b><b>4<\/b><b>. <\/b><b>d<\/b><b>esember<\/b><b><br \/>\n<\/b><b>kr 2<\/b><b>5<\/b><b>00,- Sr. Marit <\/b><b>CSJ<\/b><b> og P. Rory <\/b><b>SM<\/b><\/h5>\n<h5><b>Tors den 8.- S\u00f8n den 11. desember<br \/>\nkr 2500,-Sr. Anette CSJ og P. Rory SM<\/b><\/h5>\n<h5><b>Torsdag den 15.-S\u00f8n den 18. desember<br \/>\nkr 2500,\u2013 Sr. Anette og Sr. Marit<br \/>\n<\/b>**********************************************<\/h5>\n<p><strong>Retretter 2021<\/strong><\/p>\n<p>Manresa gruppe 1.-4. september Rainer Carls<br \/>\nkr 2500,&#8211; 15 personer<\/p>\n<p>Tors 16.-s\u00f8n 19. sept.2021<br \/>\nkr 2500,&#8211; Jeanine R. Ruyter og Hilde R. Myhrer<br \/>\n6 personer<\/p>\n<p>Man 25. okt.-Tors 28. okt 2021 \u00d8stre Borgesyssel<br \/>\nkr 2500,&#8211; Sr. Marit og P. Rory<\/p>\n<p>Tors 4. -S\u00f8n 7. november Medvandrer<br \/>\nkr 2500,&#8211; Elisabeth og Helga<\/p>\n<p>Tirs 9. nov.-tors 11. november Nedre Romerike<br \/>\nkr 1700,&#8211; Hilde og Arne<\/p>\n<h5 lang=\"nb-NO\"><b>RETRETT I ADVENTSTIDEN\u00a0\u00a0 2021<br \/>\n<\/b><\/h5>\n<h5 lang=\"nb-NO\"><b>V\u00e6r lydh\u00f8r!<\/b><\/h5>\n<h5 lang=\"nb-NO\"><b>H<\/b><b>erren er n\u00e6r!<\/b><\/h5>\n<h5 lang=\"nb-NO\"><b>T<\/b><b>ors 25.-S\u00f8n 28. <\/b><b>n<\/b><b>ovember<br \/>\nkr 2500,\u2013 Bj\u00f8rg Eimstad og P. Rory <\/b><b>SM<br \/>\n<\/b>(venteliste)<b><br \/>\n<\/b><b><\/b><\/h5>\n<h5 lang=\"nb-NO\"><b>Tors 2. \u2013 <\/b><b>S\u00f8n 5. <\/b><b>d<\/b><b>esember<\/b><b><br \/>\n<\/b><b>kr 2500,- Sr. Marit <\/b><b>CSJ<\/b><b> og P. Rory <\/b><b>SM<\/b><b><br \/>\n<\/b>(venteliste)<b><br \/>\n<\/b><\/h5>\n<h5 lang=\"nb-NO\"><b>Tors den 09. S\u00f8n den 12. desember<br \/>\nkr 2500,-Sr. Valborg Osterhus\u00a0 og P. Rory SM<br \/>\n<\/b>(venteliste)<b><br \/>\n<\/b><b><br \/>\n<\/b><\/h5>\n<h5 lang=\"nb-NO\"><b>Tors\/Fre 4.nov.\/5. nov.-7. nov.<br \/>\nMedvandrer retrett (lukket gruppe)<br \/>\n<\/b>(venteliste)<b><br \/>\n<\/b><\/h5>\n<h4><strong>\u00a0<\/strong><b><\/b><strong>Adresse:<br \/>\nSt. Joseph Retrettsenter<br \/>\nBrannvaktveien 5,<br \/>\n0489 Oslo<br \/>\nP\u00e5melding:<br \/>\nper e-post:\u00a0<\/strong><a href=\"mailto:retrett@stjoseph.no\"><strong>retrett@stjoseph.no<br \/>\nTlf<\/strong><\/a><strong>: 23 \u00a040 09 22( Sr. Marit)<br \/>\neller 23 \u00a040 09 35 ( Sr. Anette)<br \/>\n<\/strong>Vanlig dagsrytme<strong>(kan skje sm\u00e5 forandringer)<\/strong><\/h4>\n<h4>Kl. 18.oo\u00a0\u00a0 ankomst, aftens, innf\u00f8ring i retretten,<br \/>\navslutning i kapellet med kompletorium<br \/>\nAnledning til kaffe, te tidligere i retrettsenter<br \/>\nfra kl. 8.15\u00a0 frokost i hovedhuset<br \/>\nLaudes kl. 9.00<br \/>\nKl. 10.00 b\u00f8nne-impuls<br \/>\nanledning til \u00e5 spise mellommat<br \/>\nkl. 12.00 middag i hovedhuset<br \/>\nkl. 15.30 kaffe,te<br \/>\nkl. 17.30 vesper\u00a0 og\u00a0 kveldsmesse,<br \/>\nderetter\u00a0 aftens i hovedhuset<br \/>\nKompletorium kl. 21.00<\/h4>\n<p>ST. JOSEPH RETRETTSENTER <a href=\"http:\/\/www.stjoseph.no\/?page_id=651\">(les mer)<\/a><\/p>\n<h4>Loyola Senter <span lang=\"zxx\"><a href=\"http:\/\/www.stjoseph.no\/?page_id=3358\">(les mer)<\/a><\/span><\/h4>\n<p>\u00a4\u00a4\u00a4\u00a4\u00a4\u00a4\u00a4\u00a4\u00a4\u00a4\u00a4\u00a4\u00a4\u00a4\u00a4\u00a4\u00a4\u00a4\u00a4\u00a4\u00a4\u00a4\u00a4\u00a4\u00a4\u00a4\u00a4\u00a4\u00a4\u00a4\u00a4\u00a4\u00a4\u00a4\u00a4\u00a4\u00a4\u00a4\u00a4\u00a4\u00a4\u00a4\u00a4\u00a4\u00a4\u00a4\u00a4<\/p>\n<h4>EN GLEDELIG NYHET !<\/h4>\n<p><a href=\"https:\/\/www.StJoseph.no\/wp-content\/uploads\/2021\/07\/20210807_124350.jpg-rev.-1.-lofter-Laura-og.jpg-nyeste.jpg\"><img loading=\"lazy\" decoding=\"async\" class=\"wp-image-6100 alignnone\" src=\"https:\/\/www.StJoseph.no\/wp-content\/uploads\/2021\/07\/20210807_124350.jpg-rev.-1.-lofter-Laura-og.jpg-nyeste.jpg\" sizes=\"auto, (max-width: 160px) 100vw, 160px\" srcset=\"https:\/\/www.StJoseph.no\/wp-content\/uploads\/2021\/07\/20210807_124350.jpg-rev.-1.-lofter-Laura-og.jpg-nyeste.jpg 481w, https:\/\/www.StJoseph.no\/wp-content\/uploads\/2021\/07\/20210807_124350.jpg-rev.-1.-lofter-Laura-og.jpg-nyeste-138x300.jpg 138w, https:\/\/www.StJoseph.no\/wp-content\/uploads\/2021\/07\/20210807_124350.jpg-rev.-1.-lofter-Laura-og.jpg-nyeste-473x1024.jpg 473w\" alt=\"\" width=\"160\" height=\"347\" \/><\/a><\/p>\n<h4><a href=\"https:\/\/www.StJoseph.no\/wp-content\/uploads\/2021\/08\/20210807_124245.jpg-1.-lofter-sr.-Anette-Sr.-Laura-P.-Neve-og-sr.-Tanja-7.-august-2021.jpg\"><img loading=\"lazy\" decoding=\"async\" class=\"alignnone wp-image-6103\" src=\"https:\/\/www.StJoseph.no\/wp-content\/uploads\/2021\/08\/20210807_124245.jpg-1.-lofter-sr.-Anette-Sr.-Laura-P.-Neve-og-sr.-Tanja-7.-august-2021.jpg\" sizes=\"auto, (max-width: 301px) 100vw, 301px\" srcset=\"https:\/\/www.StJoseph.no\/wp-content\/uploads\/2021\/08\/20210807_124245.jpg-1.-lofter-sr.-Anette-Sr.-Laura-P.-Neve-og-sr.-Tanja-7.-august-2021.jpg 2092w, https:\/\/www.StJoseph.no\/wp-content\/uploads\/2021\/08\/20210807_124245.jpg-1.-lofter-sr.-Anette-Sr.-Laura-P.-Neve-og-sr.-Tanja-7.-august-2021-300x253.jpg 300w, https:\/\/www.StJoseph.no\/wp-content\/uploads\/2021\/08\/20210807_124245.jpg-1.-lofter-sr.-Anette-Sr.-Laura-P.-Neve-og-sr.-Tanja-7.-august-2021-1024x862.jpg 1024w, https:\/\/www.StJoseph.no\/wp-content\/uploads\/2021\/08\/20210807_124245.jpg-1.-lofter-sr.-Anette-Sr.-Laura-P.-Neve-og-sr.-Tanja-7.-august-2021-768x646.jpg 768w, https:\/\/www.StJoseph.no\/wp-content\/uploads\/2021\/08\/20210807_124245.jpg-1.-lofter-sr.-Anette-Sr.-Laura-P.-Neve-og-sr.-Tanja-7.-august-2021-1536x1293.jpg 1536w, https:\/\/www.StJoseph.no\/wp-content\/uploads\/2021\/08\/20210807_124245.jpg-1.-lofter-sr.-Anette-Sr.-Laura-P.-Neve-og-sr.-Tanja-7.-august-2021-2048x1724.jpg 2048w\" alt=\"\" width=\"301\" height=\"253\" \/><\/a><\/h4>\n<h4>P\u00e5 l\u00f8rdag den 7. august 2021\u00a0 avla v\u00e5re<br \/>\nto noviser\u00a0 Laura og Tanja\u00a0 sine f\u00f8rste<br \/>\nklosterl\u00f8fter i en h\u00f8ytidelig Messe.<br \/>\nVi gratulerer p\u00e5 det hjerteligste!<br \/>\nVi \u00f8nsker dem Guds velsignelse videre p\u00e5<br \/>\nveien og la oss be for hverandre<\/h4>\n<h4>PROVINSKAPITTEL HOS ST. JOSEPHS\u00d8STRENE!<\/h4>\n<h4>St. Josephs\u00f8strene hadde provinskapittel<br \/>\nfra den 22.-24. juli 2021 og valgte en<br \/>\nny provinsforstanderinne og provinsr\u00e5d.<br \/>\nF\u00f8lgende s\u00f8stre ble valgt:<br \/>\nProvinsforstanderinne: Sr. Anette Moltubakk,<br \/>\nProvinsr\u00e5ds\u00f8stre:<br \/>\nSr. Marit Brinkmann, Sr. Elisabeth Nguyen<br \/>\nThi Phuong Danh, Sr. Maria Phan Thuy Dai,<br \/>\nSr. Agata Nguyen Thi Tin.<\/h4>\n<p><a href=\"https:\/\/www.StJoseph.no\/wp-content\/uploads\/2021\/07\/nye-radet-2021.jpg\"><img loading=\"lazy\" decoding=\"async\" class=\"alignnone wp-image-6077\" src=\"https:\/\/www.StJoseph.no\/wp-content\/uploads\/2021\/07\/nye-radet-2021.jpg\" sizes=\"auto, (max-width: 367px) 100vw, 367px\" srcset=\"https:\/\/www.StJoseph.no\/wp-content\/uploads\/2021\/07\/nye-radet-2021.jpg 872w, https:\/\/www.StJoseph.no\/wp-content\/uploads\/2021\/07\/nye-radet-2021-300x237.jpg 300w, https:\/\/www.StJoseph.no\/wp-content\/uploads\/2021\/07\/nye-radet-2021-768x606.jpg 768w\" alt=\"\" width=\"367\" height=\"290\" \/><\/a><\/p>\n<h3>Vi gratulerer og \u00f8nsker dem lykke til og<br \/>\nGuds velsignelse for de neste 3 \u00e5r.<br \/>\nLa oss holde dem i v\u00e5r b\u00f8nn!<br \/>\nVi var meget glad for at v\u00e5r Generalforstanderinne<br \/>\nSr. Sally Hodgdon kunne v\u00e6re med oss og deltok<br \/>\nogs\u00e5 under avleggelsen av de evige l\u00f8fter av<br \/>\nv\u00e5re fem s\u00f8stre: Sr. Elisabeth, Sr. Maria, Sr. Anna,<br \/>\nSr. Anna\u00a0 Vy og Sr. Agata.<\/h3>\n<p><a href=\"https:\/\/www.StJoseph.no\/wp-content\/uploads\/2021\/07\/evige-lofter.jpgrev..jpg\"><img loading=\"lazy\" decoding=\"async\" class=\"alignnone wp-image-6084\" src=\"https:\/\/www.StJoseph.no\/wp-content\/uploads\/2021\/07\/evige-lofter.jpgrev..jpg\" sizes=\"auto, (max-width: 434px) 100vw, 434px\" srcset=\"https:\/\/www.StJoseph.no\/wp-content\/uploads\/2021\/07\/evige-lofter.jpgrev..jpg 512w, https:\/\/www.StJoseph.no\/wp-content\/uploads\/2021\/07\/evige-lofter.jpgrev.-300x200.jpg 300w\" alt=\"\" width=\"434\" height=\"289\" \/><\/a><\/p>\n<h5>\u00a4\u00a4\u00a4\u00a4\u00a4\u00a4\u00a4\u00a4\u00a4\u00a4\u00a4\u00a4\u00a4\u00a4\u00a4\u00a4\u00a4\u00a4\u00a4\u00a4\u00a4\u00a4\u00a4\u00a4\u00a4\u00a4\u00a4\u00a4\u00a4\u00a4\u00a4\u00a4\u00a4\u00a4\u00a4\u00a4\u00a4\u00a4\u00a4\u00a4\u00a4\u00a4\u00a4\u00a4\u00a4\u00a4\u00a4<\/h5>\n<h5><sup><strong>En Stor Fest hos St. Josephs\u00f8strene!<\/strong><br \/>\n\u00a4\u00a4\u00a4\u00a4\u00a4\u00a4\u00a4\u00a4\u00a4\u00a4\u00a4\u00a4\u00a4\u00a4\u00a4\u00a4\u00a4\u00a4\u00a4\u00a4\u00a4\u00a4\u00a4\u00a4\u00a4\u00a4\u00a4\u00a4\u00a4\u00a4\u00a4<br \/>\n<\/sup><\/h5>\n<h5>Med takknemlighet og glede kunngj\u00f8r vi<br \/>\navleggelsen av de evige l\u00f8fter\u00a0 og ber<br \/>\nom forb\u00f8nn for<br \/>\n<b><\/b><strong><sup>S\u00f8ster Elisabeth (Nguyen Thi Phuong<br \/>\nDanh)<\/sup><\/strong><\/h5>\n<h5><strong><sup> S\u00f8ster Maria (Phan Thuy Dai)<\/sup><\/strong><\/h5>\n<h5><strong><sup> S\u00f8ster Anna (Anna Hoang)<\/sup><\/strong><\/h5>\n<h5><strong><sup> S\u00f8ster Anna Vy (Nguyen Dinh Kim Vy)<\/sup><\/strong><\/h5>\n<h5><sup> <strong> S\u00f8ster Agata (Nguyen Thi Tin)<\/strong><br \/>\n<\/sup><\/h5>\n<h4><strong>L\u00f8rdag, 17. juli 2021, Festmesse kl. 11.00<\/strong><br \/>\n<strong>ved Mgr. Biskop Bernt Eidsvig Can.Reg.<\/strong><br \/>\n<strong>Mgr. Francis Huynh Tan Hai<\/strong><br \/>\n<strong>husprest Pater Jo Neve SM m.fl.<br \/>\n<\/strong><strong><sup>hos <\/sup><sup> St. Josephs\u00f8strene, Gladsvei 23 0489 Oslo.<\/sup><\/strong><\/h4>\n<p>\u00a4\u00a4\u00a4\u00a4\u00a4\u00a4\u00a4\u00a4\u00a4\u00a4\u00a4\u00a4\u00a4\u00a4\u00a4\u00a4\u00a4\u00a4\u00a4\u00a4\u00a4\u00a4\u00a4\u00a4\u00a4\u00a4\u00a4\u00a4\u00a4\u00a4\u00a4\u00a4\u00a4\u00a4\u00a4\u00a4\u00a4\u00a4<br \/>\n<span lang=\"nb-NO\"><b> Hedwig -Marie Hergenhahn in Memoriam<\/b><\/span><\/p>\n<h3><a href=\"https:\/\/www.StJoseph.no\/wp-content\/uploads\/2021\/05\/IMG-20210616-WA0001.jpg-Hedwig-Marie-i-hagen.jpg\"><img loading=\"lazy\" decoding=\"async\" class=\"alignnone wp-image-6047\" src=\"https:\/\/www.StJoseph.no\/wp-content\/uploads\/2021\/05\/IMG-20210616-WA0001.jpg-Hedwig-Marie-i-hagen.jpg\" alt=\"\" width=\"254\" height=\"169\" srcset=\"https:\/\/www.StJoseph.no\/wp-content\/uploads\/2021\/05\/IMG-20210616-WA0001.jpg-Hedwig-Marie-i-hagen.jpg 1280w, https:\/\/www.StJoseph.no\/wp-content\/uploads\/2021\/05\/IMG-20210616-WA0001.jpg-Hedwig-Marie-i-hagen-300x200.jpg 300w, https:\/\/www.StJoseph.no\/wp-content\/uploads\/2021\/05\/IMG-20210616-WA0001.jpg-Hedwig-Marie-i-hagen-1024x683.jpg 1024w, https:\/\/www.StJoseph.no\/wp-content\/uploads\/2021\/05\/IMG-20210616-WA0001.jpg-Hedwig-Marie-i-hagen-768x512.jpg 768w\" sizes=\"auto, (max-width: 254px) 85vw, 254px\" \/><\/a><\/h3>\n<h5 class=\"western\" lang=\"nb-NO\" align=\"left\"><span lang=\"nb-NO\"><b>f\u00f8dt: 12.02.1948 i Frankfurt\/Main Tyskland,<br \/>\nd\u00f8de 16.06.21 p\u00e5 Grefsen<br \/>\n<\/b><\/span><\/h5>\n<h5 class=\"western\" lang=\"nb-NO\" align=\"left\"><span lang=\"nb-NO\"><b>Rekviem: Tirsdag 22. juni 2021, kl. 11.00 i Kapellet<br \/>\n<\/b><\/span><span lang=\"nb-NO\"><b>hos St. Josephs\u00f8strene, 3. etasje<br \/>\n<\/b><\/span><span lang=\"nb-NO\"><b>deretter begravelse p\u00e5 Grefsen kirkeg\u00e5rd<\/b><\/span><\/h5>\n<h5 class=\"western\" lang=\"nb-NO\" align=\"left\"><span lang=\"nb-NO\">p.g.a. corona trengs det en p\u00e5melding: provins@stjoseph.no<\/span><\/h5>\n<p class=\"western\" lang=\"nb-NO\" align=\"left\"><strong><span lang=\"nb-NO\">\u00abAlt st\u00e5r i Gud Faders h\u00e5nd&#8230;\u00bb<\/span><\/strong><\/p>\n<h5 class=\"western\" lang=\"nb-NO\" align=\"left\"><span lang=\"nb-NO\"><b>\u00c5 legge seg i Guds store h\u00e5nd!<br \/>\n<\/b><\/span><span lang=\"nb-NO\">Dette er en setning som kunne st\u00e5 over Sr. Hedwig-Maries liv.<br \/>\n<\/span><span lang=\"nb-NO\">Da hun var 21 \u00e5r, begynte hun som postulant hos St. Josephs\u00f8strene<br \/>\np\u00e5 St. Joseph Institutt i Oslo.<br \/>\n12.02.1948 ble hun f\u00f8dt i Frankfurt am Main\/Tyskland. I tiden som<br \/>\nnovise, juniorats\u00f8ster og fram til de evige l\u00f8fter i 1979 bodde hun<br \/>\nb\u00e5de p\u00e5 St. Joseph Institutt, Vor Frue Villa, V\u00e5r Frue Hospital og i<br \/>\nVen\u00e5sveien, Haugerud. <\/span><\/h5>\n<h5 class=\"western\" lang=\"nb-NO\" align=\"left\"><span lang=\"nb-NO\">Hun kom med en handelsskoleutdannelse i klosteret, tok realskole,<br \/>\nhjelpepleierutdannelse,datakurs, og <\/span><span lang=\"nb-NO\">NKI Arbeidslederskolen i Oslo.<br \/>\nS\u00e5 hadde hun <\/span><span lang=\"nb-NO\">8. m\u00e5neders Engelsk kurs i Dublin , CPE <\/span><span lang=\"nb-NO\">kurs i USA<br \/>\nog et fornyelses\u00e5r i 1975 i M\u00fcnchen. <\/span><\/h5>\n<h5 class=\"western\" lang=\"nb-NO\" align=\"left\"><span lang=\"nb-NO\">Hun har arbeidet b\u00e5de p\u00e5 V\u00e5r Frue Hospital fra 1976- 1981 <\/span><span lang=\"nb-NO\">og p\u00e5 v\u00e5r<br \/>\nsykeavdeling p\u00e5 Grefsen. Fra 1982 til 1987 arbeidet hun p\u00e5 retrettsentret<br \/>\np\u00e5 Nes\u00f8ya og var ogs\u00e5 ansatt p\u00e5 kontoret i St. Hallvard menighet.<br \/>\nFra 1987-1996 var hun i Tyskland og var ansatt p\u00e5 et pleiehjem i<br \/>\nSenden\/ Tyskland. Etter en kortere tid i Porsgrunn var hun i 2 \u00e5r leder<br \/>\np\u00e5 v\u00e5r sykeavdelingen p\u00e5 Grefsen. Fra 2002 til 2008 tilh\u00f8rte hun<br \/>\nkommuniteten i Lillestr\u00f8m, og var aktiv med i menighetens<br \/>\nGudstjenester, sangkoret og menighetsr\u00e5det . Fra 2002 til 2018 var<br \/>\nhun ansatt i Franziskushjelpen som \u00f8konomimedarbeider.<br \/>\nFra 2013 \u2013 2020 var hun forstanderinne for St. Josephs\u00f8strenes hjem<br \/>\np\u00e5 <\/span><span lang=\"nb-NO\">Grefsen og ble valgt inn i provinsstyret fra 2016-2021. <\/span><\/h5>\n<h5 class=\"western\" lang=\"nb-NO\" align=\"left\"><span lang=\"nb-NO\">I 2020 ble hun rammet av en alvorlig kreftsykdom.<br \/>\nHun d\u00f8de den 16. juni 2021 om morgenen kl. 3.30<br \/>\np\u00e5 v\u00e5r sykeavdeling, hvor hun hadde ligget det siste halve \u00e5ret.<br \/>\nNordre Aker hjemmetjeneste og ogs\u00e5 v\u00e5re ansatte innenfor<br \/>\nsykepleien gjorde en veldig god tjeneste hele denne tiden. <\/span><\/h5>\n<h5 class=\"western\" lang=\"nb-NO\" align=\"left\"><span lang=\"nb-NO\">Sr. Hedwig-Marie var en person av ikke mange ord.<br \/>\nMen hun hadde et godt og varmt smil som lot den andre v\u00e6re<br \/>\ndet den er. Den som fikk kontakt med henne hadde en<br \/>\ntrygg venn for livet. Noen satte s\u00e6rlig pris p\u00e5 hennes lune humor<br \/>\nog sl\u00e5ende, \u00e6rlige replikker. Hun var klok, kort og klar n\u00e5r hun<br \/>\nuttalte seg, og var helt klar inntil d\u00f8dens \u00f8yeblikk.<br \/>\nHun var en god lytter og det man betrodde henne, ble hos henne.<br \/>\nHun var glad i sommerfugler og samling av frimerker, som hennes<br \/>\nfar hadde en spesiell interesse for. Men hun kunne v\u00e6re ogs\u00e5<br \/>\ninnadvent og lukket, og da var hun bare privat og ikke s\u00e5 lett<br \/>\n\u00e5 f\u00e5 kontakt med.<br \/>\nHun var rolig og t\u00e5lte sin sykdom helt inntil det siste.Hun likte \u00e5<br \/>\nha kontroll p\u00e5 tingene og var sparsommelig.<br \/>\nHun ba til og med om \u00e5 sl\u00e5 av lyset p\u00e5 gangen n\u00e5r solen skinte,<br \/>\nselv om hun da allerede var veldig syk. <\/span><\/h5>\n<h5 class=\"western\" lang=\"nb-NO\" align=\"left\"><span lang=\"nb-NO\">Hun var veldig glad i klassisk musikk og likte \u00e5 h\u00f8re musikk.<br \/>\nHun hadde en fin sangstemme som hun har brukt i<br \/>\nmenighetssammenheng, b\u00e5de i Lillestr\u00f8m og som forsanger<br \/>\ni kommuniteten sammen med sr. Andrea.<\/span><\/h5>\n<h5 class=\"western\" lang=\"nb-NO\" align=\"left\"><span lang=\"nb-NO\">V\u00e5r Spiritualitet med den Ignatianske formen for stille retrett<br \/>\npasset veldig godt for henne. Ja, hun trengte ikke mange b\u00f8nner<br \/>\ntil slutt, men som hun sa:<br \/>\n<strong>\u00bb hun kunne legge seg trygt i Gud<\/strong><\/span><strong><span lang=\"nb-NO\">s s<\/span><\/strong><span lang=\"nb-NO\"><strong>tore h\u00e5nd.\u00bb<\/strong> <\/span><\/h5>\n<h5 class=\"western\" lang=\"nb-NO\" align=\"left\"><span lang=\"nb-NO\">Vi takker henne som meds\u00f8ster og venn, og \u00f8nsker henne at<br \/>\nhun hviler i <\/span><span lang=\"nb-NO\">Guds kj\u00e6rlighet og fred.<br \/>\nHun var veldig glad i v\u00e5re unge vietnamesiske s\u00f8stre,<br \/>\nog vi tror hun ble helt r\u00f8rt over at de sang ved hennes kiste<br \/>\ni v\u00e5rt b\u00e5rerom en vietnamesisk Mariasang. <\/span><\/h5>\n<h5 class=\"western\" lang=\"nb-NO\" align=\"left\"><span lang=\"nb-NO\">Vi ber om forb\u00f8nn for henne og hun vil v\u00e6re<br \/>\nv\u00e5r forbeder i himmelen.<\/span><\/h5>\n<p class=\"western\" lang=\"nb-NO\" align=\"left\"><strong>St. Josephs\u00f8strene<\/strong><\/p>\n<p lang=\"nb-NO\" align=\"left\">\u00a4\u00a4\u00a4\u00a4\u00a4\u00a4\u00a4\u00a4\u00a4\u00a4\u00a4\u00a4\u00a4\u00a4\u00a4\u00a4\u00a4\u00a4\u00a4\u00a4\u00a4\u00a4\u00a4\u00a4\u00a4\u00a4\u00a4\u00a4\u00a4\u00a4\u00a4\u00a4\u00a4\u00a4\u00a4\u00a4\u00a4\u00a4\u00a4\u00a4\u00a4\u00a4\u00a4<\/p>\n<p lang=\"nb-NO\"><span style=\"font-family: Comic Sans MS, cursive;\"><span style=\"font-size: small;\"><b>St.Joseph Retrettsenter<\/b><\/span><\/span><span style=\"font-family: Comic Sans MS, cursive;\"><span style=\"font-size: small;\"> eies av<br \/>\nSt. Josephs\u00f8strene, Den Norske Ordensprovins.<br \/>\nVi driver sentret i samarbeid med Maristpatrene<br \/>\nog noen veiledere som har f\u00e5tt trening hos<br \/>\nSt. Josephs\u00f8strene. <\/span><\/span><span style=\"font-family: Comic Sans MS, cursive;\"><span style=\"font-size: small;\">Disse veilederne har<br \/>\ngjennom lang tid <\/span><\/span><span style=\"font-family: Comic Sans MS, cursive;\"><span style=\"font-size: small;\">ogs\u00e5 <\/span><\/span><span style=\"font-family: Comic Sans MS, cursive;\"><span style=\"font-size: small;\"> deltatt i seminarer og<br \/>\nretrette<\/span><\/span><span style=\"font-family: Comic Sans MS, cursive;\"><span style=\"font-size: small;\">r <\/span><\/span><span style=\"font-family: Comic Sans MS, cursive;\"><span style=\"font-size: small;\">ledet av Jesuitter. Dessuten er de<br \/>\nogs\u00e5 deltagere i den norsk \/skandinaviske<br \/>\nManresa gruppen, som m\u00f8tes en gang per m\u00e5ned<br \/>\n&#8211; og en uke hvert \u00e5r &#8211; til videre utdanning og<br \/>\nfordypning av <\/span><\/span><span style=\"font-family: Comic Sans MS, cursive;\"><span style=\"font-size: small;\">I<\/span><\/span><span style=\"font-family: Comic Sans MS, cursive;\"><span style=\"font-size: small;\">gnatiansk <\/span><\/span><span style=\"font-family: Comic Sans MS, cursive;\"><span style=\"font-size: small;\">S<\/span><\/span><span style=\"font-family: Comic Sans MS, cursive;\"><span style=\"font-size: small;\">piritualitet.<br \/>\nDe er veiledere p\u00e5 Loyola senter <\/span><\/span><span style=\"font-family: Comic Sans MS, cursive;\"><span style=\"font-size: small;\">og <\/span><\/span><span style=\"font-family: Comic Sans MS, cursive;\"><span style=\"font-size: small;\">gir veiledning<br \/>\np\u00e5 v\u00e5re retretter og ogs\u00e5 utenom retrettene og<\/span><\/span><span style=\"font-family: Comic Sans MS, cursive;\"><span style=\"font-size: small;\"><br \/>\n<\/span><\/span><span style=\"font-family: Comic Sans MS, cursive;\"><span style=\"font-size: small;\">fremmer den <\/span><\/span><span style=\"font-family: Comic Sans MS, cursive;\"><span style=\"font-size: small;\">I<\/span><\/span><span style=\"font-family: Comic Sans MS, cursive;\"><span style=\"font-size: small;\">gnatianske veiledningstradisjon.<\/span><\/span><\/p>\n<p><span style=\"font-family: Monotype Corsiva, cursive;\"><span style=\"font-size: small;\">F\u00f8lgende personer danner n\u00e5 <\/span><\/span><span style=\"font-family: Monotype Corsiva, cursive;\"><span style=\"font-size: small;\">veileder<\/span><\/span><span style=\"font-family: Monotype Corsiva, cursive;\"><span style=\"font-size: small;\">teamet:<br \/>\n<\/span><\/span><span style=\"font-family: Monotype Corsiva, cursive;\"><span style=\"font-size: small;\">Prest <\/span><\/span><span style=\"font-family: Monotype Corsiva, cursive;\"><span style=\"font-size: small;\">Arne Sand, <\/span><\/span><span style=\"font-family: Monotype Corsiva, cursive;\"><span style=\"font-size: small;\">Bj\u00f8rg Eimstad, <\/span><\/span><span style=\"font-family: Monotype Corsiva, cursive;\"><span style=\"font-size: small;\">prest<\/span><\/span><span style=\"font-family: Monotype Corsiva, cursive;\"><span style=\"font-size: small;\"> Geir<br \/>\nGundersen, Hilde Reinertsen Myhrer,<br \/>\n<\/span><\/span><span style=\"font-family: Monotype Corsiva, cursive;\"><span style=\"font-size: small;\">Jeanine Rogge Ruyter,<\/span><\/span><span style=\"font-family: Monotype Corsiva, cursive;\"><span style=\"font-size: small;\"><br \/>\n<\/span><\/span><span style=\"font-family: Monotype Corsiva, cursive;\"><span style=\"font-size: small;\">Maristpatrene: <\/span><\/span><span style=\"font-family: Monotype Corsiva, cursive;\"><span style=\"font-size: small;\">P. Rory Mulligan, <\/span><\/span><span style=\"font-family: Monotype Corsiva, cursive;\"><span style=\"font-size: small;\">P.<\/span><\/span><span style=\"font-family: Monotype Corsiva, cursive;\"><span style=\"font-size: small;\"> Erik Ruud<br \/>\n<\/span><\/span><span style=\"font-family: Monotype Corsiva, cursive;\"><span style=\"font-size: small;\">og St. Josephs\u00f8strene: <\/span><\/span><span style=\"font-family: Monotype Corsiva, cursive;\"><span style=\"font-size: small;\">Sr. Anette Moltubakk<br \/>\nog <\/span><\/span><span style=\"font-family: Monotype Corsiva, cursive;\"><span style=\"font-size: small;\">S<\/span><\/span><span style=\"font-family: Monotype Corsiva, cursive;\"><span style=\"font-size: small;\">r. Marit Brinkmann.<\/span><\/span><\/p>\n<p><strong><span style=\"font-family: Garamond, serif;\"><span style=\"font-size: small;\">Vi tilbyr b\u00e5de helgeretretter fra torsdag<br \/>\ntil s\u00f8ndag <\/span><\/span><\/strong><strong><span style=\"font-family: Garamond, serif;\"><span style=\"font-size: small;\">eller om det er \u00f8nskelig <\/span><\/span><\/strong><strong><span style=\"font-family: Garamond, serif;\"><span style=\"font-size: small;\">fra fredag<br \/>\ntil s\u00f8ndag <\/span><\/span><\/strong><strong><span style=\"font-family: Garamond, serif;\"><span style=\"font-size: small;\">og <\/span><\/span><\/strong><strong><span style=\"font-family: Garamond, serif;\"><span style=\"font-size: small;\">10 dagers <\/span><\/span><\/strong><strong><span style=\"font-family: Garamond, serif;\"><span style=\"font-size: small;\">retretter.<\/span><\/span><\/strong><span style=\"font-family: Garamond, serif;\"><span style=\"font-size: small;\"><br \/>\n<\/span><\/span><strong><span style=\"font-family: Garamond, serif;\"><span style=\"font-size: small;\">(for studenter og ungdommer 30% rabatt)<\/span><\/span><\/strong><span style=\"font-family: Garamond, serif;\"><span style=\"font-size: small;\"><br \/>\n<\/span><\/span><span style=\"font-family: Garamond, serif;\"><br \/>\n\u00ab<\/span><span style=\"font-family: Garamond, serif;\"><span style=\"font-size: medium;\"><b>F\u00e5 mennesker aner hva Gud kunne gj\u00f8re<br \/>\nut av dem, om de bare uten forbehold ville<br \/>\novergi seg til n\u00e5dens ledelse, om de tok av-<br \/>\nstand fra sin egoisme og overgav seg helt i<br \/>\nden guddommelige mesters hender, s\u00e5 han<br \/>\nkunne forme deres sjeler<\/b><\/span><\/span><span style=\"font-family: Garamond, serif;\"><span style=\"font-size: small;\"><b>.\u00bb<\/b><\/span><\/span><span style=\"font-family: Garamond, serif;\"><span style=\"font-size: xx-small;\"><b><br \/>\n<\/b><\/span><\/span><span style=\"font-family: Garamond, serif;\"><span style=\"font-size: small;\"><b>(Ignatius av Loyola 1491-1556)<\/b><\/span><\/span><\/p>\n<h6 lang=\"nb-NO\"><span style=\"color: #0000ff;\"><span style=\"font-family: Garamond, serif;\"><span style=\"font-size: large;\"><u><b>R E T R E T T E R 20<\/b><\/u><\/span><\/span><\/span><span style=\"color: #0000ff;\"><span style=\"font-family: Garamond, serif;\"><span style=\"font-size: large;\"><u><b>2<\/b><\/u><\/span><\/span><\/span><span style=\"color: #0000ff;\"><span style=\"font-family: Garamond, serif;\"><span style=\"font-size: large;\"><u><b>1<\/b><\/u><\/span><\/span><\/span><b> <\/b><span style=\"color: #0000ff;\"><span style=\"font-family: Garamond, serif;\"><span style=\"font-size: large;\"><b><br \/>\n<\/b><\/span><\/span><\/span><span style=\"color: #000000;\"><span style=\"font-family: Garamond, serif;\"><span style=\"font-size: small;\"><b>Tors 2<\/b><\/span><\/span><\/span><span style=\"color: #000000;\"><span style=\"font-family: Garamond, serif;\"><span style=\"font-size: small;\"><b>1<\/b><\/span><\/span><\/span><span style=\"color: #000000;\"><span style=\"font-family: Garamond, serif;\"><span style=\"font-size: small;\"><b>. &#8211; S\u00f8n <\/b><\/span><\/span><\/span><span style=\"color: #000000;\"><span style=\"font-family: Garamond, serif;\"><span style=\"font-size: small;\"><b>24<\/b><\/span><\/span><\/span><span style=\"color: #000000;\"><span style=\"font-family: Garamond, serif;\"><span style=\"font-size: small;\"><b>. jan<\/b><\/span><\/span><\/span><span style=\"color: #000000;\"><span style=\"font-family: Garamond, serif;\"><span style=\"font-size: small;\"><b>uar<\/b><\/span><\/span><\/span><b> <\/b><span style=\"color: #000000;\"><span style=\"font-family: Garamond, serif;\"><span style=\"font-size: small;\"><b><br \/>\nkr 2<\/b><\/span><\/span><\/span><span style=\"color: #000000;\"><span style=\"font-family: Garamond, serif;\"><span style=\"font-size: small;\"><b>5<\/b><\/span><\/span><\/span><span style=\"color: #000000;\"><span style=\"font-family: Garamond, serif;\"><span style=\"font-size: small;\"><b>00,&#8211; P. Rory SM, P. Erik SM<\/b><\/span><\/span><\/span><span style=\"color: #000000;\"><span style=\"font-family: Garamond, serif;\"><span style=\"font-size: medium;\"><b><br \/>\n<\/b><\/span><\/span><\/span>(avlyst p.g.a. corona)<\/h6>\n<h6 lang=\"nb-NO\"><span style=\"color: #000000;\"><span style=\"font-family: Garamond, serif;\"><span style=\"font-size: small;\"><b>Tors 1<\/b><\/span><\/span><\/span><span style=\"color: #000000;\"><span style=\"font-family: Garamond, serif;\"><span style=\"font-size: small;\"><b>1<\/b><\/span><\/span><\/span><span style=\"color: #000000;\"><span style=\"font-family: Garamond, serif;\"><span style=\"font-size: small;\"><b>. &#8211; <\/b><\/span><\/span><\/span><span style=\"color: #000000;\"><span style=\"font-family: Garamond, serif;\"><span style=\"font-size: small;\"><b>S\u00f8n 1<\/b><\/span><\/span><\/span><span style=\"color: #000000;\"><span style=\"font-family: Garamond, serif;\"><span style=\"font-size: small;\"><b>4<\/b><\/span><\/span><\/span><span style=\"color: #000000;\"><span style=\"font-family: Garamond, serif;\"><span style=\"font-size: small;\"><b>. februar<br \/>\n<\/b><\/span><\/span><\/span><span style=\"color: #000000;\"><span style=\"font-family: Garamond, serif;\"><span style=\"font-size: small;\"><b>kr 2<\/b><\/span><\/span><\/span><span style=\"color: #000000;\"><span style=\"font-family: Garamond, serif;\"><span style=\"font-size: small;\"><b>5<\/b><\/span><\/span><\/span><span style=\"color: #000000;\"><span style=\"font-family: Garamond, serif;\"><span style=\"font-size: small;\"><b>00,&#8211; <\/b><\/span><\/span><\/span><span style=\"color: #000000;\"><span style=\"font-family: Garamond, serif;\"><span style=\"font-size: small;\"><b>Sr. Anette <\/b><\/span><\/span><\/span><span style=\"color: #000000;\"><span style=\"font-family: Garamond, serif;\"><span style=\"font-size: small;\"><b>CSJ<\/b><\/span><\/span><\/span><span style=\"color: #000000;\"><span style=\"font-family: Garamond, serif;\"><span style=\"font-size: small;\"><b> og P. Erik <\/b><\/span><\/span><\/span><span style=\"color: #000000;\"><span style=\"font-family: Garamond, serif;\"><span style=\"font-size: small;\"><b>SM<br \/>\n(avlyst p.g.a. corona)<br \/>\n<\/b><\/span><\/span><\/span><\/h6>\n<p lang=\"nb-NO\"><b><\/b><span style=\"color: #990099;\"><span style=\"font-family: Garamond, serif;\"><span style=\"font-size: medium;\"><b>RETRETTER I FASTETIDEN<\/b><\/span><\/span><\/span><span style=\"color: #000000;\"><span style=\"font-family: Garamond, serif;\"><span style=\"font-size: medium;\"><b><br \/>\n<\/b><\/span><\/span><\/span><span style=\"color: #990099;\"><span style=\"font-family: Garamond, serif;\"><span style=\"font-size: small;\"><b>Tors <\/b><\/span><\/span><\/span><span style=\"color: #990099;\"><span style=\"font-family: Garamond, serif;\"><span style=\"font-size: small;\"><b>2<\/b><\/span><\/span><\/span><span style=\"color: #990099;\"><span style=\"font-family: Garamond, serif;\"><span style=\"font-size: small;\"><b>5<\/b><\/span><\/span><\/span><span style=\"color: #990099;\"><span style=\"font-family: Garamond, serif;\"><span style=\"font-size: small;\"><b>.- S\u00f8n <\/b><\/span><\/span><\/span><span style=\"color: #990099;\"><span style=\"font-family: Garamond, serif;\"><span style=\"font-size: small;\"><b>28. februar<\/b><\/span><\/span><\/span><span style=\"color: #990099;\"><span style=\"font-family: Garamond, serif;\"><span style=\"font-size: small;\"><b><br \/>\nkr 2<\/b><\/span><\/span><\/span><span style=\"color: #990099;\"><span style=\"font-family: Garamond, serif;\"><span style=\"font-size: small;\"><b>5<\/b><\/span><\/span><\/span><span style=\"color: #990099;\"><span style=\"font-family: Garamond, serif;\"><span style=\"font-size: small;\"><b>00,-<\/b><\/span><\/span><\/span><span style=\"color: #990099;\"><span style=\"font-family: Garamond, serif;\"><span style=\"font-size: small;\"><b>&#8211;<\/b><\/span><\/span><\/span><b> <\/b><span style=\"color: #990099;\"><span style=\"font-family: Garamond, serif;\"><span style=\"font-size: small;\"><b>Sr. Marit <\/b><\/span><\/span><\/span><span style=\"color: #990099;\"><span style=\"font-family: Garamond, serif;\"><span style=\"font-size: small;\"><b>CSJ<\/b><\/span><\/span><\/span><span style=\"color: #990099;\"><span style=\"font-family: Garamond, serif;\"><span style=\"font-size: small;\"><b> og Bj\u00f8rg Eimstad<\/b><\/span><\/span><\/span><span style=\"color: #990099;\"><span style=\"font-family: Garamond, serif;\"><span style=\"font-size: small;\"><b><br \/>\n<\/b><\/span><\/span><\/span><span style=\"color: #990099;\"><span style=\"font-family: Garamond, serif;\"><span style=\"font-size: small;\"><b>P. Jo Neve <\/b><\/span><\/span><\/span><span style=\"color: #990099;\"><span style=\"font-family: Garamond, serif;\"><span style=\"font-size: small;\"><b>SM, <\/b><\/span><\/span><\/span><span style=\"color: #990099;\"><span style=\"font-family: Garamond, serif;\"><span style=\"font-size: small;\"><b>l<\/b><\/span><\/span><\/span><span style=\"color: #990099;\"><span style=\"font-family: Garamond, serif;\"><span style=\"font-size: small;\"><b>iturg <\/b><\/span><\/span><\/span><span style=\"color: #990099;\"><span style=\"font-family: Garamond, serif;\"><span style=\"font-size: small;\"><b><br \/>\n(avlyst p.g.a. corona)<br \/>\n<\/b><\/span><\/span><\/span><span style=\"color: #990099;\"><span style=\"font-family: Garamond, serif;\"><span style=\"font-size: small;\"><b>Tors <\/b><\/span><\/span><\/span><span style=\"color: #990099;\"><span style=\"font-family: Garamond, serif;\"><span style=\"font-size: small;\"><b>11<\/b><\/span><\/span><\/span><span style=\"color: #990099;\"><span style=\"font-family: Garamond, serif;\"><span style=\"font-size: small;\"><b>. <\/b><\/span><\/span><\/span><span style=\"color: #990099;\"><span style=\"font-family: Garamond, serif;\"><span style=\"font-size: small;\"><b>&#8211; S\u00f8ndag <\/b><\/span><\/span><\/span><span style=\"color: #990099;\"><span style=\"font-family: Garamond, serif;\"><span style=\"font-size: small;\"><b>14. <\/b><\/span><\/span><\/span><span style=\"color: #990099;\"><span style=\"font-family: Garamond, serif;\"><span style=\"font-size: small;\"><b>mars<br \/>\nkr 2<\/b><\/span><\/span><\/span><span style=\"color: #990099;\"><span style=\"font-family: Garamond, serif;\"><span style=\"font-size: small;\"><b>5<\/b><\/span><\/span><\/span><span style=\"color: #990099;\"><span style=\"font-family: Garamond, serif;\"><span style=\"font-size: small;\"><b>00,&#8211; <\/b><\/span><\/span><\/span><span style=\"color: #990099;\"><span style=\"font-family: Garamond, serif;\"><span style=\"font-size: small;\"><b>Jeanine R. Ruyter og Hilde R. Myhrer<br \/>\nP. Jo Neve SM, liturg<br \/>\n(avlyst p.g.a. corona)<br \/>\n<\/b><\/span><\/span><\/span><span style=\"color: #990099;\"><span style=\"font-family: Garamond, serif;\"><span style=\"font-size: small;\"><b>Fre <\/b><\/span><\/span><\/span><span style=\"color: #990099;\"><span style=\"font-family: Garamond, serif;\"><span style=\"font-size: small;\"><b>26<\/b><\/span><\/span><\/span><span style=\"color: #990099;\"><span style=\"font-family: Garamond, serif;\"><span style=\"font-size: small;\"><b>. &#8211; S\u00f8ndag <\/b><\/span><\/span><\/span><span style=\"color: #990099;\"><span style=\"font-family: Garamond, serif;\"><span style=\"font-size: small;\"><b>28<\/b><\/span><\/span><\/span><span style=\"color: #990099;\"><span style=\"font-family: Garamond, serif;\"><span style=\"font-size: small;\"><b>. mars<br \/>\nMedvandrer (lukket gruppe)<\/b><\/span><\/span><\/span><span style=\"color: #990099;\"><span style=\"font-family: Garamond, serif;\"><span style=\"font-size: small;\"><b><br \/>\n(avlyst p.g.a. corona)<br \/>\nMan <\/b><\/span><\/span><\/span><span style=\"color: #990099;\"><span style=\"font-family: Garamond, serif;\"><span style=\"font-size: small;\"><b>15<\/b><\/span><\/span><\/span><span style=\"color: #990099;\"><span style=\"font-family: Garamond, serif;\"><span style=\"font-size: small;\"><b>. &#8211;<\/b><\/span><\/span><\/span><span style=\"color: #990099;\"><span style=\"font-family: Garamond, serif;\"><span style=\"font-size: small;\"><b>Tors <\/b><\/span><\/span><\/span><span style=\"color: #990099;\"><span style=\"font-family: Garamond, serif;\"><span style=\"font-size: small;\"><b>18<\/b><\/span><\/span><\/span><span style=\"color: #990099;\"><span style=\"font-family: Garamond, serif;\"><span style=\"font-size: small;\"><b>. <\/b><\/span><\/span><\/span><span style=\"color: #990099;\"><span style=\"font-family: Garamond, serif;\"><span style=\"font-size: small;\"><b>april<\/b><\/span><\/span><\/span><span style=\"color: #990099;\"><span style=\"font-family: Garamond, serif;\"><span style=\"font-size: small;\"><b><br \/>\nkr 2<\/b><\/span><\/span><\/span><span style=\"color: #990099;\"><span style=\"font-family: Garamond, serif;\"><span style=\"font-size: small;\"><b>5<\/b><\/span><\/span><\/span><span style=\"color: #990099;\"><span style=\"font-family: Garamond, serif;\"><span style=\"font-size: small;\"><b>00,&#8211;Prest Arne Sand og P. Rory <\/b><\/span><\/span><\/span><span style=\"color: #990099;\"><span style=\"font-family: Garamond, serif;\"><span style=\"font-size: small;\"><b>SM<\/b><\/span><\/span><\/span><span style=\"color: #990099;\"><span style=\"font-family: Garamond, serif;\"><span style=\"font-size: small;\"><b><br \/>\n(avlyst p.g.a. corona)<br \/>\n<\/b><\/span><\/span><\/span><span style=\"color: #006600;\"><span style=\"font-family: Garamond, serif;\"><span style=\"font-size: large;\"><b>10 dagers retrett<\/b><\/span><\/span><\/span><span style=\"color: #006600;\"><span style=\"font-family: Garamond, serif;\"><span style=\"font-size: large;\"><b>er:<\/b><\/span><\/span><\/span><span style=\"color: #006600;\"><span style=\"font-family: Garamond, serif;\"><span style=\"font-size: small;\"><b><br \/>\n<\/b><\/span><\/span><\/span><span style=\"color: #006600;\"><span style=\"font-family: Garamond, serif;\"><span style=\"font-size: small;\"><b>Fre 2<\/b><\/span><\/span><\/span><span style=\"color: #006600;\"><span style=\"font-family: Garamond, serif;\"><span style=\"font-size: small;\"><b>3<\/b><\/span><\/span><\/span><span style=\"color: #006600;\"><span style=\"font-family: Garamond, serif;\"><span style=\"font-size: small;\"><b>. april &#8211; S\u00f8n <\/b><\/span><\/span><\/span><span style=\"color: #006600;\"><span style=\"font-family: Garamond, serif;\"><span style=\"font-size: small;\"><b>2<\/b><\/span><\/span><\/span><span style=\"color: #006600;\"><span style=\"font-family: Garamond, serif;\"><span style=\"font-size: small;\"><b>. mai<br \/>\nkr 6<\/b><\/span><\/span><\/span><span style=\"color: #006600;\"><span style=\"font-family: Garamond, serif;\"><span style=\"font-size: small;\"><b>500<\/b><\/span><\/span><\/span><span style=\"color: #006600;\"><span style=\"font-family: Garamond, serif;\"><span style=\"font-size: small;\"><b>,&#8211; Sr. Anette <\/b><\/span><\/span><\/span><span style=\"color: #006600;\"><span style=\"font-family: Garamond, serif;\"><span style=\"font-size: small;\"><b>CSJ <\/b><\/span><\/span><\/span><span style=\"color: #006600;\"><span style=\"font-family: Garamond, serif;\"><span style=\"font-size: small;\"><b>og prest Geir Gundersen<br \/>\nP. Jo Neve SM, liturg<br \/>\n(avlyst p.g.a. corona)<br \/>\n<\/b><\/span><\/span><\/span><span style=\"color: #006600;\"><span style=\"font-family: Garamond, serif;\"><span style=\"font-size: small;\"><b>Son 30.mai<\/b><\/span><\/span><\/span><span style=\"color: #006600;\"><span style=\"font-family: Garamond, serif;\"><span style=\"font-size: small;\"><b>&#8211; 5. juni (lukket gruppe)avlyst corona<\/b><\/span><\/span><\/span><b><\/b><\/p>\n<p><b><\/b><span style=\"color: #006600;\"><span style=\"font-family: Garamond, serif;\"><span style=\"font-size: medium;\"><b>Ons 1.sept-l\u00f8r 4. sept. <\/b><\/span><\/span><\/span><span style=\"color: #000000;\"><span style=\"font-family: Garamond, serif;\"><span style=\"font-size: small;\"><br \/>\nSkandinavisk Manresagruppe <\/span><\/span><\/span><span style=\"color: #000000;\"><span style=\"font-family: Garamond, serif;\"><span style=\"font-size: small;\">(lukket gruppe)<\/span><\/span><\/span><span style=\"color: #000000;\"><span style=\"font-family: Garamond, serif;\"><span style=\"font-size: small;\"><br \/>\n<\/span><\/span><\/span><span style=\"color: #000000;\"><span style=\"font-family: Garamond, serif;\"><span style=\"font-size: small;\">P. <\/span><\/span><\/span><span style=\"color: #000000;\"><span style=\"font-family: Garamond, serif;\"><span style=\"font-size: small;\">Rainer Carls SJ, <\/span><\/span><\/span><span style=\"color: #000000;\"><span style=\"font-family: Garamond, serif;\"><span style=\"font-size: small;\">liturg og innleder<br \/>\n<\/span><\/span><\/span><span style=\"color: #990099;\"><span style=\"font-family: Garamond, serif;\"><span style=\"font-size: medium;\"><b><br \/>\n<\/b><\/span><\/span><\/span><span style=\"color: #996600;\"><span style=\"font-family: Garamond, serif;\"><span style=\"font-size: small;\"><b>Tors 1<\/b><\/span><\/span><\/span><span style=\"color: #996600;\"><span style=\"font-family: Garamond, serif;\"><span style=\"font-size: small;\"><b>6<\/b><\/span><\/span><\/span><span style=\"color: #996600;\"><span style=\"font-family: Garamond, serif;\"><span style=\"font-size: small;\"><b>. &#8211; S\u00f8n <\/b><\/span><\/span><\/span><span style=\"color: #996600;\"><span style=\"font-family: Garamond, serif;\"><span style=\"font-size: small;\"><b>19<\/b><\/span><\/span><\/span><span style=\"color: #996600;\"><span style=\"font-family: Garamond, serif;\"><span style=\"font-size: small;\"><b>. september<br \/>\nkr 2<\/b><\/span><\/span><\/span><span style=\"color: #996600;\"><span style=\"font-family: Garamond, serif;\"><span style=\"font-size: small;\"><b>5<\/b><\/span><\/span><\/span><span style=\"color: #996600;\"><span style=\"font-family: Garamond, serif;\"><span style=\"font-size: small;\"><b>00,&#8211;Jeanine R. Ruyter og Hilde R. Myhrer<br \/>\nP. Jo Neve SM, <\/b><\/span><\/span><\/span><span style=\"color: #996600;\"><span style=\"font-family: Garamond, serif;\"><span style=\"font-size: small;\"><b>liturg<\/b><\/span><\/span><\/span><\/p>\n<p>Medvandrer retrett 4.-7. november 2021<\/p>\n<p>RETRETT \u00d8STRE BORGESYSSEL 25.-28. OKT 2021<\/p>\n<p>OG NEDRE ROMERIKE 9.-11. November 2021<\/p>\n<p lang=\"nb-NO\"><span style=\"color: #990099;\"><span style=\"font-family: Garamond, serif;\"><span style=\"font-size: medium;\"><b>RETRETT I ADVENTSTIDEN<br \/>\n<\/b><\/span><\/span><\/span><\/p>\n<p lang=\"nb-NO\"><span style=\"font-family: Garamond, serif;\"><span style=\"font-size: medium;\"><b>V\u00e6r lydh\u00f8r!<\/b><\/span><\/span><\/p>\n<p lang=\"nb-NO\"><span style=\"font-family: Garamond, serif;\"><span style=\"font-size: medium;\"><b>H<\/b><\/span><\/span><span style=\"font-family: Garamond, serif;\"><span style=\"font-size: medium;\"><b>erren er n\u00e6r!<\/b><\/span><\/span><\/p>\n<p lang=\"nb-NO\"><span style=\"font-size: small;\"><span style=\"color: #990099;\"><span style=\"font-family: Garamond, serif;\"><b>T<\/b><\/span><\/span><span style=\"color: #990099;\"><span style=\"font-family: Garamond, serif;\"><b>ors 25.-S\u00f8n 28. <\/b><\/span><\/span><span style=\"color: #990099;\"><span style=\"font-family: Garamond, serif;\"><b>n<\/b><\/span><\/span><span style=\"color: #990099;\"><span style=\"font-family: Garamond, serif;\"><b>ovember<br \/>\nkr 2500,&#8211; Bj\u00f8rg Eimstad og P. Rory <\/b><\/span><\/span><span style=\"color: #990099;\"><span style=\"font-family: Garamond, serif;\"><b>SM<\/b><\/span><\/span><\/span><\/p>\n<p lang=\"nb-NO\"><span style=\"font-size: small;\"><span style=\"color: #990099;\"><span style=\"font-family: Garamond, serif;\"><b>Tors 2. &#8211; <\/b><\/span><\/span><span style=\"color: #990099;\"><span style=\"font-family: Garamond, serif;\"><b>S\u00f8n 5. <\/b><\/span><\/span><span style=\"color: #990099;\"><span style=\"font-family: Garamond, serif;\"><b>d<\/b><\/span><\/span><span style=\"color: #990099;\"><span style=\"font-family: Garamond, serif;\"><b>esember<\/b><\/span><\/span><span style=\"color: #990099;\"><span style=\"text-decoration: line-through;\"><span style=\"font-family: Garamond, serif;\"><b><br \/>\n<\/b><\/span><\/span><\/span><span style=\"color: #990099;\"><span style=\"font-family: Garamond, serif;\"><b>kr 2500,- Sr. Marit <\/b><\/span><\/span><span style=\"color: #990099;\"><span style=\"font-family: Garamond, serif;\"><b>CSJ<\/b><\/span><\/span><span style=\"color: #990099;\"><span style=\"font-family: Garamond, serif;\"><b> og P. Rory <\/b><\/span><\/span><span style=\"color: #990099;\"><span style=\"font-family: Garamond, serif;\"><b>SM<\/b><\/span><\/span><\/span><\/p>\n<p lang=\"nb-NO\"><span style=\"color: #990099;\"><span style=\"font-family: Garamond, serif;\"><span style=\"font-size: small;\"><b>Tors den 9. S\u00f8n den 12. desember<br \/>\nkr 2500,-Sr. Valborg\u00a0 CSJ og P. Rory SM<\/b><\/span><\/span><\/span><\/p>\n<p lang=\"nb-NO\"><span style=\"color: #990099;\"><span style=\"font-family: Garamond, serif;\"><span style=\"font-size: small;\"><b>Torsdag 4.-7. november 2021<br \/>\nMedvandrer retrett (lukket gruppe)<\/b><\/span><\/span><\/span><\/p>\n<p>\u00a4\u00a4\u00a4\u00a4\u00a4\u00a4\u00a4\u00a4\u00a4\u00a4\u00a4\u00a4\u00a4\u00a4\u00a4\u00a4\u00a4\u00a4\u00a4\u00a4\u00a4\u00a4\u00a4\u00a4\u00a4\u00a4\u00a4\u00a4\u00a4\u00a4\u00a4\u00a4\u00a4\u00a4\u00a4\u00a4\u00a4\u00a4\u00a4\u00a4\u00a4\u00a4<\/p>\n<p><strong>En gledelig begivenhet hos St. Josephs\u00f8strene!<\/strong><\/p>\n<h2 lang=\"nb-NO\"><strong><img loading=\"lazy\" decoding=\"async\" class=\"alignleft wp-image-5996\" src=\"https:\/\/www.StJoseph.no\/wp-content\/uploads\/2021\/03\/20210405_180339.jpg-Marit-postulatsbegynnelse-5.4.2021-225x300.jpg\" alt=\"\" width=\"201\" height=\"268\" srcset=\"https:\/\/www.StJoseph.no\/wp-content\/uploads\/2021\/03\/20210405_180339.jpg-Marit-postulatsbegynnelse-5.4.2021-225x300.jpg 225w, https:\/\/www.StJoseph.no\/wp-content\/uploads\/2021\/03\/20210405_180339.jpg-Marit-postulatsbegynnelse-5.4.2021.jpg 638w\" sizes=\"auto, (max-width: 201px) 85vw, 201px\" \/><\/strong><\/h2>\n<h4><\/h4>\n<h4><\/h4>\n<h5>Marit Steinsli ble tatt imot som postulant<\/h5>\n<h5>p\u00e5 2. P\u00e5skedag den 05.04.2021<\/h5>\n<h5>i en enkel ordetsliturgi.<\/h5>\n<h5><\/h5>\n<h5><strong>Vi gratulerer\u00a0 og ber om forb\u00f8nn!<\/strong><\/h5>\n<h4>St. Josephs\u00f8strene<\/h4>\n<h5 lang=\"nb-NO\">Har du kanskje et klosterkall og \u00f8nsker du \u00e5 f\u00e5 mer avklaring p\u00e5 det,<br \/>\ns\u00e5 er det anledning \u00e5 bo sammen med oss for en stund.<br \/>\nKontakt: Sr. Anette tel: 23400935.<\/h5>\n<p>\u00a4\u00a4\u00a4\u00a4\u00a4\u00a4\u00a4\u00a4\u00a4\u00a4\u00a4\u00a4\u00a4\u00a4\u00a4\u00a4\u00a4\u00a4\u00a4\u00a4\u00a4\u00a4\u00a4\u00a4\u00a4\u00a4\u00a4\u00a4\u00a4\u00a4\u00a4\u00a4\u00a4\u00a4\u00a4\u00a4\u00a4\u00a4\u00a4\u00a4\u00a4\u00a4\u00a4\u00a4\u00a4\u00a4\u00a4\u00a4\u00a4\u00a4\u00a4\u00a4\u00a4\u00a4\u00a4\u00a4<\/p>\n<h4 class=\"western\" lang=\"nb-NO\"><span lang=\"nb-NO\">\u00a0<\/span>Jubel\u00e5r for den hl. Joseph<\/h4>\n<h2><img loading=\"lazy\" decoding=\"async\" class=\"alignleft wp-image-5159\" src=\"https:\/\/www.StJoseph.no\/wp-content\/uploads\/2018\/03\/St-Joseph.jpgrev.-171x300.jpg\" alt=\"\" width=\"160\" height=\"281\" srcset=\"https:\/\/www.StJoseph.no\/wp-content\/uploads\/2018\/03\/St-Joseph.jpgrev.-171x300.jpg 171w, https:\/\/www.StJoseph.no\/wp-content\/uploads\/2018\/03\/St-Joseph.jpgrev..jpg 298w\" sizes=\"auto, (max-width: 160px) 85vw, 160px\" \/><\/h2>\n<h4>Den 8. desember, p\u00e5 h\u00f8ytiden for Marias<br \/>\nuplettede unnfangelse, kom pave<br \/>\nFrans\u2019 apostoliske brev \u00abPatris corde\u00bb,<br \/>\nalts\u00e5 \u00abmed et farshjerte\u00bb.<br \/>\nDette er pavens refleksjoner om den hellige<br \/>\nJosef, som n\u00e5 har v\u00e6rt hele Kirkens<br \/>\nvernehelgen i 150 \u00e5r.<br \/>\nBrevet best\u00e5r av sju punkter samt innledning<br \/>\nog avslutning.<br \/>\nHer f\u00f8lger en oversettelse av innledningen.<\/h4>\n<h4><a href=\"https:\/\/www.stjoseph.no\/?page_id=5702\">Jubel\u00e5r for den hl. Joseph<\/a><\/h4>\n<h4 align=\"center\"><\/h4>\n<h5 class=\"western\"><b>B\u00f8nner til den hl. Joseph.<\/b><\/h5>\n<h5>Herre, vi ber deg: Hjelp oss ved den hellige Josephs<br \/>\nfortjenester, han som var din hellige mors brudgom.<br \/>\nGi oss p\u00e5 hans forb\u00f8nn det vi av egen kraft ikke<br \/>\nkan oppn\u00e5.<br \/>\nDu som lever og r\u00e5der i all evighet. Amen<\/h5>\n<h5>Gud, allmektige Skaper, du har satt arbeidet opp<br \/>\nsom lov for menneskene. Gi oss n\u00e5de til \u00e5 fullf\u00f8re<br \/>\nde arbeider du p\u00e5legger oss, etter den hellige Josephs<br \/>\neksempel og under hans vern, s\u00e5 vi kan oppn\u00e5<br \/>\nden l\u00f8nn du lover. Ved Kristus, v\u00e5r Herre. Amen<\/h5>\n<h5>Gud, etter ditt ufattelige forsyn har du i n\u00e5de<br \/>\nvalgt den salige Joseph til brudgom for din hellige mor.<br \/>\nGi oss, vi ber deg, \u00e5 ha som talsmann i himmelen<br \/>\nham som vi her p\u00e5 jorden \u00e6rer som v\u00e5r verge.<br \/>\nDu som lever og hersker i all evighet, Amen<\/h5>\n<h5>Allmektige Gud, da tiden for menneskeslektenes<br \/>\ngjenl\u00f8sning var kommet, betrodde du v\u00e5r Frelser i den<br \/>\nsalige Josephs varetekt. Vi ber deg, hjelp din Kirke,<br \/>\np\u00e5 hans forb\u00f8nn, alltid \u00e5 v\u00e5ke over fullbyrdelsen<br \/>\nav frelsens mysterium.<br \/>\nVed Kristus, v\u00e5r Herre. Amen<\/h5>\n<h5>\u00a4\u00a4\u00a4\u00a4\u00a4\u00a4\u00a4\u00a4\u00a4\u00a4\u00a4\u00a4\u00a4\u00a4\u00a4\u00a4\u00a4\u00a4\u00a4\u00a4\u00a4\u00a4\u00a4\u00a4\u00a4\u00a4\u00a4\u00a4\u00a4\u00a4\u00a4\u00a4\u00a4\u00a4\u00a4\u00a4\u00a4\u00a4\u00a4\u00a4\u00a4\u00a4\u00a4\u00a4\u00a4\u00a4\u00a4\u00a4\u00a4\u00a4\u00a4\u00a4\u00a4\u00a4<\/h5>\n<h5><strong>ST. JOSEPH RETRETTSENTER <a href=\"http:\/\/www.stjoseph.no\/?page_id=651\">(les mer)<\/a><\/strong><\/h5>\n<h5><strong>Loyola Senter<\/strong> <span lang=\"zxx\"><a href=\"http:\/\/www.stjoseph.no\/?page_id=3358\">(les mer)<\/a><\/span><\/h5>\n<h5>\u00a4\u00a4\u00a4\u00a4\u00a4\u00a4\u00a4\u00a4\u00a4\u00a4\u00a4\u00a4\u00a4\u00a4\u00a4\u00a4\u00a4\u00a4\u00a4\u00a4\u00a4\u00a4\u00a4\u00a4\u00a4\u00a4\u00a4\u00a4\u00a4\u00a4\u00a4\u00a4\u00a4\u00a4\u00a4\u00a4\u00a4\u00a4\u00a4\u00a4\u00a4\u00a4\u00a4\u00a4\u00a4\u00a4\u00a4\u00a4\u00a4\u00a4\u00a4\u00a4\u00a4<br \/>\nKORSVEIEN<\/h5>\n<h5><em><strong>1. Stasjon: Klar til \u00e5 g\u00e5 korsveien<\/strong><\/em><\/h5>\n<h5><strong><em>\u201dMin mat, det er \u00e5 gj\u00f8re hans vilje som har sendt meg,<br \/>\nog utf\u00f8re hans verk.\u201d Joh. 4,34<br \/>\nJesus, du viser oss dine bundne hender. Du vil v\u00e6re<br \/>\nhelt til Faderens disposisjon. Bundet til hans vilje,<br \/>\ner du beredt til \u00e5 g\u00e5 korsveien, konsekvent inntil det siste.<br \/>\nJesus, du viser oss dine bundne, men likevel \u00e5pne hender.<br \/>\nDu stiller deg til disposisjon for oss mennesker. Bundet<br \/>\ntil Faderen, vil du ogs\u00e5 binde deg til oss.<br \/>\nDu \u00e5pner dine bundne hender, for \u00e5 gi oss i gave frukten<br \/>\nav din lidelse og din lydighet: din miskunn.<br \/>\nDu bryter ikke staven over oss som Pilatus over deg.<br \/>\nDu vil ikke synderens d\u00f8d, men hans liv.<br \/>\nJesus, gj\u00f8r du oss beredt til \u00e5 g\u00e5 veien med deg,<br \/>\ns\u00e6rlig i lidelsen.<\/em><\/strong><\/h5>\n<h5><em><b>2. Stasjon: Ja til korset<br \/>\n<\/b><\/em><strong><em>\u201dFor forkynnelsen av korset, den lyder nok som d\u00e5rskap<br \/>\nfor dem som g\u00e5r sin undergang i m\u00f8te; men for oss som<br \/>\ner p\u00e5 frelsens vei er den Guds kraft.\u201d 1.Kor.1,18<br \/>\nJesus, du sier ditt Ja til korset.<br \/>\nDu sier det til Faderen:<br \/>\nengstelig sp\u00f8rrende, men ogs\u00e5 beredt,<br \/>\nhengiven og tillitsfull.<br \/>\nDu omfavner korset med begge hender:<br \/>\nikke mer bundet, men du binder deg selv.<\/em><\/strong><\/h5>\n<p>&nbsp;<\/p>\n<h6><em>Du trekker ogs\u00e5 v\u00e5rt kors til deg,<\/em><br \/>\n<em>tar p\u00e5 deg all v\u00e5r skyld. Du omfavner korset<\/em><br \/>\n<em>for hele verden, ogs\u00e5 mitt.<br \/>\nJesus , la oss si JA til korset som tynger oss.<\/em><\/h6>\n<p><strong>3. Stasjon: Korsets etterf\u00f8lgelse<\/strong><\/p>\n<h5><em>&#8220;Den som vil slutte seg til meg, han m\u00e5 gi <\/em><em>avkall p\u00e5 <\/em><br \/>\n<em>sitt eget, ta opp sitt kors, og f\u00f8lge meg.&#8221; Mt 16,24<br \/>\nJesus, du har falt. Tyngden av korset trykker deg ned.<br \/>\nV\u00e5r skyld tvinger deg til jorden. Og likevel: du ser opp!<br \/>\nDitt blikk, din munn og din h\u00e5nd er rettet mot oss.<br \/>\nMennesket\u00a0 som m\u00f8ter deg, er innesluttet i ditt kors,<br \/>\nblir oppfordret \u00e5 f\u00f8lge deg.<\/em><\/h5>\n<h5><em>Jesus, gir oss kraft til \u00e5 st\u00e5 opp og f\u00f8lge deg.<\/em><\/h5>\n<h6>(Joseph Krautwald,korsvei,utdrag)<\/h6>\n<p>\u00a4\u00a4\u00a4\u00a4\u00a4\u00a4\u00a4\u00a4\u00a4\u00a4\u00a4\u00a4\u00a4\u00a4\u00a4\u00a4\u00a4\u00a4\u00a4\u00a4\u00a4\u00a4\u00a4\u00a4\u00a4\u00a4\u00a4\u00a4\u00a4\u00a4\u00a4\u00a4\u00a4\u00a4\u00a4\u00a4\u00a4\u00a4\u00a4\u00a4\u00a4<\/p>\n<p class=\"western\" lang=\"nb-NO\"><span lang=\"nb-NO\"><b>S\u00d8STER HILDE BAHLMANN, CSJ<br \/>\n<\/b><\/span><\/p>\n<p>IN MEMORIAM<\/p>\n<h5 class=\"western\" lang=\"nb-NO\"><span lang=\"nb-NO\"><b>JEG ROPTE TIL HERREN OG HAN H\u00d8RTE MEG! <\/b><\/span><span lang=\"nb-NO\">Salme 3:4<br \/>\n<\/span><span lang=\"nb-NO\"><b>I dine hender overgir jeg min \u00e5nd, du forl\u00f8ser meg,<br \/>\n<\/b><\/span><span lang=\"nb-NO\"><b>Herre, du trofaste Gud.<\/b><\/span><b> <\/b><span lang=\"nb-NO\">Salme 31:6<\/span><\/h5>\n<h5 class=\"western\" lang=\"nb-NO\"><img loading=\"lazy\" decoding=\"async\" class=\"alignleft size-medium wp-image-5922\" src=\"https:\/\/www.StJoseph.no\/wp-content\/uploads\/2021\/01\/Sr.-Hilde-rev.-206x300.jpg\" alt=\"\" width=\"206\" height=\"300\" srcset=\"https:\/\/www.StJoseph.no\/wp-content\/uploads\/2021\/01\/Sr.-Hilde-rev.-206x300.jpg 206w, https:\/\/www.StJoseph.no\/wp-content\/uploads\/2021\/01\/Sr.-Hilde-rev..jpg 224w\" sizes=\"auto, (max-width: 206px) 85vw, 206px\" \/><\/h5>\n<h5 lang=\"nb-NO\"><strong>S\u00f8ster Hilde Bahlmann<\/strong><\/h5>\n<h5 class=\"western\" lang=\"nb-NO\"><strong><span lang=\"nb-NO\">F\u00f8dt: 11.06.1933 i Varrelbusch\/ Tyskland<\/span><\/strong><\/h5>\n<h5 class=\"western\" lang=\"nb-NO\"><strong><span lang=\"nb-NO\">D\u00f8de: 1. januar 2021 p\u00e5 St. Josephs\u00f8strenes Hjem, Grefsen<\/span><\/strong><\/h5>\n<h5 class=\"western\" lang=\"nb-NO\"><strong><span lang=\"nb-NO\">Requiem kl. 11.00, fredag 8. januar\u00a0 i Kristi Konge Kapell,<br \/>\nderetter begravelse p\u00e5 Grefsen kirkeg\u00e5rd<\/span><span lang=\"nb-NO\"><br \/>\n<\/span><\/strong><\/h5>\n<h5 lang=\"nb-NO\">pga.corona pandemien er deltagelsen begrenset til\u00a0 bare meds\u00f8stre.<\/h5>\n<h3><\/h3>\n<h5 class=\"western\"><span lang=\"nb-NO\">F\u00f8r sr. Hilde Bahlmann kom i klosteret<br \/>\nhadde hun l\u00e6rt kj\u00f8kkenet og arbeidet 4 \u00e5r<br \/>\ni et feriehjem for barn, som s\u00f8stre fra en annen<br \/>\nkongregasjon hadde ansvar for.<br \/>\nSr. Hilde <\/span><span lang=\"nb-NO\">hadde en <\/span><span lang=\"nb-NO\">slektning<\/span><span lang=\"nb-NO\"> som er biskop i Brazil.<br \/>\nHun <\/span><span lang=\"nb-NO\">ville <\/span><span lang=\"nb-NO\">ogs\u00e5 <\/span><span lang=\"nb-NO\">tjene <\/span><span lang=\"nb-NO\">Kirken utenfor sitt hjemland.<br \/>\nDa hun fikk <\/span><span lang=\"nb-NO\"> kontakt med St. Josephs\u00f8strene<br \/>\nog etter b\u00f8nn og overveielse <\/span><span lang=\"nb-NO\">kjente<\/span><span lang=\"nb-NO\"> hun <\/span><span lang=\"nb-NO\">at hun<\/span><span lang=\"nb-NO\"><br \/>\nh\u00f8rte hjemme der. <\/span><span lang=\"nb-NO\"><br \/>\n<\/span><span lang=\"nb-NO\"><br \/>\n<\/span><span lang=\"nb-NO\">Hun begynte sitt postulat hos St. Josephs\u00f8strene i<br \/>\nAlbachten, Tyskland 1. februar 1959.<br \/>\n15. august 1961 avla hun sine f\u00f8rste l\u00f8fter p\u00e5<br \/>\n<\/span><strong><span lang=\"nb-NO\">St. Joseph Institutt i Oslo<\/span><\/strong><span lang=\"nb-NO\"><br \/>\n<\/span><strong><span lang=\"nb-NO\">og sine evige l\u00f8fter 15. august 1966.<\/span><\/strong><\/h5>\n<h5 align=\"left\"><strong><span lang=\"nb-NO\">I 1962 ble hun utdannet som hjelpepleier p\u00e5<br \/>\nVor Frue sykepleieskole.<br \/>\nFra 1965 til 1974 var hun hjelpepleier p\u00e5 Vor Frue Hospital.<br \/>\nFra 1974 til 1981 arbeidet hun som hjelpepleier<br \/>\np\u00e5 St. Josephs\u00f8strenes Hjem p\u00e5 Grefsen.<br \/>\nI 1 \u00bd \u00e5r var hun ansatt p\u00e5 Glemmen aldershjem og bodde i<br \/>\nkommuniteten i Fredrikstad.<br \/>\nDesember 1982-1988 kom hun tilbake som hjelpepleier p\u00e5<br \/>\nSt. Josephs\u00f8strenes Hjem p\u00e5 Grefsen.<br \/>\nFra 1988 -1993 bodde hun p\u00e5 St. Josephs Institutt<br \/>\ni Akersveien, og i 1988 hadde hun et sabbats\u00e5r. Et \u00e5r<br \/>\nmed religi\u00f8s fornyelse og utdypning av Spiritualiteten.<br \/>\nSr. Hilde var meget from og hadde en spesiell andakt til<br \/>\nGuds mor Maria. Hun likte \u00e5 synge felles tideb\u00f8nner <\/span><\/strong><strong><span lang=\"nb-NO\">og<\/span><\/strong><strong><span lang=\"nb-NO\"><br \/>\nvar ogs\u00e5 medlem av sangkoret.<br \/>\n<\/span><\/strong><br \/>\n<strong><span lang=\"nb-NO\">I1993 kom hun igjen til St. Josephs\u00f8strenes Hjem, og hjalp<br \/>\ntil som kj\u00f8kkenassistent. Der var hun noen \u00e5r, og fikk den<br \/>\ntunge diagnosen hjernesvinn.<br \/>\nS\u00e5 kom hun til sykeavdelingen p\u00e5 Grefsen, hvor hun var<br \/>\ninntil hun d\u00f8de 1. januar 2021.<br \/>\nDe siste \u00e5rene var hun dement og d\u00f8de til slutt av hjertesvikt.<\/span><\/strong><\/h5>\n<h5 align=\"left\"><strong><span lang=\"nb-NO\">Som person var sr. Hilde livsglad og hadde lett<br \/>\nfor \u00e5 f\u00e5 kontakt med folk. Hun var humoristisk og hadde<br \/>\nsans for sp\u00f8k og latter. Hun var stort sett opplagt og blid, og<br \/>\nb\u00e5de ansatte og meds\u00f8stre var glade i henne.<br \/>\nHun var hjelpsom og villig til \u00e5 st\u00e5 til tjeneste.<\/span><\/strong><strong><span lang=\"nb-NO\"><br \/>\nHennes siste tid p\u00e5 sykeavdelingen var nok en tung<br \/>\ntid. Hun likte \u00e5 f\u00e5 bes\u00f8k, og s\u00e6rlig glad ble hun n\u00e5r v\u00e5re<br \/>\nunge s\u00f8stre sang med og for henne.<br \/>\nHun var gla<\/span><\/strong><strong><span lang=\"nb-NO\">d <\/span><\/strong><strong><span lang=\"nb-NO\">i Maria, Guds mor, og ba ofte til henne.<br \/>\nP\u00e5 1. januar Festen for Guds Hellige Mor Maria,<br \/>\nhentet v\u00e5r Herre henne hjem, midt under v\u00e5r vesper-<br \/>\ngudstjeneste. En meds\u00f8ster og to sykepleiere var<br \/>\ntilstede da hun sovnet stille og rolig inn.<br \/>\n<\/span><\/strong><\/h5>\n<h5 align=\"left\"><strong><span lang=\"nb-NO\">Vi takker henne for hennes innsats for Kirken og<br \/>\nsamfunnet, ja for hennes liv i b\u00f8nn og arbeid som<br \/>\nhar betydd mye for oss og mange andre.<\/span><\/strong><\/h5>\n<h5 align=\"left\"><strong><span lang=\"nb-NO\">Vi ber om forb\u00f8nn for sr. Hilde, hun er n\u00e5 ogs\u00e5<br \/>\nen god forbeder for oss alle.<br \/>\nM\u00e5 hun hvile i Guds kj\u00e6rlighet og fred.<\/span><\/strong><\/h5>\n<h5 align=\"left\"><strong><span lang=\"nb-NO\">St. Josephs\u00f8strene<\/span><\/strong><\/h5>\n<h5 lang=\"nb-NO\"><\/h5>\n","protected":false},"excerpt":{"rendered":"<p>\u00a0\u00abEn Frelser er oss f\u00f8dt i dag, \u00a0\u00a0\u00a0 Han er Kristus Herren.\u00bb \u00a0 Takk for alle julehilsener og gaver. Vi ber for hverandre og for alle syke iblant oss. La oss s\u00e6rlig be for alle mennesker som lider under corona, sult, krig og terror i en s\u00f8nderrevet verden. En gledelig juleh\u00f8ytid og \u00a0Guds rike velsignelse &hellip; <a href=\"https:\/\/www.StJoseph.no\/?page_id=5940\" class=\"more-link\">Continue reading<span class=\"screen-reader-text\"> &#8220;Nyheter 2021&#8221;<\/span><\/a><\/p>\n","protected":false},"author":5,"featured_media":0,"parent":4894,"menu_order":21,"comment_status":"closed","ping_status":"closed","template":"","meta":{"footnotes":""},"class_list":["post-5940","page","type-page","status-publish","hentry"],"_links":{"self":[{"href":"https:\/\/www.StJoseph.no\/index.php?rest_route=\/wp\/v2\/pages\/5940","targetHints":{"allow":["GET"]}}],"collection":[{"href":"https:\/\/www.StJoseph.no\/index.php?rest_route=\/wp\/v2\/pages"}],"about":[{"href":"https:\/\/www.StJoseph.no\/index.php?rest_route=\/wp\/v2\/types\/page"}],"author":[{"embeddable":true,"href":"https:\/\/www.StJoseph.no\/index.php?rest_route=\/wp\/v2\/users\/5"}],"replies":[{"embeddable":true,"href":"https:\/\/www.StJoseph.no\/index.php?rest_route=%2Fwp%2Fv2%2Fcomments&post=5940"}],"version-history":[{"count":47,"href":"https:\/\/www.StJoseph.no\/index.php?rest_route=\/wp\/v2\/pages\/5940\/revisions"}],"predecessor-version":[{"id":6593,"href":"https:\/\/www.StJoseph.no\/index.php?rest_route=\/wp\/v2\/pages\/5940\/revisions\/6593"}],"up":[{"embeddable":true,"href":"https:\/\/www.StJoseph.no\/index.php?rest_route=\/wp\/v2\/pages\/4894"}],"wp:attachment":[{"href":"https:\/\/www.StJoseph.no\/index.php?rest_route=%2Fwp%2Fv2%2Fmedia&parent=5940"}],"curies":[{"name":"wp","href":"https:\/\/api.w.org\/{rel}","templated":true}]}}