{"id":5702,"date":"2020-12-30T16:30:40","date_gmt":"2020-12-30T15:30:40","guid":{"rendered":"https:\/\/www.StJoseph.no\/?page_id=5702"},"modified":"2025-02-17T10:34:21","modified_gmt":"2025-02-17T09:34:21","slug":"nyheter-2020","status":"publish","type":"page","link":"https:\/\/www.StJoseph.no\/?page_id=5702","title":{"rendered":"Nyheter  2020"},"content":{"rendered":"<p>&nbsp;<\/p>\n<h3 lang=\"nb-NO\">\u00a4\u00a4\u00a4\u00a4\u00a4\u00a4\u00a4\u00a4\u00a4\u00a4\u00a4\u00a4\u00a4\u00a4\u00a4\u00a4\u00a4\u00a4\u00a4\u00a4\u00a4\u00a4\u00a4\u00a4\u00a4\u00a4\u00a4\u00a4\u00a4\u00a4\u00a4\u00a4\u00a4\u00a4\u00a4\u00a4\u00a4\u00a4\u00a4\u00a4\u00a4\u00a4<\/h3>\n<h3 class=\"western\" lang=\"nb-NO\"><span lang=\"nb-NO\"><img loading=\"lazy\" decoding=\"async\" class=\"alignleft size-medium wp-image-4280\" src=\"https:\/\/www.StJoseph.no\/wp-content\/uploads\/2015\/12\/stjosephforside-300x290.jpg\" alt=\"\" width=\"300\" height=\"290\" srcset=\"https:\/\/www.StJoseph.no\/wp-content\/uploads\/2015\/12\/stjosephforside-300x290.jpg 300w, https:\/\/www.StJoseph.no\/wp-content\/uploads\/2015\/12\/stjosephforside.jpg 442w\" sizes=\"auto, (max-width: 300px) 85vw, 300px\" \/><\/span><\/h3>\n<h3 lang=\"nb-NO\"><\/h3>\n<h3 class=\"western\" lang=\"nb-NO\"><span lang=\"nb-NO\">En Frelser er oss f\u00f8dt i dag, <\/span><\/h3>\n<h3 class=\"western\" lang=\"nb-NO\"><span lang=\"nb-NO\">Han er Kristus Herren!<\/span><\/h3>\n<p class=\"western\" lang=\"nb-NO\"><span lang=\"nb-NO\">Kj\u00e6re <\/span><span lang=\"nb-NO\">dere alle sammen!<\/span><span lang=\"nb-NO\"><br \/>\n<\/span><\/p>\n<p class=\"western\" lang=\"nb-NO\"><span lang=\"nb-NO\">Julen er en feiring av kj\u00e6rlighet, glede og h\u00e5p.<br \/>\nI denne h\u00f8ytiden kommer Gud til oss mennesker<br \/>\nsom et nyf\u00f8dt barn. Han minner oss om verdien<br \/>\nog skj\u00f8rheten av livets gave. Vi m\u00e5 ogs\u00e5 v\u00e6re \u00e5pne for Ham i vanskelige forhold og situasjoner.<br \/>\nLa v\u00e5re hjerter fylles av lyset fra Betlehems stjerne.<br \/>\nLa den skinne i oss med Guds hjelp, ikke bare i denne vakre h\u00f8ytiden for Herren Jesu f\u00f8dsel, men ogs\u00e5 i v\u00e5re m\u00f8rkeste stunder i Betlehems natt. <\/span><\/p>\n<p class=\"western\" lang=\"nb-NO\"><span lang=\"nb-NO\">La oss i denne julen s\u00e6rlig be for hverandre og<br \/>\nfor alle de mange som lider og d\u00f8r <\/span><span lang=\"nb-NO\">og er rammet<br \/>\nav Corona pandemien. F<\/span><span lang=\"nb-NO\">or de mange som s\u00f8rger<br \/>\nog er ensomme og savner bes\u00f8k av sine kj\u00e6re,<br \/>\neller savner en som d\u00f8de av korona. <\/span><\/p>\n<p class=\"western\" lang=\"nb-NO\"><span lang=\"nb-NO\">La ordene fra apostelen Johannes &#8211; &#8220;I ham, var liv,<br \/>\nog livet var menneskenes lys.<br \/>\nLyset skinner i m\u00f8rket, og m\u00f8rket har ikke<br \/>\novervunnet det&#8221; Joh 1, 4.5.<br \/>\ngi oss kraft og styrke i denne korona pandemien. <\/span><\/p>\n<p class=\"western\" lang=\"nb-NO\"><span lang=\"nb-NO\">Til en og enhver en Gledelig Jul og takk for alt i \u00e5ret<br \/>\nsom snart ebber ut og Guds rikeste velsignelse for \u00e5ret 2021!<br \/>\nTusen takk for alle gode gaver, hilsener og blomster<br \/>\n<\/span><span lang=\"nb-NO\">som ble sendt til d\u00f8ren.<br \/>\nVi h\u00e5per jo at vi snart kan m\u00f8tes igjen i v\u00e5re hl. Messer,<br \/>\nv\u00e5re m\u00f8ter og i v\u00e5re retretter. <\/span><\/p>\n<p class=\"western\" lang=\"nb-NO\"><span lang=\"nb-NO\">Med de beste hilsener <\/span><span lang=\"nb-NO\">og forenet i b\u00f8nn<\/span><span lang=\"nb-NO\"><br \/>\nSt. Josephs\u00f8strene !<\/span><\/p>\n<h2>\u00a4\u00a4\u00a4\u00a4\u00a4\u00a4\u00a4\u00a4\u00a4\u00a4\u00a4\u00a4\u00a4\u00a4\u00a4\u00a4\u00a4\u00a4\u00a4\u00a4\u00a4\u00a4\u00a4\u00a4\u00a4\u00a4\u00a4\u00a4\u00a4\u00a4<\/h2>\n<h2><img loading=\"lazy\" decoding=\"async\" class=\"alignleft size-medium wp-image-5159\" src=\"https:\/\/www.StJoseph.no\/wp-content\/uploads\/2018\/03\/St-Joseph.jpgrev.-171x300.jpg\" alt=\"\" width=\"171\" height=\"300\" srcset=\"https:\/\/www.StJoseph.no\/wp-content\/uploads\/2018\/03\/St-Joseph.jpgrev.-171x300.jpg 171w, https:\/\/www.StJoseph.no\/wp-content\/uploads\/2018\/03\/St-Joseph.jpgrev..jpg 298w\" sizes=\"auto, (max-width: 171px) 85vw, 171px\" \/><\/h2>\n<h2>Jubel\u00e5r for den hl. Joseph<\/h2>\n<h5>Den 8. desember, p\u00e5 h\u00f8ytiden for Marias<br \/>\nuplettede unnfangelse, kom pave<br \/>\nFrans\u2019 apostoliske brev \u00abPatris corde\u00bb,<br \/>\nalts\u00e5 \u00abmed et farshjerte\u00bb.<br \/>\nDette er pavens refleksjoner om den hellige<br \/>\nJosef, som n\u00e5 har v\u00e6rt hele Kirkens<br \/>\nvernehelgen i 150 \u00e5r.<br \/>\nBrevet best\u00e5r av sju punkter samt innledning<br \/>\nog avslutning.<br \/>\nHer f\u00f8lger en oversettelse av innledningen.<\/h5>\n<h5><a href=\"https:\/\/www.stjoseph.no\/?page_id=5702\">Jubel\u00e5r for den hl. Joseph<\/a><\/h5>\n<h5><\/h5>\n<h1>A D V E N T<\/h1>\n<p><img loading=\"lazy\" decoding=\"async\" class=\"alignleft size-full wp-image-5910\" src=\"https:\/\/www.StJoseph.no\/wp-content\/uploads\/2020\/12\/advent.jpg\" alt=\"\" width=\"225\" height=\"224\" srcset=\"https:\/\/www.StJoseph.no\/wp-content\/uploads\/2020\/12\/advent.jpg 225w, https:\/\/www.StJoseph.no\/wp-content\/uploads\/2020\/12\/advent-150x150.jpg 150w\" sizes=\"auto, (max-width: 225px) 85vw, 225px\" \/><\/p>\n<p>&nbsp;<\/p>\n<p>&nbsp;<\/p>\n<p><strong>&#8220;MITT HJERTETS D\u00d8R JEG \u00c5PNER DEG..&#8221;.<\/strong><\/p>\n<h4>Adventstid er en tid full av lengsler.<br \/>\nS\u00e6rlig i denne corona pandemien har vi mange forskjellige lengsler.<br \/>\nHVA LENGTER JEG EGENTLIG ETTER?<br \/>\nKanskje har jeg aldri spurt og lyttet innover hva jeg egentlig lengter etter.<br \/>\nI en stille b\u00f8nnestund kan jeg sp\u00f8rre meg selv, hva er min dypeste lengsel?<br \/>\nIkke en lengsel jeg tenker i hodet, men som stiger opp i mitt hjerte i stillhet og ro.<br \/>\nSi denne lengselen til Gud i en liten b\u00f8nn. Noen vil tenke beh\u00f8ver jeg<br \/>\n\u00e5 fortelle den til Gud, Han vet jo alt? V\u00e5ger jeg \u00e5 la Ham komme s\u00e5 n\u00e6r<br \/>\nmeg? T\u00f8r jeg henvende meg til Gud i\u00a0 tillit og stillhet &#8211; lytte innover<br \/>\nog\u00a0 ta min dypeste lengsel p\u00e5 alvor?<br \/>\nBe gjerne med Salme 42 og 63<\/h4>\n<h2><\/h2>\n<p>\u00a4\u00a4\u00a4\u00a4\u00a4\u00a4\u00a4\u00a4\u00a4\u00a4\u00a4\u00a4\u00a4\u00a4\u00a4\u00a4\u00a4\u00a4\u00a4\u00a4\u00a4\u00a4\u00a4\u00a4\u00a4\u00a4\u00a4\u00a4\u00a4\u00a4\u00a4\u00a4\u00a4\u00a4\u00a4\u00a4\u00a4\u00a4\u00a4\u00a4\u00a4\u00a4\u00a4\u00a4\u00a4\u00a4\u00a4\u00a4\u00a4\u00a4\u00a4\u00a4\u00a4\u00a4<\/p>\n<h4><strong>ST. JOSEPH RETRETTSENTER <a href=\"http:\/\/www.stjoseph.no\/?page_id=651\">(les mer)<\/a><\/strong><\/h4>\n<h4><strong>Loyola Senter<\/strong> <span lang=\"zxx\"><a href=\"http:\/\/www.stjoseph.no\/?page_id=3358\">(les mer)<\/a><\/span><\/h4>\n<p><strong>Jubel\u00e5r for den Hellige Joseph <\/strong><\/p>\n<div class=\"article__subTitle\">Den 8. desember, p\u00e5 h\u00f8ytiden for Marias uplettede unnfangelse, kom pave Frans\u2019 apostoliske brev \u00abPatris corde\u00bb, alts\u00e5 \u00abmed et farshjerte\u00bb. Dette er pavens refleksjoner om den hellige Josef, som n\u00e5 har v\u00e6rt hele Kirkens vernehelgen i 150 \u00e5r. Brevet best\u00e5r av sju punkter samt innledning og avslutning. Her f\u00f8lger en oversettelse av innledningen.<\/div>\n<div class=\"title__separator\"><\/div>\n<div class=\"article__text \">\n<p><b>Oversatt av Vuokko-Helena Caseiro \u2013 Vatikanstaten<\/b><\/p>\n<p>Med et farshjerte: Slik elsket Josef Jesus, som i alle de fire evangeliene blir kalt for <i>\u00abJosefs s\u00f8nn\u00bb<\/i>. [1]<\/p>\n<p>Matteus og Lukas, de to evangelistene som omtaler ham mest, forteller ikke s\u00e5 mye, men nok til at vi kan forst\u00e5 hva slags far han var og hvilken sendelse han ble betrodd av Forsynet.<\/p>\n<p>Vi vet at han var en enkel t\u00f8mmermann (jf. <a href=\"https:\/\/bibel.no\/Nettbibelen?type=and&amp;book2=-1&amp;parse=Matt+13%2C55&amp;submit=Vis\" target=\"_blank\" rel=\"external nofollow noopener noreferrer\">Matt 13,55<\/a>), lovet bort til Maria (jf. <a href=\"https:\/\/bibel.no\/Nettbibelen?type=and&amp;book2=-1&amp;parse=Matt+1%2C18&amp;submit=Vis\" target=\"_blank\" rel=\"external nofollow noopener noreferrer\">Matt 1,18<\/a>; <a href=\"https:\/\/bibel.no\/Nettbibelen?type=and&amp;book2=-1&amp;parse=Luk+1%2C27&amp;submit=Vis\" target=\"_blank\" rel=\"external nofollow noopener noreferrer\">Luk 1,27<\/a>); \u00abrettskaffen\u00bb (<a href=\"https:\/\/bibel.no\/Nettbibelen?type=and&amp;book2=-1&amp;parse=Matt+1%2C19&amp;submit=Vis\" target=\"_blank\" rel=\"external nofollow noopener noreferrer\">Matt 1,19<\/a>), alltid rede til \u00e5 gj\u00f8re Guds vilje, slik den ble \u00e5penbart for ham i loven (jf.<a href=\"https:\/\/bibel.no\/Nettbibelen?type=and&amp;book2=-1&amp;parse=+Luk+2%2C22&amp;submit=Vis\" target=\"_blank\" rel=\"external nofollow noopener noreferrer\"> Luk 2,22<\/a>.<a href=\"https:\/\/bibel.no\/Nettbibelen?type=and&amp;book2=-1&amp;parse=Luk+2%2C27&amp;submit=Vis\" target=\"_blank\" rel=\"external nofollow noopener noreferrer\">27<\/a>,<a href=\"https:\/\/bibel.no\/Nettbibelen?type=and&amp;book2=-1&amp;parse=Luk+2%2C39&amp;submit=Vis\" target=\"_blank\" rel=\"external nofollow noopener noreferrer\">39<\/a>) og i hele fire dr\u00f8mmer (jf. <a href=\"https:\/\/bibel.no\/Nettbibelen?type=and&amp;book2=-1&amp;parse=Matt+1%2C20&amp;submit=Vis\" target=\"_blank\" rel=\"external nofollow noopener noreferrer\">Matt 1,20<\/a>; <a href=\"https:\/\/bibel.no\/Nettbibelen?type=and&amp;book2=-1&amp;parse=Matt+2%2C13&amp;submit=Vis\" target=\"_blank\" rel=\"external nofollow noopener noreferrer\">2,13<\/a>.<a href=\"https:\/\/bibel.no\/Nettbibelen?type=and&amp;book2=-1&amp;parse=Matt+2%2C19&amp;submit=Vis\" target=\"_blank\" rel=\"external nofollow noopener noreferrer\">19<\/a>.<a href=\"https:\/\/bibel.no\/Nettbibelen?type=and&amp;book2=-1&amp;parse=Matt+2%2C22&amp;submit=Vis\" target=\"_blank\" rel=\"external nofollow noopener noreferrer\">22<\/a>). Etter en lang og slitsom reise fra Nasaret til Betlehem s\u00e5 han Messias bli f\u00f8dt i en stall, \u00abfor det var ikke husrom for dem\u00bb (<a href=\"https:\/\/bibel.no\/Nettbibelen?type=and&amp;book2=-1&amp;parse=Luk+2%2C7&amp;submit=Vis\" target=\"_blank\" rel=\"external nofollow noopener noreferrer\">Luk 2,7<\/a>). Han ble vitne til at b\u00e5de gjeterne og vismennene tilba ham (jf. <a href=\"https:\/\/bibel.no\/Nettbibelen?type=and&amp;book2=-1&amp;parse=Luk+2%2C8%E2%80%9320&amp;submit=Vis\" target=\"_blank\" rel=\"external nofollow noopener noreferrer\">Luk 2,8\u201320<\/a>; <a href=\"https:\/\/bibel.no\/Nettbibelen?type=and&amp;book2=-1&amp;parse=Luk+2%2C1%E2%80%9312&amp;submit=Vis\" target=\"_blank\" rel=\"external nofollow noopener noreferrer\">2,1\u201312<\/a>), som representanter for henholdsvis Israels folk og de hedenske folk.<\/p>\n<p>Han v\u00e5get \u00e5 p\u00e5ta seg det juridiske farskap til Jesus, og ga ham det navnet som engelen hadde \u00e5penbart for ham: \u00abDu skal gi ham navnet Jesus, for han skal frelse sitt folk fra deres synder\u00bb (<a href=\"https:\/\/bibel.no\/Nettbibelen?type=and&amp;book2=-1&amp;parse=Matt+1%2C21&amp;submit=Vis\" target=\"_blank\" rel=\"external nofollow noopener noreferrer\">Matt 1,21<\/a>). Som vi vet, ble det f\u00f8r i tiden ansett som tilh\u00f8righetsskapende \u00e5 gi navn til et menneske eller en ting, slik Adam gjorde i fortellingen i F\u00f8rste Mosebok (jf. <a href=\"https:\/\/bibel.no\/Nettbibelen?type=and&amp;book2=-1&amp;parse=1+Mos+2%2C19%E2%80%9320&amp;submit=Vis\" target=\"_blank\" rel=\"external nofollow noopener noreferrer\">2,19\u201320<\/a>).<\/p>\n<p>F\u00f8rti dager etter f\u00f8dselen dro han, sammen med moren, til tempelet, bar fram Barnet for Herren og lyttet undrende til Simeons profeti om Jesus og Maria (jf. <a href=\"https:\/\/bibel.no\/Nettbibelen?type=and&amp;book2=-1&amp;parse=Luk+2%2C22%E2%80%9335&amp;submit=Vis\" target=\"_blank\" rel=\"external nofollow noopener noreferrer\">Luk 2,22\u201335<\/a>). For \u00e5 verne Jesus mot Herodes, oppholdt han seg som fremmed i Egypt (jf. <a href=\"https:\/\/bibel.no\/Nettbibelen?type=and&amp;book2=-1&amp;parse=Matt+2%2C13%E2%80%9318&amp;submit=Vis\" target=\"_blank\" rel=\"external nofollow noopener noreferrer\">Matt 2,13\u201318<\/a>). Tilbake i hjemlandet, levde han i skjul i den lille og ukjente landsbyen Nasaret i Galilea \u2013 derfra ventet man verken profet eller ellers noe godt (jf. <a href=\"https:\/\/bibel.no\/Nettbibelen?type=and&amp;book2=-1&amp;parse=Joh+7%2C52&amp;submit=Vis\" target=\"_blank\" rel=\"external nofollow noopener noreferrer\">Joh 7,52<\/a>; <a href=\"https:\/\/bibel.no\/Nettbibelen?type=and&amp;book2=-1&amp;parse=JOh+1%2C46&amp;submit=Vis\" target=\"_blank\" rel=\"external nofollow noopener noreferrer\">1,46<\/a>) \u2013 langt borte fra Betlehem, hans hjemby, og fra Jerusalem, der tempelet stod. Da den tolv \u00e5r gamle Jesus ble borte for dem, p\u00e5 en valfart nettopp til Jerusalem, ble Josef og Maria redde og lette etter ham. De fant ham i tempelet i samtale med de skriftl\u00e6rde (jf. <a href=\"https:\/\/bibel.no\/Nettbibelen?type=and&amp;book2=-1&amp;parse=Luk+2%2C41%E2%80%9350&amp;submit=Vis\" target=\"_blank\" rel=\"external nofollow noopener noreferrer\">Luk 2,41\u201350<\/a>).<\/p>\n<p>Nest etter Maria har ingen helgen s\u00e5 stor plass i det pavelige l\u00e6reembede som Josef, hennes mann. For bedre \u00e5 tydeliggj\u00f8re hans sentrale rolle i frelseshistorien har mine forgjengere utdypet budskapet i de sparsomme opplysninger vi har f\u00e5tt overlevert med evangeliene: den salige Pius IX erkl\u00e6rte ham som \u00abDen katolske kirkes vernehelgen\u00bb [2], den \u00e6rverdige Pius XII presenterte ham som \u00abh\u00e5ndverkernes vernehelgen\u00bb [3] og den hellige Johannes Paul II som \u00abGjenl\u00f8serens vokter\u00bb [4]. Folket p\u00e5kaller ham som \u00abvernehelgen for en god d\u00f8d\u00bb [5].<\/p>\n<p>I anledning av at det er 150 \u00e5r siden han ble erkl\u00e6rt som <i>Den katolske kirkes vernehelgen<\/i>, av den salige Pius IX den 8. desember 1870, \u00f8nsker jeg derfor \u2013 uttrykt med Jesu ord \u2013 \u00e5 la \u00abmunnen si det som hjertet er fullt av\u00bb (jf. <a href=\"https:\/\/bibel.no\/Nettbibelen?type=and&amp;book2=-1&amp;parse=Matt+12%2C34&amp;submit=Vis\" target=\"_blank\" rel=\"external nofollow noopener noreferrer\">Matt 12,34<\/a>) og dele enkelte personlige refleksjoner om denne usedvanlige skikkelsen, som er s\u00e5 n\u00e6r beslektet med oss som menneske. Dette \u00f8nsket er vokst under disse m\u00e5nedene med pandemi. Krisen lar oss erfare \u00abhvordan v\u00e5re liv er sammenvevd og blir opprettholdt av vanlige mennesker \u2013 vanligvis bortglemt \u2013 som ikke er \u00e5 finne i nyhetsoverskrifter og rampelys, men som uten tvil n\u00e5 er i ferd med \u00e5 skrive de avgj\u00f8rende hendelsene i v\u00e5r historie: leger, sykepleiere, ansatte p\u00e5 supermarkeder, renholdere, pleiere, transportarbeidere, politifolk, frivillige, prester, ordensfolk og mange, mange flere som har forst\u00e5tt at alene blir ingen reddet. [\u2026] Hver dag \u00f8ver mange mennesker seg i t\u00e5lmodighet og inngir h\u00e5p, idet de omhyggelig unng\u00e5r \u00e5 utbre panikk, men i stedet medansvar. Med sm\u00e5 daglige gester viser mange fedre, m\u00f8dre, bestefedre, bestem\u00f8dre og l\u00e6rere v\u00e5re barn hvordan man ved \u00e5 tilpasse sine vaner, l\u00f8fte blikket og stimulere b\u00f8nnelivet kan m\u00f8te en krise og gjennomg\u00e5 den. Mange mennesker ber, ofrer og g\u00e5r i forb\u00f8nn, til beste for alle\u00bb [6]. I vanskelige tider kan alle og enhver finne en forbeder, st\u00f8tte og veiviser i den hellige Josef, denne up\u00e5fallende mannen med et daglig, diskret og dulgt n\u00e6rv\u00e6r. Den hellige Josef minner oss om at alle de \u00abusynlige i annen rekke\u00bb spiller en uforlignelig hovedrolle i frelseshistorien. Dem alle tilfaller et anerkjennende og takknemlig ord.<\/p>\n<p>[1] <a href=\"https:\/\/bibel.no\/Nettbibelen?type=and&amp;book2=-1&amp;parse=Luk+4%2C22&amp;submit=Vis\" target=\"_blank\" rel=\"external nofollow noopener noreferrer\">Luk 4,22<\/a>; <a href=\"https:\/\/bibel.no\/Nettbibelen?type=and&amp;book2=-1&amp;parse=Joh+6%2C42&amp;submit=Vis\" target=\"_blank\" rel=\"external nofollow noopener noreferrer\">Joh 6,42<\/a>; jf. <a href=\"https:\/\/bibel.no\/Nettbibelen?type=and&amp;book2=-1&amp;parse=Matt+13%2C55&amp;submit=Vis\" target=\"_blank\" rel=\"external nofollow noopener noreferrer\">Matt 13,55<\/a>; <a href=\"https:\/\/bibel.no\/Nettbibelen?type=and&amp;book2=-1&amp;parse=Mark+6%2C3&amp;submit=Vis\" target=\"_blank\" rel=\"external nofollow noopener noreferrer\">Mark 6,3<\/a>.<\/p>\n<p><a id=\"_ftn2\" target=\"_blank\" rel=\"external nofollow noopener noreferrer\" name=\"_ftn2\"><\/a>[2] <i>S. Rituum congregatio, Quemadmodum Deus<\/i> (8. desember 1870): ASS 6 (1870\u201371), 194.<\/p>\n<p><a id=\"_ftn3\" target=\"_blank\" rel=\"external nofollow noopener noreferrer\" name=\"_ftn3\"><\/a>[3] Jf. <a href=\"http:\/\/www.vatican.va\/content\/pius-xii\/it\/speeches\/1955\/documents\/hf_p-xii_spe_19550501_san-giuseppe.html\" rel=\"external\">tale til ACLI i anledning h\u00f8ytiden for den hellige Josef, h\u00e5ndverkeren<\/a> (1. mai 1955): AAS 47 (1955), 406.<\/p>\n<p><a id=\"_ftn4\" target=\"_blank\" rel=\"external nofollow noopener noreferrer\" name=\"_ftn4\"><\/a>[4] Jf. den apostoliske formaningen <a href=\"http:\/\/www.vatican.va\/content\/john-paul-ii\/en\/apost_exhortations\/documents\/hf_jp-ii_exh_15081989_redemptoris-custos.html\" rel=\"external\"><i>Redemptoris Custos<\/i><\/a> (15 august 1989): AAS 82 (1990), 5\u201334.<\/p>\n<p><a id=\"_ftn5\" target=\"_blank\" rel=\"external nofollow noopener noreferrer\" name=\"_ftn5\"><\/a>[5] <a href=\"http:\/\/www.katolsk.no\/tro\/kkk\/k1_38#1014\" target=\"_blank\" rel=\"external nofollow noopener noreferrer\">Den katolske kirkes katekisme, 1014<\/a>.<\/p>\n<p><a id=\"_ftn6\" target=\"_blank\" rel=\"external nofollow noopener noreferrer\" name=\"_ftn6\"><\/a>[6] <a href=\"https:\/\/www.vaticannews.va\/sv\/norsk\/news\/2020-03\/pavens-refleksjoner-for-urbi-et-orbi-velsignelsen.html\">Refleksjoner under pandemien<\/a> (27. mars 2020)<\/p>\n<p>***<\/p>\n<p>Fra den 8. desember 2020 til den 8. desember 2021 er det \u00abJosefs \u00e5r\u00bb. Et <a href=\"https:\/\/www.vaticannews.va\/en\/vatican-city\/news\/2020-12\/apostolic-penitentiary-plenary-indulgence-year-st-joseph.html\">dekret<\/a> fra<i> Det apostoliske p\u00f8nitentiari<\/i> oppgir vilk\u00e5rene for full avlat.<\/p>\n<p><a href=\"http:\/\/www.vatican.va\/content\/francesco\/en\/apost_letters\/documents\/papa-francesco-lettera-ap_20201208_patris-corde.html\" rel=\"external\">Hele <i>Patris corde<\/i><\/a> p\u00e5 engelsk og flere andre spr\u00e5k<br \/>\n<a href=\"https:\/\/www.vaticannews.va\/sv\/paven\/news\/2020-12\/apostoliskt-brev-om-helige-josef-pa-150-arsjubileet-som-kyrkans.html\">Sammendrag av <i>Patris corde<\/i><\/a> p\u00e5 svensk<br \/>\n<a href=\"https:\/\/www.katolsk.dk\/den-katolske-kirke-i-danmark\/aktuelt\/single-news\/?tx_ttnews%5Btt_news%5D=15890&amp;cHash=2948c0749aa85f6fe281917e8e56daa3\" target=\"_blank\" rel=\"external nofollow noopener noreferrer\">Mer om Josefs\u00e5ret<\/a> p\u00e5 dansk<br \/>\n<a href=\"http:\/\/www.katolsk.no\/nyheter\/2013\/03\/pave-frans-preken-ved-innsettelsesmessen\" target=\"_blank\" rel=\"external nofollow noopener noreferrer\">Pave Frans\u2019 preken ved innsettelsesmessen<\/a> p\u00e5 h\u00f8ytiden for den hellige Josef<\/p>\n<\/div>\n<p><strong>\u00a4\u00a4\u00a4\u00a4\u00a4\u00a4\u00a4\u00a4\u00a4\u00a4\u00a4\u00a4\u00a4\u00a4\u00a4\u00a4\u00a4\u00a4\u00a4\u00a4\u00a4\u00a4\u00a4\u00a4\u00a4\u00a4\u00a4\u00a4\u00a4\u00a4\u00a4\u00a4\u00a4\u00a4\u00a4\u00a4\u00a4\u00a4\u00a4\u00a4\u00a4\u00a4\u00a4\u00a4\u00a4\u00a4\u00a4\u00a4<\/strong><\/p>\n<p><strong>I ANLEDNING 370 \u00c5R\u00a0 TIL\u00a0 ST. JOSEPHS\u00d8STRENE<br \/>\n15. OKTOBER 1650-15. OKTOBER 2020<br \/>\n<\/strong><\/p>\n<p><a href=\"https:\/\/www.youtube.com\/watch?v=gXUGHcU31nA\">PATER M\u00c9DAILLE`S BIOGRAFI <\/a><\/p>\n<p><a href=\"https:\/\/www.youtube.com\/watch?v=NtPe8YMhof0\">ST.JOSEPHS\u00d8STRENES KONGREGASJON`S HISTORIE<\/a><\/p>\n<p><strong>S\u00c5KORNET KOMMER TIL\u00a0 \u00c5 FALLE I GOD JORD OG \u00c5NDEN VIL SKAPE<br \/>\nGJENKLANG OG VEKST, OG I ALLE DELER AV PLANETEN VIL DEN SAMME<br \/>\nENERGI KUNNE KOMME TIL UTTRYKK\u2026OG EN DAG I FREMTIDEN<br \/>\n\u201cVIL ALLE BLI ETT!\u201d <\/strong>(Spir. P. Jean-Pierre M\u00e9daille)<\/p>\n<p><img loading=\"lazy\" decoding=\"async\" class=\"transparent alignleft\" src=\"http:\/\/www.stjoseph.no\/wp-content\/uploads\/2011\/01\/Bild16forsiden8.png\" alt=\"http:\/\/www.stjoseph.no\/wp-content\/uploads\/2011\/01\/Bild16forsiden8.png\" width=\"267\" height=\"298\" \/><\/p>\n<div id=\"post-1627\">\n<p>&nbsp;<\/p>\n<div>\n<table border=\"0\" cellspacing=\"0\" cellpadding=\"0\" align=\"left\">\n<tbody>\n<tr>\n<td valign=\"top\" width=\"130\"><strong>North America<\/strong><\/td>\n<td valign=\"top\" width=\"130\"><a href=\"http:\/\/www.sistersofsaintjoseph.org\/\" target=\"_blank\" rel=\"noopener noreferrer\"><strong>U.S.A.<\/strong><\/a><\/td>\n<\/tr>\n<tr>\n<td><\/td>\n<td><\/td>\n<\/tr>\n<tr>\n<td valign=\"top\" width=\"130\"><strong>South America<\/strong><\/td>\n<td valign=\"top\" width=\"130\"><a href=\"http:\/\/www.isjbrasil.com.br\/index.php\" target=\"_blank\" rel=\"noopener noreferrer\"><strong>Brazil<\/strong><strong><br \/>\n<\/strong><\/a>Bolivia<\/td>\n<\/tr>\n<tr>\n<td><\/td>\n<td><\/td>\n<\/tr>\n<tr>\n<td valign=\"top\" width=\"130\"><strong>Asia<\/strong><\/td>\n<td valign=\"top\">India<br \/>\nPakistan<\/td>\n<\/tr>\n<tr>\n<td><\/td>\n<td><\/td>\n<\/tr>\n<tr>\n<td valign=\"top\" width=\"130\"><strong>Africa<\/strong><\/td>\n<td valign=\"top\" width=\"130\">Tanzania<br \/>\nMozambique<\/td>\n<\/tr>\n<tr>\n<td><\/td>\n<td><\/td>\n<\/tr>\n<tr>\n<td valign=\"top\" width=\"130\"><strong>Europe<\/strong><\/td>\n<td valign=\"top\" width=\"130\">France<br \/>\nItaly<br \/>\nIreland<br \/>\nSweden<br \/>\n<a href=\"http:\/\/www.sanktjosephsoestrene.dk\/\" target=\"_blank\" rel=\"noopener noreferrer\"><strong>Denmark<\/strong><\/a><br \/>\n<a href=\"http:\/\/www.stjoseph.no\/\" target=\"_blank\" rel=\"noopener noreferrer\"><strong>Norway<\/strong><\/a><\/td>\n<\/tr>\n<tr>\n<td><\/td>\n<td><\/td>\n<\/tr>\n<tr>\n<td><strong>Oceania<\/strong><\/td>\n<td>Papua New Guinea<\/td>\n<\/tr>\n<\/tbody>\n<\/table>\n<\/div>\n<\/div>\n<p>&nbsp;<\/p>\n<p>&nbsp;<\/p>\n<p>&nbsp;<\/p>\n<p>&nbsp;<\/p>\n<p>&nbsp;<\/p>\n<p>&nbsp;<\/p>\n<p>&nbsp;<\/p>\n<p>&nbsp;<\/p>\n<p>&nbsp;<\/p>\n<p>&nbsp;<\/p>\n<p>&nbsp;<\/p>\n<p>&nbsp;<\/p>\n<p>&nbsp;<\/p>\n<p>&nbsp;<\/p>\n<p>&nbsp;<\/p>\n<p><strong>BREV FRA GENERALR\u00c5DET<\/strong><\/p>\n<h3 class=\"western\">15. oktober 2020<\/h3>\n<p class=\"western\" align=\"left\"><i>&#8220;\u2026 at jeg allerede n\u00e5<\/i> <i>ser v\u00e5r kj\u00e6re sammenslutning, som i virkeligheten er intet, grunnlagt p\u00e5 mange steder &#8230; Gud gi at<\/i> <i>den m\u00e5 bli spredt i<\/i> <i>hele Kirken\u2026!&#8221; J.P. M\u00e9daille, SJ <\/i><\/p>\n<p class=\"western\" align=\"left\">\u00a0Kj\u00e6re s\u00f8stre,\u00a0 medvandrere og venner til St. Josephs\u00f8strene!<\/p>\n<p class=\"western\" align=\"left\">Gledelig fest!<\/p>\n<p class=\"western\" align=\"left\">For 370 \u00e5r siden ble et lite fr\u00f8 s\u00e5dd i Le Puy-en-Velay. Det spiret, ble n\u00e6ret, vokste, \u00e5pnet seg opp for nye virkeligheter, \u00f8nsket forskjellige kulturer velkommen og fikk\u00a0 nye fr\u00f8, som til gjengjeld skapte \u201dDet Lille Foretagende\u201d. Det ble en stor skog med unike farger, former og dufter preget av rike kulturelle forskjelligheter.<\/p>\n<p class=\"western\" align=\"left\">I dag feirer vi med stor glede 370 \u00e5r med tilstedev\u00e6relsen av Kongregasjonen av St. Josephs\u00f8stre p\u00e5 fem kontinenter. Vi \u00f8nsker \u00e5 feire v\u00e5re pionerers liv og dem, som fortsatt lever v\u00e5r misjon i fellesskap, levendegjort av dynamikken i v\u00e5r karisma av enhet og forsoning \u2013 en karisma, som alltid er relevant og n\u00f8dvendig, fordi den har r\u00f8tter i evangeliet og er skrevet inn i Kirkens hjerte.<\/p>\n<p class=\"western\" align=\"left\">M\u00e5 feiringen av v\u00e5r grunnleggelsesdag gi oss energi til \u00e5 utvide v\u00e5r tilstedev\u00e6relse, holde oss \u00e5pne, gener\u00f8se og tilgjengelige. S\u00e5 vi omfavner realitetene i v\u00e5r verden, som har behov for fred, enhet og h\u00e5p. Vi ber om n\u00e5de til \u00e5 finne nye veier til hvordan vi kan leve \u201dDet Lille Foretagende\u201d, for \u00e5 bli st\u00f8rre gnister av kj\u00e6rlighet, enhet og liv. Mennesker som n\u00e6rer og st\u00f8tter dem, som sulter og t\u00f8rster etter en st\u00f8rre mening med livet, og som bidrar til en bedre morgendag for alle.<\/p>\n<p class=\"western\" align=\"left\">I kj\u00e6rlighet og takknemlighet og med b\u00f8nn om forb\u00f8nn,<br \/>\nSt. Josephs\u00f8strene.<\/p>\n<h4><img loading=\"lazy\" decoding=\"async\" class=\"alignleft wp-image-5856\" src=\"https:\/\/www.StJoseph.no\/wp-content\/uploads\/2020\/10\/Bildet-Foundation-day-370-\u00e5r.png-laget-mindre.png\" alt=\"\" width=\"355\" height=\"456\" \/><\/h4>\n<h4><\/h4>\n<h4><\/h4>\n<h4><\/h4>\n<h4><\/h4>\n<p>&nbsp;<\/p>\n<h4><\/h4>\n<h4><\/h4>\n<h4><\/h4>\n<h4><\/h4>\n<h4><\/h4>\n<h4><\/h4>\n<h4><\/h4>\n<h4><img decoding=\"async\" src=\"https:\/\/www.stjoseph.no\/wp-content\/uploads\/2020\/05\/20200601_185847.jpg-rev.-novisiatet.jpg\" \/><\/h4>\n<h4>En gledelig nyhet hos St. Josephs\u00f8strene!<\/h4>\n<div>\n<div id=\"page\">\n<div id=\"content\">\n<div id=\"post-4848\">\n<div>\n<p>F\u00f8rste\u00a0 juni, den annen pinsedag, ble v\u00e5r<br \/>\npostulant Catarina\u00a0 tatt opp i novisiatet<br \/>\ni en enkel ordetsliturgi.<br \/>\nVi gratulerer p\u00e5 det hjerteligste!<br \/>\nVi \u00f8nsker henne\u00a0 Guds velsignelse videre p\u00e5<br \/>\nveien og ber om b\u00f8nn for henne og oss alle.<\/p>\n<p>St. Josephs\u00f8strene.<\/p>\n<\/div>\n<\/div>\n<\/div>\n<\/div>\n<\/div>\n<h3><\/h3>\n<h3>Send ut din \u00c5nd og helbred hele verden!<\/h3>\n<h3>\u00a0\u00a4\u00a4\u00a4\u00a4\u00a4\u00a4\u00a4\u00a4\u00a4\u00a4\u00a4\u00a4\u00a4\u00a4\u00a4\u00a4\u00a4\u00a4\u00a4\u00a4\u00a4\u00a4\u00a4\u00a4\u00a4\u00a4\u00a4\u00a4\u00a4\u00a4\u00a4\u00a4\u00a4\u00a4\u00a4\u00a4<\/h3>\n<div class=\"entry\">\n<h3><\/h3>\n<h6><img loading=\"lazy\" decoding=\"async\" class=\"rg_i Q4LuWd tx8vtf\" src=\"https:\/\/encrypted-tbn0.gstatic.com\/images?q=tbn%3AANd9GcSMB4XenwgQ72pOl0SuKzfozpe5I1BxgDgOxTGRP0pOPZKU4_x0&amp;usqp=CAU\" alt=\"St. Josephs\u00f8strene av Chamb\u00e9ry \u00bb Nyhetsarkiv 2015\" width=\"381\" height=\"253\" data-src=\"https:\/\/encrypted-tbn0.gstatic.com\/images?q=tbn%3AANd9GcSMB4XenwgQ72pOl0SuKzfozpe5I1BxgDgOxTGRP0pOPZKU4_x0&amp;usqp=CAU\" data-lt=\"\" \/><\/h6>\n<h4>Jeg er oppstanden og atter er jeg hos deg.<\/h4>\n<h4><strong>Du har lagt din h\u00e5nd p\u00e5 meg.<\/strong><\/h4>\n<h4><strong>Vidunderlig har din visdom \u00e5penbart seg. Alleluja<br \/>\n<\/strong><br \/>\n(Fra inngangsvers p\u00e5skedag!)<\/h4>\n<h3>\u00a0\u00a4\u00a4\u00a4\u00a4\u00a4\u00a4\u00a4\u00a4\u00a4\u00a4\u00a4\u00a4\u00a4\u00a4\u00a4\u00a4\u00a4\u00a4\u00a4\u00a4<\/h3>\n<h3><\/h3>\n<p class=\"western\">\u00a4\u00a4\u00a4\u00a4\u00a4\u00a4\u00a4\u00a4\u00a4\u00a4\u00a4\u00a4\u00a4\u00a4\u00a4\u00a4\u00a4\u00a4\u00a4\u00a4\u00a4\u00a4\u00a4\u00a4\u00a4\u00a4\u00a4\u00a4\u00a4\u00a4\u00a4\u00a4\u00a4\u00a4\u00a4\u00a4\u00a4\u00a4<\/p>\n<\/div>\n<p>&nbsp;<\/p>\n<p>&nbsp;<\/p>\n<p><strong>ET KJ\u00c6RLIG TILBAKEBLIKK OVER DAGEN:<\/strong><br \/>\n<strong>(Ignatiansk tilbakeblikk i en b\u00f8nnens atmosf\u00e6re,<br \/>\ndenne \u00f8velsen kan gj\u00f8res\u00a0 hver kveld ca. 10min)<\/strong><\/p>\n<p class=\"western\"><b> \u00a4 <\/b> <b> \u00c5 v\u00e6re tilstede i Guds n\u00e6v\u00e6r<\/b><\/p>\n<p class=\"western\">Du pr\u00f8ver \u00e5 falle til ro, blir stille og \u00e5pner ditt hjerte for Gud.<\/p>\n<p class=\"western\">Du setter deg liksom under Guds kj\u00e6rlige blikk.<\/p>\n<p class=\"western\">Eller du \u201clegger din h\u00e5nd i Guds store h\u00e5nd\u201d.<\/p>\n<p class=\"western\"><b>\u00a4 La dagen passere en gang til som i en film.<\/b><\/p>\n<p class=\"western\">Hva sitter du igjen med i kveld?<\/p>\n<p class=\"western\">Hva har ber\u00f8rt deg?<\/p>\n<p class=\"western\">Hva er du s\u00e6rlig takknemlig for?<\/p>\n<p class=\"western\">Hva er du mindre takknemlig for?<\/p>\n<p class=\"western\">Hvor opplevde du deg selv mest levende,<br \/>\nhva ga deg energi?<\/p>\n<p class=\"western\">Hva har du opplevd som var vanskelig?<\/p>\n<p class=\"western\">Hvor kjente du at Gud var deg n\u00e6rmest?<\/p>\n<p class=\"western\">Hvor opplevde du ting, hendelser, noe som skjedde,<br \/>\nimpulser som kom til deg litt fra sidelinjen?<br \/>\nNoe som var st\u00f8rre enn deg selv?<br \/>\nNoe som kom til deg helt uventet.<\/p>\n<p class=\"western\">Ta deg tid og kjenn etter hva som dukker opp av f\u00f8lelser,<br \/>\nja mer enn f\u00f8lelser \u2013 bevegelser i ditt hjerte.<br \/>\nHendelser som gjorde vondt, som utl\u00f8ste smerter.<\/p>\n<p class=\"western\">Sitt med dem. Kjenn p\u00e5 smerten og hva den har gjort<br \/>\nmed deg. Sett ord p\u00e5 den om du kan, bring den foran Gud,<br \/>\nhenvend deg til Gud slik som du har det.<\/p>\n<p class=\"western\">Hvem er Gud for deg i alt det? Har du erfart sider ved Gud<br \/>\nsom har hjulpet deg og knyttet deg n\u00e6rmere til Gud<br \/>\nog din neste?<\/p>\n<p class=\"western\">G\u00e5 med en myk h\u00e5nd over dagen og ta ogs\u00e5 gjerne hendelser<br \/>\nsom fylte deg h\u00e5p, nytt liv, glede, takknemlighet.<br \/>\nKjenn p\u00e5 det, takk Gud for det. Ta vare p\u00e5 det!<\/p>\n<p class=\"western\">Bli en stund i stillheten, under Guds kj\u00e6rlige blikk!<\/p>\n<p class=\"western\"><b>Ignatius av Loyola sier.<br \/>\n\u201d Du kan erfare Gud i alt og alle! \u201c <\/b><\/p>\n<p class=\"western\">Men det er en n\u00e5de vi m\u00e5 be om!<\/p>\n<h4><\/h4>\n<h4><\/h4>\n<h4><img loading=\"lazy\" decoding=\"async\" class=\"\" src=\"http:\/\/media-cache-ec0.pinimg.com\/736x\/65\/ab\/b3\/65abb300b753febc683fb73aa9aaf711.jpg\" alt=\"\" width=\"228\" height=\"182\" \/><\/h4>\n<h4><\/h4>\n<h4><a href=\"https:\/\/www.facebook.com\/katolsk.no\/\" data-linktype=\"external\" data-val=\"https:\/\/www.facebook.com\/katolsk.no\/\">Pontifikal nett-messe:<\/a><\/h4>\n<p><a href=\"https:\/\/www.facebook.com\/katolsk.no\/\" data-linktype=\"external\" data-val=\"https:\/\/www.facebook.com\/katolsk.no\/\">Feir messe med biskop Eidsvig<\/a><\/p>\n<p>Kl. 11.00 s\u00f8ndag 15. mars inviteres du til \u00e5 feire digital messe<br \/>\nsammen med biskop Eidsvig av Oslo. Messen str\u00f8mmes direkte<br \/>\nfra katolsk.no&#8217;s Facebook-profil.<br \/>\nDen legges senere ut p\u00e5 katolsk.no i redigert versjon.<br \/>\nBiskopen feirer messen i sitt private kapell.<\/p>\n<h4><\/h4>\n<h3>JULEMARKED\u00a0 ER\u00a0 AVLYST!<\/h3>\n<h3>P\u00e5 grunn av corona pandemien blir<br \/>\njulemarked hos St. Josephs\u00f8strene<br \/>\np\u00e5 Grefsen avlyst.<br \/>\nAlle s\u00f8stre har det bra og ingen ble<br \/>\nrammet av corona.<br \/>\nVi savner naturligvis dere alle og<br \/>\nsender v\u00e5re beste hilsener<br \/>\ntil alle og enhver. La oss fortsette \u00e5 be<br \/>\nfor alle corona rammede.<br \/>\nP\u00e5 gledelig gjensyn med dere neste \u00e5r.<br \/>\n\u00a4\u00a4\u00a4\u00a4\u00a4\u00a4\u00a4\u00a4\u00a4\u00a4\u00a4\u00a4\u00a4\u00a4\u00a4\u00a4\u00a4\u00a4\u00a4\u00a4\u00a4\u00a4\u00a4\u00a4\u00a4\u00a4\u00a4\u00a4<\/h3>\n<h3><span style=\"color: #ff0000;\"><strong>Informasjon om\u00a0 Retretter\u00a0 i coronatiden.<\/strong><strong><br \/>\n<\/strong><strong>St. Joseph Retrettsenter f\u00f8lger<br \/>\nhelsemyndighetenes retningslinjene for<br \/>\nsmittevern og alle v\u00e5re retretter i Advent er avlyst.<br \/>\nVi h\u00e5per p\u00e5 gjensyn p\u00e5 v\u00e5re retretter neste \u00e5r!<\/strong><\/span><\/h3>\n<h4>R E T R E T T E R 2020<br \/>\nTors 23. \u2013 S\u00f8n 26. januar<br \/>\nkr 2300,\u2013 P. Rory SM, P. Erik SM<\/h4>\n<h4>Tors 13. \u2013 S\u00f8n 16. februar<br \/>\nkr 2300,\u2013 Sr. Anette CSJ og P. Erik SM<\/h4>\n<div class=\"outer-wrapper\">\n<div class=\"container\">\n<div id=\"page\">\n<div id=\"content\" class=\"narrowcolumn\">\n<div id=\"post-4848\" class=\"post\">\n<h4>RETRETTER I FASTETIDEN<\/h4>\n<h4>Tors 27.febr- S\u00f8ndag 1. mars<br \/>\nkr 2300,\u2013 Sr. Marit CSJ og Bj\u00f8rg Eimstad<br \/>\nP. Jo Neve SM, liturg<\/h4>\n<h4>Tors 5. \u2013 S\u00f8ndag 8. mars<br \/>\nkr 2300,\u2013 Jeanine R. Ruyter og Hilde R. Myhrer<br \/>\nP. Jo Neve SM, liturg<\/h4>\n<h4>Fre 13. \u2013 S\u00f8ndag 15. mars<br \/>\nMedvandrer (lukket gruppe\u00a0 avlyst p.g.a.coronavirus)<\/h4>\n<h4>Man 23. -Tors 26. mars<br \/>\nkr 2300,\u2013Prest Arne Sand og P. Rory SM<br \/>\navlyst p.g.a. coronavirus<\/h4>\n<h4>10 dagers retretter:<br \/>\nFre 24. april \u2013 S\u00f8n 3. mai<br \/>\nkr 6000,\u2013 Sr. Anette CSJ og prest Geir Gundersen<br \/>\nP. Jo Neve SM, liturg (avlyst p.g.a. coronavirus)<\/h4>\n<h4>Tirs 21. \u2013 Tors 30.juli(avlyst p.g.a. corona)<br \/>\nkr 6000,\u2013 P. Ken Hughes SJ, spr\u00e5k engelsk<br \/>\nL\u00f8r 1. \u2013 man 10. august(avlyst p.g.a.corona)<br \/>\nkr 6000,\u2013P. Ken Hughes SJ, spr\u00e5k engelsk<\/h4>\n<h4>Tirs 1. -L\u00f8r 5. sept.<br \/>\nSkandinavisk Manresagruppe (lukket gruppe)<br \/>\nP. Rainer Carls SJ, liturg og innleder(avlyst p.g.a.corona)<\/h4>\n<h4>Tors 17. \u2013 S\u00f8n 20. september<br \/>\nkr 2300,\u2013Jeanine R. Ruyter og Bj\u00f8rg Eimstad<br \/>\nP. Jo Neve SM, liturg (avlyst,p.g.a.corona)<\/h4>\n<h4>Tors 1. okt \u2013 S\u00f8n 4. oktober<br \/>\nkr 2300,- Sr. Anette og Hilde R. Myhrer<br \/>\nP. Jo Neve SM, liturg<\/h4>\n<h4>Lukket gruppe: \u00d8stre Borgesyssel prosti:<br \/>\n12.-15.okt og 19.-22. okt. (avlyst p.g.a. corona)<\/h4>\n<h4>RETRETT I ADVENTSTIDEN<br \/>\nV\u00e6r lydh\u00f8r!\u00a0\u00a0\u00a0\u00a0 Herren er n\u00e6r!<\/h4>\n<h6><strong><img loading=\"lazy\" decoding=\"async\" class=\"size-medium wp-image-5627 alignleft\" src=\"https:\/\/www.stjoseph.no\/wp-content\/uploads\/2019\/09\/Den-lyttende-209x300.jpg\" sizes=\"auto, (max-width: 209px) 100vw, 209px\" srcset=\"https:\/\/www.StJoseph.no\/wp-content\/uploads\/2019\/09\/Den-lyttende-209x300.jpg 209w, https:\/\/www.StJoseph.no\/wp-content\/uploads\/2019\/09\/Den-lyttende.jpg 535w\" alt=\"\" width=\"209\" height=\"300\" \/><\/strong><\/h6>\n<h6><\/h6>\n<h6><\/h6>\n<h6><\/h6>\n<h6><\/h6>\n<h6><\/h6>\n<h6><\/h6>\n<h6><\/h6>\n<h6><\/h6>\n<h6>\u201c\u00c9coute mon fils \u201c(St.Benoit, Abbaye de Tami\u00e9)<\/h6>\n<p><strong>Tirs 10.nov.-Tors 12. nov.<\/strong><br \/>\n<strong>Nedre Romerike prosti, lukket gruppe<br \/>\n(avlyst p.g.a. corona)<br \/>\n<\/strong><\/p>\n<h4>Tors 26.-S\u00f8n 29. November<br \/>\nkr 2300,\u2013 Bj\u00f8rg Eimstad og P. Rory SM<br \/>\n(avlyst p.g.a. corona)<\/h4>\n<p><strong>Tors 3. \u2013 S\u00f8n 6. Desember<\/strong><br \/>\n<strong>kr 2300,- Sr. Marit CSJ og P. Rory SM<br \/>\n(avlyst p.g.a. corona)<br \/>\n<\/strong><\/p>\n<p><strong>Tors den 10. S\u00f8n den 13. Desember<\/strong><br \/>\n<strong>kr 2300,-Sr. Anette CSJ og P. Rory SM<br \/>\n(avlyst p.g.a. corona)<br \/>\n<\/strong><\/p>\n<p><strong>Medvandrer retrett<\/strong><br \/>\n<strong>Fredag 18.-20. desember (lukket gruppe)<br \/>\n(avlyst p.g.a. corona)<br \/>\n<\/strong><\/p>\n<\/div>\n<\/div>\n<\/div>\n<\/div>\n<\/div>\n<h4><\/h4>\n","protected":false},"excerpt":{"rendered":"<p>&nbsp; \u00a4\u00a4\u00a4\u00a4\u00a4\u00a4\u00a4\u00a4\u00a4\u00a4\u00a4\u00a4\u00a4\u00a4\u00a4\u00a4\u00a4\u00a4\u00a4\u00a4\u00a4\u00a4\u00a4\u00a4\u00a4\u00a4\u00a4\u00a4\u00a4\u00a4\u00a4\u00a4\u00a4\u00a4\u00a4\u00a4\u00a4\u00a4\u00a4\u00a4\u00a4\u00a4 En Frelser er oss f\u00f8dt i dag, Han er Kristus Herren! Kj\u00e6re dere alle sammen! Julen er en feiring av kj\u00e6rlighet, glede og h\u00e5p. I denne h\u00f8ytiden kommer Gud til oss mennesker som et nyf\u00f8dt barn. Han minner oss om verdien og skj\u00f8rheten av livets gave. Vi m\u00e5 ogs\u00e5 v\u00e6re \u00e5pne for Ham &hellip; <a href=\"https:\/\/www.StJoseph.no\/?page_id=5702\" class=\"more-link\">Continue reading<span class=\"screen-reader-text\"> &#8220;Nyheter  2020&#8221;<\/span><\/a><\/p>\n","protected":false},"author":5,"featured_media":0,"parent":4894,"menu_order":22,"comment_status":"closed","ping_status":"closed","template":"","meta":{"footnotes":""},"class_list":["post-5702","page","type-page","status-publish","hentry"],"_links":{"self":[{"href":"https:\/\/www.StJoseph.no\/index.php?rest_route=\/wp\/v2\/pages\/5702","targetHints":{"allow":["GET"]}}],"collection":[{"href":"https:\/\/www.StJoseph.no\/index.php?rest_route=\/wp\/v2\/pages"}],"about":[{"href":"https:\/\/www.StJoseph.no\/index.php?rest_route=\/wp\/v2\/types\/page"}],"author":[{"embeddable":true,"href":"https:\/\/www.StJoseph.no\/index.php?rest_route=\/wp\/v2\/users\/5"}],"replies":[{"embeddable":true,"href":"https:\/\/www.StJoseph.no\/index.php?rest_route=%2Fwp%2Fv2%2Fcomments&post=5702"}],"version-history":[{"count":28,"href":"https:\/\/www.StJoseph.no\/index.php?rest_route=\/wp\/v2\/pages\/5702\/revisions"}],"predecessor-version":[{"id":6662,"href":"https:\/\/www.StJoseph.no\/index.php?rest_route=\/wp\/v2\/pages\/5702\/revisions\/6662"}],"up":[{"embeddable":true,"href":"https:\/\/www.StJoseph.no\/index.php?rest_route=\/wp\/v2\/pages\/4894"}],"wp:attachment":[{"href":"https:\/\/www.StJoseph.no\/index.php?rest_route=%2Fwp%2Fv2%2Fmedia&parent=5702"}],"curies":[{"name":"wp","href":"https:\/\/api.w.org\/{rel}","templated":true}]}}