{"id":5530,"date":"2020-03-25T08:50:02","date_gmt":"2020-03-25T07:50:02","guid":{"rendered":"http:\/\/www.StJoseph.no\/?page_id=5530"},"modified":"2025-02-17T10:34:21","modified_gmt":"2025-02-17T09:34:21","slug":"nyheter-2019","status":"publish","type":"page","link":"https:\/\/www.StJoseph.no\/?page_id=5530","title":{"rendered":"Nyheter 2019"},"content":{"rendered":"<div id=\"page\">\n<div id=\"content\">\n<div id=\"post-4659\">\n<div>\n<div>\n<div>\n<div>\n<h3>Vi inviterer til julemarked 2019<\/h3>\n<h4>St.Josephs\u00f8strenes Hjem<\/h4>\n<h4>Glads Vei 23, 0489 Oslo<\/h4>\n<h4>Tlf. 23 400 900 eller 23 400 920<\/h4>\n<h4>Fredag, 8. og l\u00f8rdag, 9. november 2019<\/h4>\n<h4>Begge dager fra kl. 10.00 til kl. 13.00<\/h4>\n<h4>Hjertelig velkommen!<\/h4>\n<h4>NB! Varene kan ogs\u00e5 betales med bankkort eller vipps<\/h4>\n<h3>R E T R E T T E R 2020<br \/>\nTors 23. \u2013 S\u00f8n 26. januar<br \/>\nkr 2300,\u2013 P. Rory SM, P. Erik SM<br \/>\nTors 13. \u2013 S\u00f8n 16. februar<br \/>\nkr 2300,\u2013 Sr. Anette CSJ og P. Erik SM<\/h3>\n<div>\n<div>\n<div id=\"page\">\n<div id=\"content\">\n<div id=\"post-4848\">\n<h4>RETRETTER I FASTETIDEN<br \/>\nTors 27.febr- S\u00f8ndag 1. mars<br \/>\nkr 2300,\u2013 Sr. Marit CSJ og Bj\u00f8rg Eimstad<br \/>\nP. Jo Neve SM, liturg<br \/>\nTors 5. \u2013 S\u00f8ndag 8. mars<br \/>\nkr 2300,\u2013 Jeanine R. Ruyter og Hilde R. Myhrer<br \/>\nP. Jo Neve SM, liturg<br \/>\nFre 13. \u2013 S\u00f8ndag 15. mars<br \/>\nMedvandrer (lukket gruppe)(avlyst)p.g.a.corona<br \/>\nMan 23. -Tors 26. mars(avlyst)<br \/>\nkr 2300,\u2013Prest Arne Sand og P. Rory SM<\/h4>\n<h4>10 dagers retretter:<br \/>\nFre 24. april \u2013 S\u00f8n 3. mai(avlyst)<br \/>\nkr 6000,\u2013 Sr. Anette CSJ og prest Geir Gundersen<br \/>\nP. Jo Neve SM, liturg(avlyst)<br \/>\nTirs 21. \u2013 Tors 30.juli<br \/>\nkr 6000,\u2013 P. Ken Hughes SJ, spr\u00e5k engelsk<br \/>\nL\u00f8r 1. \u2013 man 10. august(avlyst)<br \/>\nkr 6000,\u2013P. Ken Hughes SJ, spr\u00e5k engelsk<br \/>\nTirs 1. -L\u00f8r 5. sept.(avlyst)<br \/>\nSkandinavisk Manresagruppe (lukket gruppe)<br \/>\nP. Rainer Carls SJ, liturg og innleder(avlyst)<br \/>\nTors 17. \u2013 S\u00f8n 20. september<br \/>\nkr 2300,\u2013Jeanine R. Ruyter og Bj\u00f8rg Eimstad<br \/>\nP. Jo Neve SM, liturg<br \/>\nTors 1. okt \u2013 S\u00f8n 4. oktober<br \/>\nkr 2300,- Sr. Anette og Hilde R. Myhrer<br \/>\nP. Jo Neve SM, liturg<br \/>\nLukket gruppe: \u00d8stre Borgesyssel prosti:<br \/>\n12.-15.okt og 19.-22. okt.(avlyst)<br \/>\nNedre Romerike: 10.-12.nov.<\/h4>\n<h4>RETRETT I ADVENTSTIDEN<br \/>\nV\u00e6r lydh\u00f8r!\u00a0\u00a0\u00a0\u00a0 Herren er n\u00e6r!<\/h4>\n<p><img loading=\"lazy\" decoding=\"async\" src=\"https:\/\/www.StJoseph.no\/wp-content\/uploads\/2019\/09\/Den-lyttende-209x300.jpg\" alt=\"\" width=\"209\" height=\"300\" \/><\/p>\n<h6>Den lyttende fra Abbediet Amiens<\/h6>\n<h4>Tors 26.-S\u00f8n 29. November<br \/>\nkr 2300,\u2013 Bj\u00f8rg Eimstad og P. Rory SM<\/h4>\n<p>Tors 3. \u2013 S\u00f8n 6. Desember<br \/>\nkr 2300,- Sr. Marit CSJ og P. Rory SM<\/p>\n<p>Tors den 10. S\u00f8n den 13. Desember<br \/>\nkr 2300,-Sr. Anette CSJ og P. Rory SM<\/p>\n<p>Medvandrer retrett<br \/>\nFredag 18.-20. desember (lukket gruppe)<\/p>\n<p>avlyst<\/p>\n<\/div>\n<\/div>\n<\/div>\n<\/div>\n<\/div>\n<h4><\/h4>\n<h4>Adresse:<br \/>\nSt. Joseph Retrettsenter<br \/>\nBrannvaktveien 5,<br \/>\n0489 Oslo<br \/>\nP\u00e5melding:<br \/>\nper e-post: <a href=\"mailto:retrett@stjoseph.no\">retrett@stjoseph.no<br \/>\nTlf<\/a>: 23 \u00a040 09 22( Sr. Marit)<br \/>\neller 23 \u00a040 09 34 ( Sr. Anette)<\/h4>\n<h5><\/h5>\n<h4>ST. JOSEPH RETRETTSENTER <a href=\"http:\/\/www.stjoseph.no\/?page_id=651\">(les mer)<\/a><\/h4>\n<h4>Loyola Senter <span lang=\"zxx\"><a href=\"http:\/\/www.stjoseph.no\/?page_id=3358\">(les mer)<\/a><\/span><\/h4>\n<h5>\u00a4\u00a4\u00a4\u00a4\u00a4\u00a4\u00a4\u00a4\u00a4\u00a4\u00a4\u00a4\u00a4\u00a4\u00a4\u00a4\u00a4\u00a4\u00a4\u00a4\u00a4\u00a4\u00a4\u00a4\u00a4\u00a4\u00a4\u00a4\u00a4\u00a4\u00a4\u00a4\u00a4\u00a4\u00a4\u00a4\u00a4<\/h5>\n<h4>En gledelig nyhet hos St. Josephs\u00f8strene!<\/h4>\n<div>\n<div id=\"page\">\n<div id=\"content\">\n<div id=\"post-4848\">\n<div>\n<p>P\u00e5 l\u00f8rdag den 17. august 2019 ble de<br \/>\nto postulanter Laura og Tanja tatt<br \/>\nopp i novisiatet\u00a0 i en enkel ordetsliturgi.<br \/>\nVi gratulerer p\u00e5 det hjerteligste!<br \/>\nVi \u00f8nsker dem Guds velsignelse videre p\u00e5<br \/>\nveien og la oss be for hverandre.<\/p>\n<p>St. Josephs\u00f8strene.<\/p>\n<\/div>\n<\/div>\n<\/div>\n<\/div>\n<\/div>\n<p><img loading=\"lazy\" decoding=\"async\" src=\"https:\/\/www.StJoseph.no\/wp-content\/uploads\/2019\/07\/20190817_184131-2.jpg-Laura-og-Tanja-til-hjemmesiden.jpg-paint-net.jpg\" alt=\"\" width=\"253\" height=\"345\" \/><\/p>\n<div>\n<div id=\"page\">\n<div id=\"content\">\n<div id=\"post-4848\">\n<div>\n<h5>EN STOR FEST HOS ST. JOSEPHS\u00d8STRENE !<\/h5>\n<p><img loading=\"lazy\" decoding=\"async\" title=\"15 august jubileum Sr Ruth.jpg\" src=\"https:\/\/www.katolsk.no\/nyheter\/2019\/07\/15-august-jubileum-sr-ruth.jpg\/@@images\/895ee154-fa65-4fd6-a338-a8e4aac25f99.jpeg\" alt=\"\" width=\"367\" height=\"276\" data-linktype=\"image\" data-val=\"982103f580844de78b3139c797248c99\" data-scale=\"large\" \/><\/p>\n<h4>Sr. Ruth Bagus feiret sin 60 \u00e5rsprofess<br \/>\nl\u00f8rdag 17. august 2019.\u00a0 Dette ble en fin fest med en<br \/>\nh\u00f8ytidelig Festmesse og mottagelsen og i l\u00f8pet<br \/>\nav ettermiddagen en god festmiddag med kaffe<br \/>\nog kaker.<br \/>\nS\u00f8ster Ruth takker alle for deltagelsen og for alle<br \/>\ngaver og blomster hun mottok, i takknemlighet og<br \/>\nb\u00f8nn, sr. Ruth.<\/h4>\n<\/div>\n<\/div>\n<\/div>\n<p><img loading=\"lazy\" decoding=\"async\" src=\"https:\/\/www.StJoseph.no\/wp-content\/uploads\/2019\/08\/20190817_120753-2.jpg-sr.-Ruth-300x191.jpg\" sizes=\"auto, (max-width: 428px) 100vw, 428px\" srcset=\"https:\/\/www.StJoseph.no\/wp-content\/uploads\/2019\/08\/20190817_120753-2.jpg-sr.-Ruth-300x191.jpg 300w, https:\/\/www.StJoseph.no\/wp-content\/uploads\/2019\/08\/20190817_120753-2.jpg-sr.-Ruth-768x490.jpg 768w, https:\/\/www.StJoseph.no\/wp-content\/uploads\/2019\/08\/20190817_120753-2.jpg-sr.-Ruth.jpg 924w\" alt=\"\" width=\"428\" height=\"272\" \/><\/p>\n<\/div>\n<\/div>\n<h4>\u00a4\u00a4\u00a4\u00a4\u00a4\u00a4\u00a4\u00a4\u00a4\u00a4\u00a4\u00a4\u00a4\u00a4\u00a4\u00a4\u00a4\u00a4\u00a4\u00a4\u00a4\u00a4\u00a4\u00a4\u00a4\u00a4\u00a4\u00a4\u00a4\u00a4\u00a4\u00a4\u00a4\u00a4\u00a4\u00a4\u00a4\u00a4\u00a4<\/h4>\n<\/div>\n<\/div>\n<\/div>\n<div>\n<div>\n<div>\n<h4>En gledelig begivenhet hos St. Josephs\u00f8strene!<\/h4>\n<h5>L\u00f8rdag\u00a0 den 12. januar 2019 avla Sr. Lucia-Vo Thi My Thy<br \/>\nog Sr. Mai Teresa- Mai Thi Tuyet Nhung sine f\u00f8rste l\u00f8fter<br \/>\nunder en Festmesse i Kristi Konge Kapell p\u00e5 Grefsen.<br \/>\nVi gratulerer og\u00a0 \u00f8nsker dem Guds velsignelse og n\u00e5de!<\/h5>\n<p><img loading=\"lazy\" decoding=\"async\" src=\"https:\/\/www.stjoseph.no\/wp-content\/uploads\/2019\/01\/1.-l\u00f8fter-med-p.-Neve-2019-12.1.2019-300x225.jpg\" sizes=\"auto, (max-width: 252px) 100vw, 252px\" srcset=\"https:\/\/www.StJoseph.no\/wp-content\/uploads\/2019\/01\/1.-l\u00f8fter-med-p.-Neve-2019-12.1.2019-300x225.jpg 300w, https:\/\/www.StJoseph.no\/wp-content\/uploads\/2019\/01\/1.-l\u00f8fter-med-p.-Neve-2019-12.1.2019-768x576.jpg 768w, https:\/\/www.StJoseph.no\/wp-content\/uploads\/2019\/01\/1.-l\u00f8fter-med-p.-Neve-2019-12.1.2019.jpg 879w\" alt=\"\" width=\"252\" height=\"189\" \/><\/p>\n<h6>1.bilde: v.t.h. Sr.Mai Teresa,P.Neve,Sr.Lucia<\/h6>\n<h5><img loading=\"lazy\" decoding=\"async\" src=\"https:\/\/www.stjoseph.no\/wp-content\/uploads\/2019\/01\/20190112_182953-300x169.jpg\" sizes=\"auto, (max-width: 252px) 100vw, 252px\" srcset=\"https:\/\/www.StJoseph.no\/wp-content\/uploads\/2019\/01\/20190112_182953-300x169.jpg 300w, https:\/\/www.StJoseph.no\/wp-content\/uploads\/2019\/01\/20190112_182953-768x432.jpg 768w, https:\/\/www.StJoseph.no\/wp-content\/uploads\/2019\/01\/20190112_182953-1024x576.jpg 1024w\" alt=\"\" width=\"252\" height=\"142\" \/><\/h5>\n<\/div>\n<\/div>\n<\/div>\n<p>2.bilde:v.t.h. Sr.Lucia, Sr.Mai Teresa, Sr.Anette<\/p>\n<div>\n<div>\n<div>\n<h5><img loading=\"lazy\" decoding=\"async\" src=\"https:\/\/www.stjoseph.no\/wp-content\/uploads\/2019\/01\/Italienske-gjester-12.-jan-2019-l\u00f8fteavleggelse-1.-sr.-Lucia-og-sr.-Mai-Teresa-300x225.jpg\" sizes=\"auto, (max-width: 248px) 100vw, 248px\" srcset=\"https:\/\/www.StJoseph.no\/wp-content\/uploads\/2019\/01\/Italienske-gjester-12.-jan-2019-l\u00f8fteavleggelse-1.-sr.-Lucia-og-sr.-Mai-Teresa-300x225.jpg 300w, https:\/\/www.StJoseph.no\/wp-content\/uploads\/2019\/01\/Italienske-gjester-12.-jan-2019-l\u00f8fteavleggelse-1.-sr.-Lucia-og-sr.-Mai-Teresa-768x576.jpg 768w, https:\/\/www.StJoseph.no\/wp-content\/uploads\/2019\/01\/Italienske-gjester-12.-jan-2019-l\u00f8fteavleggelse-1.-sr.-Lucia-og-sr.-Mai-Teresa.jpg 880w\" alt=\"\" width=\"248\" height=\"186\" \/><br \/>\n3. bilde: Bes\u00f8k fra St. Josephs\u00f8strene fra Italia<\/h5>\n<h5>\u00abF\u00e5 mennesker aner hva Gud kunne gj\u00f8re ut av dem,<br \/>\nom de bare uten forbehold ville overgi seg til<br \/>\nn\u00e5dens ledelse, om de tok avstand fra sin egoisme<br \/>\nog overgav seg helt i den guddommelige mesters<br \/>\nhender, s\u00e5 han kunne forme deres sjeler.\u00bb<br \/>\n(Ignatius av Loyola 1491-1556)<br \/>\n+++++++++++++++++++++++++++++++<\/h5>\n<\/div>\n<\/div>\n<\/div>\n<div id=\"page\">\n<div id=\"content\">\n<div id=\"post-4995\">\n<h2>V\u00e5re retretter 2019<\/h2>\n<div>\n<p><img loading=\"lazy\" decoding=\"async\" title=\"IMG_4318 retrettsenter best 2013 rev.\" src=\"https:\/\/www.stjoseph.no\/wp-content\/uploads\/2014\/01\/IMG_4318-retrettsenter-best-2013-rev..JPG\" alt=\"IMG_4318 retrettsenter best 2013 rev.\" width=\"314\" height=\"235\" \/><\/p>\n<div id=\"page\">\n<div id=\"content\">\n<div id=\"post-4659\">\n<div>\n<h3>R E T R E T T E R 2019<\/h3>\n<h5>Torsdag 24.- S\u00f8ndag 27. januar<br \/>\nkr 2300,\u2013 P. Rory SM, P. Erik SM<\/h5>\n<h5>RETRETTER I FASTETIDEN<br \/>\nTorsdag 7.- S\u00f8ndag 10. februar<br \/>\nkr 2300,\u2013 Sr. Anette CSJ og prest Arne Sand<br \/>\nP. Jo Neve SM, liturg<br \/>\nTorsdag 14- S\u00f8ndag 17. mars<br \/>\nkr 2300,\u2013 Bj\u00f8rg Eimstad, P. Erik SM<\/h5>\n<h5>Fredag 29. -S\u00f8ndag 31. mars<br \/>\nMedvandrer retrett<\/h5>\n<h5>Torsdag 4. \u2013 S\u00f8ndag 7. april<br \/>\nkr 2300,\u2013 Hilde R. Myhrer, Jeanine R. Ruyter<br \/>\nP. Jo Neve SM, liturg<\/h5>\n<h5>Torsdag 25. \u2013 S\u00f8ndag 28. april<br \/>\nkr 2300,\u2013 Bj\u00f8rg Eimstad og Sr. Marit CSJ<br \/>\nP. Jo Neve SM, liturg<\/h5>\n<h5>10 dagers retrett<br \/>\nFredag 3. \u2013 S\u00f8ndag 12.mai<br \/>\nkr 6000,\u2013Sr. Anette CSJ, prest Geir Gundersen<br \/>\nP. Jo Neve SM, liturg<br \/>\nFredag 28. juni- S\u00f8ndag 7. juli<br \/>\nkr 6000,\u2013P. Bill Clark SJ, p\u00e5 engelsk<br \/>\nOnsdag 10. juli til fredag 19.juli<br \/>\nkr 6000,\u2013P. Bill Clark SJ, p\u00e5 engelsk<\/h5>\n<h5 lang=\"nb-NO\">Torsdag 12. sept- S\u00f8ndag 15. sept<br \/>\nkr 2300,\u2013 Jeanine R. Ruyter, Hilde R. Myhrer<br \/>\nP. Neve SM, liturg<\/h5>\n<h4 lang=\"nb-NO\">RETRETTER I ADVENT\u00a0\u00a0\u00a0 2019<\/h4>\n<h5 lang=\"nb-NO\">Hver og en g\u00e5r svanger med Guds dr\u00f8m for skapelsen.<br \/>\nAlle b\u00e6rer vi i oss et fr\u00f8, gaver og evner til \u00e5 helbrede<br \/>\nv\u00e5r verden i tidens fylde \u2013 i v\u00e5r tid.<br \/>\nMester Eckhart sier: \u00abDette er tidens fylde, n\u00e5r<br \/>\nGuds S\u00f8nn (Kristus) blir unnfanget i oss.\u00bb<br \/>\nVi b\u00e6rer dette hellige l\u00f8fte i oss.<\/h5>\n<h6>tekst og bilde ved Mary Southard<\/h6>\n<h4><\/h4>\n<p><img loading=\"lazy\" decoding=\"async\" src=\"https:\/\/www.stjoseph.no\/wp-content\/uploads\/2018\/10\/Maria-som-svanger.png\" alt=\"\" width=\"279\" height=\"203\" \/><\/p>\n<h5>\u00a022-24.nov. Medvandrer retrett(lukket gruppe)<\/h5>\n<h5>Tors 28. nov.-S\u00f8ndag 1. desember<br \/>\nkr 2300,\u2013 Bj\u00f8rg Eimstad,P. Erik SM<\/h5>\n<h5>Tors 5.des \u2013 S\u00f8ndag 8. desember<br \/>\nkr 2300,\u2013 Sr. Marit CSJ, P. Rory SM<\/h5>\n<h5>Tors 12. des.- S\u00f8ndag 15. desember<br \/>\nkr 2300,\u2013 Sr. Anette CSJ, P. Rory SM<\/h5>\n<h5>Adresse:<br \/>\nSt. Joseph Retrettsenter<br \/>\nBrannvaktveien 5,<br \/>\n0489 Oslo<br \/>\nP\u00e5melding:<br \/>\nper e-post: <a href=\"mailto:retrett@stjoseph.no\">retrett@stjoseph.no<br \/>\nTlf<\/a>: 23 \u00a040 09 22( Sr. Marit)<br \/>\neller 23 \u00a040 09 34 ( Sr. Anette)<\/h5>\n<h5>RETRETT SENTER <a href=\"https:\/\/www.stjoseph.no\/?page_id=651\">(les mer)<\/a><\/h5>\n<h4>Loyola Senter <span lang=\"zxx\"><a href=\"https:\/\/www.stjoseph.no\/?page_id=3358\">(les mer)<\/a><\/span><\/h4>\n<h5>\u00a4\u00a4\u00a4\u00a4\u00a4\u00a4\u00a4\u00a4\u00a4\u00a4\u00a4\u00a4\u00a4\u00a4\u00a4\u00a4\u00a4\u00a4\u00a4\u00a4\u00a4\u00a4\u00a4\u00a4\u00a4\u00a4\u00a4\u00a4\u00a4\u00a4\u00a4\u00a4\u00a4\u00a4\u00a4\u00a4\u00a4\u00a4\u00a4\u00a4\u00a4\u00a4\u00a4<\/h5>\n<\/div>\n<\/div>\n<\/div>\n<\/div>\n<\/div>\n<\/div>\n<\/div>\n<\/div>\n<\/div>\n<\/div>\n<\/div>\n<\/div>\n<p>&nbsp;<\/p>\n","protected":false},"excerpt":{"rendered":"<p>Vi inviterer til julemarked 2019 St.Josephs\u00f8strenes Hjem Glads Vei 23, 0489 Oslo Tlf. 23 400 900 eller 23 400 920 Fredag, 8. og l\u00f8rdag, 9. november 2019 Begge dager fra kl. 10.00 til kl. 13.00 Hjertelig velkommen! NB! Varene kan ogs\u00e5 betales med bankkort eller vipps R E T R E T T E R &hellip; <a href=\"https:\/\/www.StJoseph.no\/?page_id=5530\" class=\"more-link\">Continue reading<span class=\"screen-reader-text\"> &#8220;Nyheter 2019&#8221;<\/span><\/a><\/p>\n","protected":false},"author":5,"featured_media":0,"parent":4894,"menu_order":23,"comment_status":"closed","ping_status":"closed","template":"","meta":{"footnotes":""},"class_list":["post-5530","page","type-page","status-publish","hentry"],"_links":{"self":[{"href":"https:\/\/www.StJoseph.no\/index.php?rest_route=\/wp\/v2\/pages\/5530","targetHints":{"allow":["GET"]}}],"collection":[{"href":"https:\/\/www.StJoseph.no\/index.php?rest_route=\/wp\/v2\/pages"}],"about":[{"href":"https:\/\/www.StJoseph.no\/index.php?rest_route=\/wp\/v2\/types\/page"}],"author":[{"embeddable":true,"href":"https:\/\/www.StJoseph.no\/index.php?rest_route=\/wp\/v2\/users\/5"}],"replies":[{"embeddable":true,"href":"https:\/\/www.StJoseph.no\/index.php?rest_route=%2Fwp%2Fv2%2Fcomments&post=5530"}],"version-history":[{"count":27,"href":"https:\/\/www.StJoseph.no\/index.php?rest_route=\/wp\/v2\/pages\/5530\/revisions"}],"predecessor-version":[{"id":6726,"href":"https:\/\/www.StJoseph.no\/index.php?rest_route=\/wp\/v2\/pages\/5530\/revisions\/6726"}],"up":[{"embeddable":true,"href":"https:\/\/www.StJoseph.no\/index.php?rest_route=\/wp\/v2\/pages\/4894"}],"wp:attachment":[{"href":"https:\/\/www.StJoseph.no\/index.php?rest_route=%2Fwp%2Fv2%2Fmedia&parent=5530"}],"curies":[{"name":"wp","href":"https:\/\/api.w.org\/{rel}","templated":true}]}}