{"id":3075,"date":"2016-04-01T10:15:32","date_gmt":"2016-04-01T08:15:32","guid":{"rendered":"http:\/\/www.StJoseph.no\/?page_id=3075"},"modified":"2025-02-17T10:34:21","modified_gmt":"2025-02-17T09:34:21","slug":"nyheter-2013","status":"publish","type":"page","link":"https:\/\/www.StJoseph.no\/?page_id=3075","title":{"rendered":"Nyheter 2016"},"content":{"rendered":"<div>\n<h2>&#8220;En Frelser er oss f\u00f8dt i dag, Han er Kristus Herren! &#8220;<\/h2>\n<h3>&#8220;Han f\u00e5r navnet Underfull R\u00e5dgiver&#8230;Fredsfyrste<\/h3>\n<h3 style=\"margin-bottom: 0cm; line-height: 100%;\">&#8220;Det folket som vandret i m\u00f8rket ser et stort lys&#8230;.<\/h3>\n<h3>(Jes 9:2,6)&#8221;<\/h3>\n<p style=\"margin-bottom: 0cm; line-height: 100%\"><img loading=\"lazy\" decoding=\"async\" title=\"th\" src=\"http:\/\/www.StJoseph.no\/wp-content\/uploads\/2016\/12\/th-300x300.jpg\" alt=\"th\" width=\"192\" height=\"192\" \/><\/p>\n<h3>Tall\u00f8se flyktninger er p\u00e5 flukt&#8230; p\u00e5 vandring&#8230;<\/h3>\n<h3>Gud m\u00f8ter oss i realiteter,\u00a0 i livets realiteter.<\/h3>\n<h3>La oss ikke g\u00e5 glipp av &#8220;\u00d8yeblikkets\u00a0\u00a0 Sakrament&#8221;.<\/h3>\n<p style=\"margin-bottom: 0cm; line-height: 100%\">\n<p style=\"margin-bottom: 0cm; line-height: 100%\"><span style=\"color: #000080;\"><span style=\"font-size: medium;\"><strong>En gledelig Jul og et n\u00e5defylt Nytt\u00e5r!<\/strong><\/span><\/span><\/p>\n<p style=\"margin-bottom: 0cm; line-height: 100%\"><span style=\"font-family: Comic Sans MS,serif;\"><span style=\"font-size: medium;\"><span style=\"font-weight: normal\"><br \/>\nTusen takk for alle hilsener og gaver!<\/span><\/span><\/span><\/p>\n<p style=\"margin-bottom: 0cm; line-height: 100%\"><span style=\"font-family: Comic Sans MS,serif;\"><span style=\"font-size: medium;\"><span style=\"font-weight: normal\">St. Josephs\u00f8strene.<\/span><\/span><\/span><\/p>\n<h2><span style=\"color: #ff0000;\">En hjertelig takk!<\/span><\/h2>\n<h2>Vi  vil gjerne takke alle som har bidradd til v\u00e5rt julemarked p\u00e5 fredag den  11. og l\u00f8rdagden 12.november. Som vanlig har det v\u00e6rt sv\u00e6rt vellykket.<br \/>\nDet var utrolig mange mennesker som fant veien til Grefsen og det var en god stemning.Vi takker alle som kom!<\/h2>\n<h3>En ekstra takk til alle som har bidratt til julemarked med strikking,hekling,brodering,sying, gimping og all slags h\u00e5ndarbeid!<\/h3>\n<h3>En  ekstra takk til kj\u00f8kkenet og personalet for julebakst,syltet\u00f8y og gode  kaker til kafeteria. Takk til alle som hjalp med til forberedelse av det  hele og for all innsats p\u00e5 de to dager. Vi takker alle v\u00e5re ansatte,  s\u00f8stre, medvandrer og andre frivillige som har gjort en stor innsats i  disse dager.<\/h3>\n<p><span style=\"font-size: large;\"><strong>Takk for alt, takk for godt samarbeid!<\/strong><\/span><\/p>\n<p><img loading=\"lazy\" decoding=\"async\" title=\"IMG_0598.jpg Mai Teresa og Lucia 4.9.2016\" src=\"http:\/\/www.stjoseph.no\/wp-content\/uploads\/2016\/09\/IMG_05982.jpg-Mai-Teresa-og-Lucia-4.9.20162-168x300.jpg\" alt=\"IMG_0598.jpg Mai Teresa og Lucia 4.9.2016\" width=\"168\" height=\"300\" \/><\/p>\n<h1 style=\"color: #333333; font-family: Arial, Helvetica, sans-serif; font-size: 12px;\"><em>EN GLEDELIG NYHET!<br \/>\n<\/em><\/h1>\n<h1 style=\"color: #333333; font-family: Arial, Helvetica, sans-serif; font-size: 12px;\"><em>To av v\u00e5re postulanter Lucia ( Vo My Thi Thy) og Mai Teresa( Mai Tuyet Thi Nhung) ble tatt opp i novisiatet p\u00e5 s\u00f8ndag den 4. september 2016 under en enkel ordets liturgi.<br \/>\nVi gratulerer og ber om forb\u00f8nn for dem.<\/em><\/h1>\n<p><em> <\/em><em> <\/em><\/p>\n<h2 style=\"color: #333333; font-family: Arial, Helvetica, sans-serif; font-size: 12px;\"><em>St. Josephs\u00f8strene.<\/em><\/h2>\n<p><em><br \/>\n<\/em><\/p>\n<p style=\"color: #333333; font-family: Arial, Helvetica, sans-serif; font-size: 12px;\"><img loading=\"lazy\" decoding=\"async\" style=\"padding: 0px; max-width: 100%;\" title=\"img049.jpg  Ingrid Marie i den nye drakten\" src=\"http:\/\/www.stjoseph.no\/wp-content\/uploads\/2016\/08\/img049.jpg-Ingrid-Marie-i-den-nye-drakten-300x255.jpg\" alt=\"img049.jpg  Ingrid Marie i den nye drakten\" width=\"300\" height=\"255\" \/><\/p>\n<h2 style=\"margin: 30px 0px 0px; color: #333333; font-family: Arial, Helvetica, sans-serif; font-size: 1.6em;\"><em>Sr. Ingrid Marie Nilsson feiret sin 90-\u00e5rs f\u00f8dselsdag!<\/em><\/h2>\n<h4 style=\"color: #333333; font-family: Arial, Helvetica, sans-serif; font-size: 12px;\"><em> <\/em>Sr. Ingrid Marie ble f\u00f8dt 18.08.1926 i Aasnes( Sol\u00f8r) og d\u00f8pt i Aasnes kirke 25. desember 1926.<br \/>\nP\u00e5 grunn av okkupasjonen i 1940, og skolen der hun bodde ble oppholdssted for soldater, kom hun tidlig ut i arbeidslivet. Hun var s\u00e5 heldig \u00e5 komme p\u00e5 Vor Frue Hospital i 1942. Hun tilh\u00f8rte den lutherske kirke, men konverterte til den katolske kirke 7. des 1944 i St. Olav kirke. F\u00f8r hun inntr\u00e5dde i klosteret jobbet hun 5 \u00e5r p\u00e5 Vor Frue Hospital og ble de siste to \u00e5r utdannet\u00a0 som laborant. Samtidig begynte hun i sin fritid \u00e5 g\u00e5 p\u00e5 Lindemans musikk konservatoriet med orgelspill som hovedfag og hadde kurs i kordireksjon, modulasjonsl\u00e6re, musikkteori, tonetreff, musikkdiktat og harmonil\u00e6re.<\/h4>\n<h4 style=\"color: #333333; font-family: Arial, Helvetica, sans-serif; font-size: 12px;\"><img loading=\"lazy\" decoding=\"async\" style=\"margin: 0px 7px 2px 0px; padding: 4px; display: inline;\" title=\"img051.jpg sr. Ingrid Marie som 19 \u00e5ring\" src=\"http:\/\/www.stjoseph.no\/wp-content\/uploads\/2016\/08\/img051.jpg-sr.-Ingrid-Marie-som-19-%C3%A5ring-204x300.jpg\" alt=\"img051.jpg sr. Ingrid Marie som 19 \u00e5ring\" width=\"124\" height=\"183\" \/><\/h4>\n<h4 style=\"color: #333333; font-family: Arial, Helvetica, sans-serif; font-size: 12px;\"><img loading=\"lazy\" decoding=\"async\" title=\"img047.jpg Ingrid Marie i den gamle drakten\" src=\"http:\/\/www.stjoseph.no\/wp-content\/uploads\/2016\/08\/img047.jpg-Ingrid-Marie-i-den-gamle-drakten-207x300.jpg\" alt=\"img047.jpg Ingrid Marie i den gamle drakten\" width=\"125\" height=\"182\" \/><\/h4>\n<h4 style=\"color: #333333; font-family: Arial, Helvetica, sans-serif; font-size: 12px;\"><span style=\"font-weight: normal;\"><strong>Da hun \u00f8nsket \u00e5 f\u00f8lge sitt kall til St. Josephs\u00f8ster, ble hun sendt til Frankrike. <\/strong><\/span>I Chamb\u00e9ry-Bellecombette, Savoyen begynte hun sitt postulat sammen med tre franske kandidater den 19.09.1947. Etter litt over to \u00e5r, var hun tilbake i det norske provincialhus i Oslo. Hun avla\u00a0 sine f\u00f8rste l\u00f8fter i 1950 og evige l\u00f8fter i 1953 i St. Josephs kapell i Oslo.<\/h4>\n<h4 style=\"color: #333333; font-family: Arial, Helvetica, sans-serif; font-size: 12px;\">I 1951 begynte hun p\u00e5 Oslo L\u00e6rerskole, fire-\u00e5rig linje, og tok l\u00e6rereksamen i 1955. Deretter arbeidet hun som l\u00e6rer p\u00e5 St. Sunniva skole inntil sommeren 1969 . Da fikk hun et sabbats\u00e5r i Tyskland. Hun fulgte en del forelesninger p\u00e5 Universitetet i M\u00fcnster og tok dessuten\u00a0 teologi:Lille Missio Canonica. Tilbake i Norge trengtes en s\u00f8ster\u00a0 til kommuniteten i Kristiansand. Der var hun organist og kateket i menigheten og arbeidet som l\u00e6rer p\u00e5 Solholmen skole i ca. 6 \u00e5r.\u00a0 I 1976 flyttet hun fra Kristiansand til Fredrikstad, hvor hun var ca 6 \u00e5r. Hun arbeidet som l\u00e6rer p\u00e5 forskjellige skoler. Dessuten var hun\u00a0 organist og kateket i menigheten og dannet et kor for voksne og hun hjalp ogs\u00e5 en ung gymnasiast \u00e5 danne barnekor. I begge disse menigheter var hun aktivt med i alt som foregikk p\u00e5 \u201cmenighetsfronten.\u201d I 1983 deltok hun i et teologi-kurs i Roma i Ignatiansk spiritualitet.  Det ble holdt\u00a0 i Borgo Santo Spirito. Etter kurset der, fulgte hun en  del\u00a0 forelesninger i det pavelige Institutt for ordensfolk :Regina  Mundi. Etter noen \u00e5r som forstanderinne i Oslo og Porsgrunn kom hun tilbake til St. Sunniva hvor hun arbeidet som Noa-l\u00e6rer.\u00a0 Da var det bare tre s\u00f8stre igjen som bodde p\u00e5 skolen, og alle tre flyttet derfra i 1993. Det siste stedet\u00a0 ble Grefsen, som n\u00e5 er blitt v\u00e5rt hovedsenter. Hennes oppgave er fremdeles: organist og pynting av kapellet.<\/h4>\n<h4 style=\"color: #333333; font-family: Arial, Helvetica, sans-serif; font-size: 12px;\"><img loading=\"lazy\" decoding=\"async\" title=\"img050.jpg p\u00e5 tur med St. Sunniva i Roma\" src=\"http:\/\/www.stjoseph.no\/wp-content\/uploads\/2016\/08\/img0502.jpg-p%C3%A5-tur-med-St.-Sunniva-i-Roma2-300x209.jpg\" alt=\"img050.jpg p\u00e5 tur med St. Sunniva i Roma\" width=\"300\" height=\"209\" \/><\/h4>\n<h4 style=\"color: #333333; font-family: Arial, Helvetica, sans-serif; font-size: 12px;\">Hva har holdt sr. Ingrid Marie s\u00e5 ung og sprek? Hun har v\u00e6rt med p\u00e5 s\u00e5 um\u00e5telig mye i sitt liv. Hun har reist en god del\u00a0 b\u00e5de til\u00a0 USA, Israel, Tyskland, Roma, Sverige, Danmark og flere ganger til Frankrike. Livet har v\u00e6rt beveget med spennende oppgaver og utfordringer. Det som vi vil fremheve av hennes mange gode og fine egenskaper er at hun alltid har v\u00e6rt engasjert og villig\u00a0 til \u00e5 tjene felleskapet, om det gjaldt husarbeid, oppvask, vaske vegger og tak eller orgelspill. Hun har brukt sitt lange liv i tjeneste for andre.<\/h4>\n<p><img loading=\"lazy\" decoding=\"async\" title=\"hverdagsliv-00865\" src=\"http:\/\/www.stjoseph.no\/wp-content\/uploads\/2009\/12\/hverdagsliv-00865-200x300.jpg\" alt=\"hverdagsliv-00865\" width=\"200\" height=\"300\" \/><\/p>\n<h4 style=\"color: #333333; font-family: Arial, Helvetica, sans-serif; font-size: 12px;\">Hun er meget opptatt av \u00e5 bringe mennesker n\u00e6rmere Gud og det har hun gjort b\u00e5de i b\u00f8nne- og samtalegrupper. Hun har v\u00e6rt tilstede hos mennesker som hadde det\u00a0 vanskelig i livet. Som det heter i v\u00e5re konstitusjoner \u201d \u00e5 v\u00e6re der, hvor n\u00f8den er st\u00f8rst\u201d.<\/h4>\n<h4 style=\"color: #333333; font-family: Arial, Helvetica, sans-serif; font-size: 12px;\">Hun er en meds\u00f8ster som bringer med seg mye glede og hun har et lyst sinn. Som hun alltid sier,\u201d jeg er gammel, men hjertet mitt er ungt\u201d. Hun er ivrig til \u00e5 undervise i norsk\u00a0 v\u00e5re nye kandidater og noviser.<\/h4>\n<h4 style=\"color: #333333; font-family: Arial, Helvetica, sans-serif; font-size: 12px;\">Hun er et godt eksempel p\u00e5 trofasthet\u00a0 i b\u00f8nn. Hver morgen har hun sin stille meditasjon fra kl. 6.30-7.30. Hun har en inderlighet i b\u00f8nn &#8211;\u00a0 et \u201d barnlig\u201d sinn! Hun er veldig interessert i hva som foreg\u00e5r i Kirken\u00a0 og samfunn og engasjerer seg.<\/h4>\n<h3 style=\"color: #333333; font-family: Arial, Helvetica, sans-serif; font-size: 12px;\">Vi skylder henne en stor takk og \u00f8nsker henne enda mange gode \u00e5r iblant oss.<\/h3>\n<h3 style=\"color: #333333; font-family: Arial, Helvetica, sans-serif; font-size: 12px;\">St. Josephs\u00f8strene.<\/h3>\n<h3 style=\"margin: 30px 0px 0px; padding: 0px; color: #333366; font-family: Arial, Helvetica, sans-serif; font-size: 1.3em;\">\u00a4\u00a4\u00a4\u00a4\u00a4\u00a4\u00a4\u00a4\u00a4\u00a4\u00a4\u00a4\u00a4\u00a4\u00a4\u00a4\u00a4\u00a4\u00a4\u00a4\u00a4\u00a4\u00a4\u00a4\u00a4\u00a4\u00a4\u00a4\u00a4\u00a4\u00a4\u00a4\u00a4\u00a4\u00a4\u00a4\u00a4\u00a4\u00a4\u00a4\u00a4\u00a4\u00a4\u00a4\u00a4\u00a4\u00a4\u00a4\u00a4\u00a4<\/h3>\n<h3 style=\"margin: 30px 0px 0px; padding: 0px; color: #333366; font-family: Arial, Helvetica, sans-serif; font-size: 1.3em;\">Sr. Marianne Tran Thi Quyen avlegger sine f\u00f8rste l\u00f8fter og f\u00e5r kongregasjonens kors!<\/h3>\n<p style=\"color: #333333; font-family: Arial, Helvetica, sans-serif; font-size: 12px;\"><img loading=\"lazy\" decoding=\"async\" style=\"margin: 0px 7px 2px 0px; padding: 4px; display: inline; max-width: 100%;\" title=\"Anette l\u00f8fteavleggelse Marianne\" src=\"http:\/\/www.stjoseph.no\/wp-content\/uploads\/2016\/08\/Anette-l%C3%B8fteavleggelse-Marianne-300x168.jpg\" alt=\"Anette l\u00f8fteavleggelse Marianne\" width=\"300\" height=\"168\" \/><\/p>\n<p style=\"color: #333333; font-family: Arial, Helvetica, sans-serif; font-size: 12px;\"><img loading=\"lazy\" decoding=\"async\" style=\"margin: 0px 7px 2px 0px; padding: 4px; display: inline; max-width: 100%;\" title=\"IMG_0252\" src=\"http:\/\/www.stjoseph.no\/wp-content\/uploads\/2016\/08\/IMG_0252-300x224.jpg\" alt=\"IMG_0252\" width=\"300\" height=\"224\" \/><\/p>\n<h3 style=\"margin: 30px 0px 0px; padding: 0px; color: #333366; font-family: Arial, Helvetica, sans-serif; font-size: 1.3em;\">Et tegn p\u00e5 h\u00e5p, glede og liv for den norske og italienske provinsen!<\/h3>\n<h4 style=\"color: #333333; font-family: Arial, Helvetica, sans-serif; font-size: 12px;\">Unge italienske s\u00f8stre var invitert til \u00e5 delta p\u00e5 avleggelsen av de f\u00f8rste klosterl\u00f8fter til sr. Marianne i Norge.Det var en spontan invitasjon av unge s\u00f8stre, sammen med Generalr\u00e5ds\u00f8steren og provinsialen fra Italia til Norge p\u00e5 l\u00f8fteavleggelsen av Sr. Marianne, Tran Thi Quyen\u00a0 den 13. august 2016.Sr. Mariannes mor og s\u00f8ster fra Vietnam var ogs\u00e5 invitert. Det var en h\u00f8ytidelig festmesse ved Pater Jo Neve SM og etterp\u00e5 en enkel mottagelse og vi takker alle som kom b\u00e5de venner, medlemmer fra menigheten, prester og s\u00f8stre fra andre kongregasjoner. Tusen takk for alle blomster, gaver,\u00a0 lykk\u00f8nskninger og hilsener.<\/h4>\n<p style=\"color: #333333; font-family: Arial, Helvetica, sans-serif; font-size: 12px;\"><img loading=\"lazy\" decoding=\"async\" style=\"margin: 0px 7px 2px 0px; padding: 4px; display: inline; max-width: 100%;\" title=\"IMG_0441.JPG first vows 13. 08. 2016  Norway \u2013 Kopi.jpg hjemmesiden\" src=\"http:\/\/www.stjoseph.no\/wp-content\/uploads\/2016\/08\/IMG_0441.JPG-first-vows-13.-08.-2016-Norway-%E2%80%93-Kopi1.jpg-hjemmesiden1-168x300.jpg\" alt=\"IMG_0441.JPG first vows 13. 08. 2016  Norway \u2013 Kopi.jpg hjemmesiden\" width=\"168\" height=\"300\" \/><\/p>\n<h5 style=\"color: #333333; font-family: Arial, Helvetica, sans-serif;\">fra v.til h. Sr. Vanessa(junioratss\u00f8ster<br \/>\nsr. Mariaelena(Generalr\u00e5dss\u00f8ster )<br \/>\nsr. Marianne<br \/>\nsr. Cristina (provincial i den Italienske provinsen)<br \/>\nsr. Veronika (junioratss\u00f8ster)<\/h5>\n<h4 style=\"color: #333333; font-family: Arial, Helvetica, sans-serif; font-size: 12px;\">De unge s\u00f8stre hadde noen fine dager sammen og selv om man snakket forskjellige spr\u00e5k og kom fra andre kulturer s\u00e5 var det en veldig glad og famili\u00e6r stemning iblant alle. Dette lover godt for videre samarbeid med den norske og italienske provinsen som har unge s\u00f8stre under utdanningen.<\/h4>\n<h5 style=\"color: #333333; font-family: Arial, Helvetica, sans-serif;\"><img loading=\"lazy\" decoding=\"async\" title=\"JuniorS\u00f8stre\" src=\"http:\/\/www.stjoseph.no\/wp-content\/uploads\/2016\/08\/JuniorS\u00f8stre-300x168.png\" alt=\"JuniorS\u00f8stre\" width=\"300\" height=\"168\" \/><\/h5>\n<h5 style=\"color: #333333; font-family: Arial, Helvetica, sans-serif;\"><img loading=\"lazy\" decoding=\"async\" style=\"margin: 0px 7px 2px 0px; padding: 4px; display: inline;\" title=\"IMG_0444.jpg mor, Anette, Marianne, Marit, s\u00f8ster\" src=\"http:\/\/www.stjoseph.no\/wp-content\/uploads\/2016\/08\/IMG_0444.jpg-mor-Anette-Marianne-Marit-s%C3%B8ster-300x168.jpg\" alt=\"IMG_0444.jpg mor, Anette, Marianne, Marit, s\u00f8ster\" width=\"300\" height=\"168\" \/><\/h5>\n<h5 style=\"color: #333333; font-family: Arial, Helvetica, sans-serif;\">V\u00e5re 6 juniorats\u00f8stre, 2 postulanter og 2 kandidater og Sr. Mariannes s\u00f8ster<\/h5>\n<h5 style=\"color: #333333; font-family: Arial, Helvetica, sans-serif;\">Sr. Mariannes mor Bui Thi Bon, Sr. Anette, Sr. Marianne,<br \/>\nSr. Marit og sr. Mariannes s\u00f8ster Tran Thi Thao.<\/h5>\n<p style=\"color: #333333; font-family: Arial, Helvetica, sans-serif; font-size: 12px;\"><strong>En gledelig nyhet!<br \/>\n<\/strong><\/p>\n<p style=\"color: #333333; font-family: Arial, Helvetica, sans-serif; font-size: 12px;\"><strong>V\u00e5r novise Marianne, Tran Thi Quyen avlegger sine f\u00f8rste l\u00f8fter p\u00e5 Grefsen under en enkel festmesse med Pater Jo Neve,SM\u00a0 i<br \/>\nkapellet p\u00e5 L\u00e5ven, Gladsvei 23, 0489 Oslo. Festmessen er p\u00e5 l\u00f8rdag kl. 11.00, den 13. august 2016. Etterp\u00e5 er alle hjertelig\u00a0 velkomne til en enkel mottagelse i s\u00f8strenes dagligstue! Vi ber om forb\u00f8nn for Marianne!<\/strong><\/p>\n<h3 style=\"margin: 30px 0px 0px; padding: 0px; color: #333366; font-family: Arial, Helvetica, sans-serif; font-size: 1.3em;\">\u00a4\u00a4\u00a4\u00a4\u00a4\u00a4\u00a4\u00a4\u00a4\u00a4\u00a4\u00a4\u00a4\u00a4\u00a4\u00a4\u00a4\u00a4\u00a4\u00a4\u00a4\u00a4\u00a4\u00a4\u00a4\u00a4\u00a4\u00a4\u00a4\u00a4\u00a4\u00a4\u00a4\u00a4\u00a4\u00a4\u00a4\u00a4\u00a4\u00a4\u00a4\u00a4\u00a4\u00a4\u00a4\u00a4\u00a4\u00a4\u00a4\u00a4\u00a4\u00a4\u00a4\u00a4\u00a4<\/h3>\n<h3 style=\"margin: 30px 0px 0px; padding: 0px; color: #333366; font-family: Arial, Helvetica, sans-serif; font-size: 1.3em;\">V\u00e5re to nye kandidater ankom\u00a0 p\u00e5 flyplassen Gardermoen den 27.juli 2016.<\/h3>\n<h3 style=\"margin: 30px 0px 0px; padding: 0px; color: #333366; font-family: Arial, Helvetica, sans-serif; font-size: 1.3em;\">Vi \u00f8nsker dem velkommen til Norge!<\/h3>\n<p style=\"color: #333333; font-family: Arial, Helvetica, sans-serif; font-size: 12px;\"><img decoding=\"async\" style=\"margin: 0px 7px 2px 0px; padding: 4px; display: inline; max-width: 100%;\" title=\"27. juli\" src=\"http:\/\/www.stjoseph.no\/wp-content\/uploads\/2016\/08\/27.-juli.jpg\" alt=\"27. juli\" width=\"430\" \/><\/p>\n<p style=\"color: #333333; font-family: Arial, Helvetica, sans-serif; font-size: 12px;\">P\u00e5 bildet: Sr. Elisabeth, kandidaten Laura, sr. Gunhild og kandidaten Tanja<\/p>\n<h3 style=\"margin: 30px 0px 0px; padding: 0px; color: #333366; font-family: Arial, Helvetica, sans-serif; font-size: 1.3em;\">\u00a4\u00a4\u00a4\u00a4\u00a4\u00a4\u00a4\u00a4\u00a4\u00a4\u00a4\u00a4\u00a4\u00a4\u00a4\u00a4\u00a4\u00a4\u00a4\u00a4\u00a4\u00a4\u00a4\u00a4\u00a4\u00a4\u00a4\u00a4\u00a4\u00a4\u00a4\u00a4\u00a4\u00a4\u00a4\u00a4\u00a4\u00a4\u00a4\u00a4\u00a4\u00a4\u00a4\u00a4\u00a4\u00a4\u00a4\u00a4\u00a4\u00a4\u00a4\u00a4\u00a4\u00a4<\/h3>\n<h3 style=\"margin: 30px 0px 0px; padding: 0px; color: #333366; font-family: Arial, Helvetica, sans-serif; font-size: 1.3em;\">ST.JOSEPHS\u00d8STRENE AV CHAMB\u00c9RY DEN NORSKE ORDENSPROVINS<\/h3>\n<p style=\"color: #333333; font-family: Arial, Helvetica, sans-serif; font-size: 12px;\"><strong>hadde sitt provinskapittel og valgte et nytt styret for 5 \u00e5r. Vi fikk godkjennelsen fra Roma den 21. juni 2016. Provinsr\u00e5det best\u00e5r av Sr. Marit Brinkman, som ble gjenvalgt som provinsforstanderinne og provinsr\u00e5ds\u00f8stre Sr. Marie-Kristin Riosianu, Sr. Gunhild Abeln, Sr. Hedwig-Marie Hergenhahn og Sr. Anette Moltubakk.<br \/>\nEmnet for provinskapittel var: \u201d Alle \u00f8nsker \u00e5 ta fatt p\u00e5 sin oppgave med entusiasme og glede.<br \/>\nTiden bringer sikkert ogs\u00e5 en del utfordringer og vi ber om alles forb\u00f8nn!<\/strong><\/p>\n<h3>Provinskapittel hos St. Josephs\u00f8strene p\u00e5 Grefsen!<\/h3>\n<p>Fra den 21.3-23.3.2016 hadde St. Josephs\u00f8strene sitt provinskapittel<br \/>\nhvor et nytt\u00a0 lederteam ble valgt. Generalpriorinnen Sr. Sally Hodgdon<br \/>\nvar ogs\u00e5 tilstede og det var et godt og inspirerende m\u00f8te.<br \/>\nForut for valgkapittel hadde vi tre weekender hvor vi dr\u00f8ftet<br \/>\nv\u00e5re forskjellige oppgaver og v\u00e5rt engasjement i Kirken og samfunnet.<br \/>\nDet var mye h\u00e5p og \u00e5penhet for fremtiden.<br \/>\nVi ber om forb\u00f8nn for det nye teamet som har tatt imot denne tjenesten<br \/>\nfor 5 \u00e5r for provinsen.<\/p>\n<p>fra venstre til h\u00f8yre: r\u00e5ds\u00f8strene Sr. Gunhild Abeln, Sr. Hedwig-Marie Hergenhahn, Sr. Marie-Kristin Riosianu,<br \/>\nSr. Marit Brinkmann(provinsforstanderinne) og sr. Anette Moltubakk (r\u00e5ds\u00f8ster)<\/p>\n<p><img loading=\"lazy\" decoding=\"async\" title=\"IMG_0289.jpg provinskap. hjemmeside\" src=\"http:\/\/www.stjoseph.no\/wp-content\/uploads\/2016\/03\/IMG_02891.jpg-provinskap.-hjemmeside1-300x168.jpg\" alt=\"IMG_0289.jpg provinskap. hjemmeside\" width=\"300\" height=\"168\" \/><\/p>\n<p><strong>\u00a4\u00a4\u00a4\u00a4\u00a4\u00a4\u00a4\u00a4\u00a4\u00a4\u00a4\u00a4\u00a4\u00a4\u00a4\u00a4\u00a4\u00a4\u00a4\u00a4\u00a4\u00a4\u00a4\u00a4\u00a4\u00a4\u00a4\u00a4\u00a4\u00a4\u00a4\u00a4\u00a4\u00a4\u00a4\u00a4\u00a4\u00a4\u00a4\u00a4\u00a4\u00a4\u00a4\u00a4\u00a4\u00a4\u00a4\u00a4\u00a4\u00a4\u00a4\u00a4\u00a4\u00a4\u00a4\u00a4<\/strong><\/div>\n<h4>B\u00f8nn for kall hos St. Josephs\u00f8strene den 3. mars<\/h4>\n<h4><img decoding=\"async\" title=\"csj\" src=\"http:\/\/www.katolsk.no\/organisasjon\/norge\/ordener\/csj\/csj.jpg\/@@images\/86095659-c449-4c97-bf7c-e41c456ef49b.jpeg\" alt=\"\" \/>F\u00f8rste torsdag i m\u00e5neden <a href=\"http:\/\/www.katolsk.no\/organisasjon\/okb\/kall\">ber de troende i Oslo katolske bisped\u00f8mme spesielt for kall til preste- og ordensliv<\/a>.  Alle menigheter og klostre i bisped\u00f8mmet oppfordres til \u00e5 gj\u00f8re dette  lokalt, og alle katolikker oppfordres til \u00e5 be alene og i familien.<\/h4>\n<h3><strong>Denne gangen blir kallsmessen feiret hos <a href=\"http:\/\/www.stjoseph.no\/\">St. Josephs\u00f8strene<\/a> p\u00e5 Grefsen, Gladsvei 23, 0489 Oslo. <\/strong><\/p>\n<p><strong>Det blir anledning til \u00e5 be korsveien kl. 17.30 siden det er fastetid.<br \/>\nDen hl. Messe er kl. 18.00 i Kapellet p\u00e5 l\u00e5ven, 3. etasje.<br \/>\nEtter den hl. Messe er alle hjertelig velkommen til kirkekaffen i s\u00f8strenes spisestue. Velkommen!<\/strong><\/p>\n<p>Veibeskrivelse: Trikk 11 retning Kjels\u00e5s, stoppested Gladsvei, 40 m tilbake s\u00e5 inngangen til St. Josephs\u00f8strenes Hjem<\/p>\n<p>\u00a4\u00a4\u00a4\u00a4\u00a4\u00a4\u00a4\u00a4\u00a4\u00a4\u00a4\u00a4\u00a4\u00a4\u00a4\u00a4\u00a4\u00a4\u00a4\u00a4\u00a4\u00a4\u00a4\u00a4\u00a4\u00a4<\/h3>\n<h3><span style=\"color: #000000;\"><span style=\"font-weight: normal;\"><strong>IMPULS I FASTETIDEN!<\/strong><\/span><\/span><\/h3>\n<p><strong>KORSVEI MEDITASJONER<br \/>\n<\/strong><\/p>\n<p><strong><span style=\"font-weight: normal;\"> <\/span><\/strong><\/p>\n<p><span style=\"font-weight: normal;\"><img loading=\"lazy\" decoding=\"async\" src=\"http:\/\/media-cache-ec0.pinimg.com\/736x\/65\/ab\/b3\/65abb300b753febc683fb73aa9aaf711.jpg\" alt=\"\" width=\"350\" height=\"280\" \/><br \/>\n<\/span><\/p>\n<p><strong> <\/strong><\/p>\n<p>Passion of Earth, Mary Southard,CSJ<\/p>\n<p><strong><br \/>\n<\/strong><\/p>\n<p><strong>DEN SOM IKKE B\u00c6RER SITT KORS OG F\u00d8LGER ETTER MEG, <\/strong><\/p>\n<p><strong>KAN IKKE V\u00c6RE MIN DISIPPEL! Luk 14,27<\/strong><\/p>\n<h3><span style=\"font-weight: normal;\"><strong>I fastetiden\u00a0 tilbyr vi\u00a0 korsvei<\/strong> <strong>meditasjoner<br \/>\n<\/strong><\/span><\/h3>\n<h3><span style=\"font-weight: normal;\"><strong>St. Josephs\u00f8strene <\/strong><\/span><\/h3>\n<h3><span style=\"font-weight: normal;\"><strong>Gladsveien 23, 0489 Oslo<\/strong>.<\/span><\/h3>\n<p><strong>EN HJELP TIL OSS ALLE\u00a0 TIL B\u00d8NN OG SAMLING\u00a0 I FASTETIDEN!<\/strong><\/p>\n<h3><strong>Korsvei meditasjoner finner sted p\u00e5\u00a0 fredager-<br \/>\n5 fredager \u00a0 i fastetiden:<\/strong><\/h3>\n<h3><span style=\"font-weight: normal;\"><strong>Fredag\u00a0 den 12.februar, 19. februar, 26. februar, 4. mars, og 11. mars<br \/>\nog 18. mars<br \/>\n<\/strong><\/span><\/h3>\n<h3><strong>Tidspunkt:\u00a0 kl. 20.00<br \/>\n<\/strong><\/h3>\n<p><span style=\"font-weight: normal;\"><strong>Vi m\u00f8tes i resepsjonen i hovedhuset og begynner\u00a0 i\u00a0 hovedhusets kapell.<br \/>\nVi g\u00e5r korsveien p\u00e5 en meditativ m\u00e5te og m\u00f8tes deretter til en stille\u00a0 avslutning<br \/>\ni retrettsenterets kapell.<\/strong><br \/>\n<\/span><\/p>\n<p><span style=\"font-weight: normal;\"><strong>P\u00e5meldingen<\/strong> <strong>ikke n\u00f8dvendig<\/strong>, <strong>man kan bare<\/strong> <strong>m\u00f8te opp<\/strong>! <strong>Velkommen!<\/strong><\/span><\/p>\n<p><span style=\"font-weight: normal;\"><strong>Med trikk nr. 11 \u2013 retning Kjels\u00e5s,<\/strong><strong><br \/>\n<strong>stoppested: Gladsvei.<\/strong><br \/>\n<strong>Derfra ca. 40 m tilbake,<\/strong><br \/>\n<strong>inngang St. Josephs\u00f8strenes Hjem.<\/strong><br \/>\nHovedhuset er den store r\u00f8de mursteinsbygningen. G\u00e5 til hovedinngangen.<\/strong><\/span><\/p>\n<p><span style=\"font-weight: normal;\"><strong>Med bil:<\/strong><br \/>\n<strong>Kj\u00f8r Ring 3. Ved Storo oppover Grefsenveien.<\/strong><strong><br \/>\nLike f\u00f8r\u00a0 <strong>trafikklyset , Grefsenveien \u2013 Gladsvei. Inngang St. Josephs\u00f8strenes Hjem.<\/strong><br \/>\nHovedhuset er den store r\u00f8de mursteinsbygningen. G\u00e5 til hovedinngangen.<\/strong><\/span><\/p>\n<h2>S\u00f8ster Edel Winkelsett in Memoriam<\/h2>\n<p><img decoding=\"async\" title=\"Edel Winkelsett_web\" src=\"http:\/\/www.stjoseph.no\/wp-content\/uploads\/2016\/01\/Edel-Winkelsett_web1.jpg\" alt=\"Edel Winkelsett_web\" width=\"260\" \/><br \/>\n<strong>S\u00f8ster Edel Winkelsett f\u00f8dt 10.12.1924 i M\u00fcnster\/Westf. Tyskland.<br \/>\nD\u00f8de den 19. januar 2016 p\u00e5 St. Josephs\u00f8strenes Hjem p\u00e5 Grefsen<\/strong><\/p>\n<p><strong> <\/strong><\/p>\n<p><strong>Rekviem 26. januar 2016 kl 11.00 p\u00e5 St. Josephs\u00f8strenes Hjem p\u00e5 Grefsen, Gladsvei 23, O489 Oslo<br \/>\nDeretter begravelse p\u00e5 Grefsen kirkeg\u00e5rd.<\/strong><\/p>\n<p>Sr. Edel begynte sitt postulat i Albachten ved M\u00fcnster i mars 1950. Hennes familie bodde i Albachten.Det var nok spesielt \u00e5 v\u00e6re postulant i egen hjemby. 22.09. 1950 begynte hun sitt novisiat p\u00e5 Vor Frue Villa i Oslo.Hun avla sine \u00e5rlige l\u00f8fter i 1952 og sine evige l\u00f8fter 1955 p\u00e5 St.Joseph Institutt, i Oslo.<\/p>\n<p>S\u00f8ster Edel ble utdannet som sykepleier p\u00e5 Vor Frue Hospital 1954-1957 og tok senere kurs i administrasjon i 1970 og gruppeledelse i 1973.<\/p>\n<p>Sr. Edel var en dyktig sykepleier, hun ble avdelingsleder p\u00e5 Vor Frue Hospital.<br \/>\nHun var elsket og avholdt av pasienter, medarbeidere og leger. Hun arbeidet p\u00e5 Vor Frue Hospital i alt 25 \u00e5r, til vi solgte det i 1979. Etter vel et \u00e5r p\u00e5 St. Josephs Institutt flyttet hun til St. Joseph Hospital i Halden i 1981og var forstanderinne i kommuniteten p\u00e5 Mente Mengsgate i Halden. Fra 1988 til 1996 var hun sykepleier<br \/>\np\u00e5 St. Josephs\u00f8strenes Hjem, Grefsen. Ett \u00e5r bodde hun i Joseph Huset sammen med de unge s\u00f8stre som var under utdanning. Fra 1996 til 2016 tilh\u00f8rte hun kommuniteten i St. Josephs\u00f8strenes hjem og tok seg s\u00e6rlig avde syke p\u00e5 sykeavdelingen.<\/p>\n<p>Alle som har kjent sr. Edel vet hva for et fint og edelt menneske hun var. \u00ab Edel, min Edel \u00ab sa en eldre pasient og mente det han sa. Hun var enkel, liketil og hadde en beskjeden m\u00e5te \u00e5 m\u00f8te sine medmennesker p\u00e5.<\/p>\n<p>Hun kunne ogs\u00e5 v\u00e6re bestemt, n\u00f8ye og konsekvent som en god leder b\u00f8r v\u00e6re.<br \/>\nHun fikk med sitt vennlige str\u00e5lende smil lett kontakt med b\u00e5de unge og eldre. Det viste seg s\u00e6rlig da hun bodde i utdanningskommuniteten hvor ogs\u00e5 noen ungdommer kom til mandagsm\u00f8ter og hl. Messe i Joseph Huset.<br \/>\nDet sr. Edel sa var klok og veloverveiet og b\u00e5de prestekandidater og studenter stolte p\u00e5 sr. Edels trofaste b\u00f8nn.<br \/>\nHun har holdt god kontakt med venner og familie og hennes korrespondanse med nev\u00f8er og nieser kom til uttrykk p\u00e5 jubileer og fester med muntre innslag fra dem.<\/p>\n<p>I kommuniteten var hun lett \u00e5 leve sammen med og med sin sans for humor skapte hun en god og varm atmosf\u00e6re.Det som var rett var rett, og det var hun ikke redd for \u00e5 si, men hun var aldri d\u00f8mmende og pr\u00f8vde \u00e5 f\u00e5 det beste frem i den andre.<\/p>\n<p>Hun var trofast i sin b\u00f8nn og har bedt mange rosenkranser for prester, biskoper og hele v\u00e5rt bisped\u00f8mme.<br \/>\nHun likte ogs\u00e5 \u00e5 lese l\u00f8dig litteratur og fulgte med i Kirken og samfunnet. En hobby hun hadde var \u00e5 lese om kongefamilien.Ja, kanskje tilh\u00f8rte hun \u00abadelen\u00bb langt tilbake i slekten?<br \/>\nHun brukte fritiden flittig med \u00e5 strikke mange sokker til v\u00e5r julebasar. Hun var \u00e5pen for nye ting, men kanskje litt avventende. Dog overrasket hun oss alle, da vi anskaffet en elektrisk rullestol. Hun var den f\u00f8rste som tok den i bruk,selv om hun aldri hadde kj\u00f8rt bil, klarte hun \u00e5 h\u00e5ndtere den presist og n\u00f8yaktig. Hun fikk frihet til \u00e5 bevege seg uten \u00e5 bry andre.<\/p>\n<p>Selv om hun l\u00e5 p\u00e5 d\u00f8dsleie spurte hun hvordan vi hadde det og tenkte p\u00e5 de andre. De siste dagene var veien en tung korsvei,men hun gikk den helt bevisst med sin Gud. \u00abMin Jesus Barmhjertighet\u00bb var en b\u00f8nn hun alltid ba og den passer jo godt<br \/>\ntil Barmhjertighetens \u00e5r.<\/p>\n<p>Hun hadde ansvarlig stilling ved posten f\u00f8r hun kom i kloster. Dette har v\u00e6rt med p\u00e5 \u00e5 gj\u00f8re henne selvstendig og pliktoppfyllende. Hun m\u00e5tte fullf\u00f8re l\u00f8pet.<\/p>\n<p>De to siste dagene var de mest smertefulle og hun unnskyldte seg nesten hos V\u00e5r Herre og sa til Ham at hun ikke lenger hadde krefter igjen, og n\u00e5 m\u00e5tte Han komme henne til hjelp.<\/p>\n<p>Vi savner henne alle dypt og takker henne for det levende vitnesbyrd av dyp tro, kj\u00e6rlighet og barmhjertighet hun har gitt oss. Vi har f\u00e5tt en god forbeder i himmelen og anbefaler henne til alles forb\u00f8nn.<br \/>\nM\u00e5tte hun hvile i Guds store kj\u00e6rlighet!<\/p>\n<p>St. Josephs\u00f8strene<\/p>\n<p><strong>\u00a4\u00a4\u00a4\u00a4\u00a4\u00a4\u00a4\u00a4\u00a4\u00a4\u00a4\u00a4\u00a4\u00a4\u00a4\u00a4\u00a4\u00a4\u00a4\u00a4\u00a4\u00a4\u00a4\u00a4\u00a4\u00a4\u00a4\u00a4\u00a4\u00a4\u00a4\u00a4<\/strong><\/p>\n<p style=\"margin-bottom: 0cm; line-height: 100%\" lang=\"de-DE\"><span style=\"font-size: large;\"><span lang=\"de-DE\">Sr.Edel Winkelsett in Memoriam(tysk)<\/span><\/span><\/p>\n<p><span style=\"font-size: small;\"><span lang=\"de-DE\"><strong>Geboren:    10.12.1924 in M\u00fcnster\/Westf.<br \/>\n<\/strong><\/span><\/span><\/p>\n<p style=\"margin-bottom: 0cm; line-height: 100%\" lang=\"de-DE\"><span style=\"font-size: small;\"><span lang=\"de-DE\"><strong>Gestorben:<\/strong><\/span><\/span><span style=\"font-size: medium;\"><span lang=\"de-DE\"><strong> <\/strong><\/span><\/span><span style=\"font-size: small;\"><span lang=\"de-DE\"><strong>19.01.2016 in Grefsen\/Oslo<\/strong><\/span><\/span><\/p>\n<p style=\"margin-bottom: 0cm; line-height: 100%\" lang=\"de-DE\"><span style=\"font-size: small;\"><span lang=\"de-DE\"><strong>Das Requiem ist am Dienstag den 26.1.2016<br \/>\num 11 Uhr in der Christk\u00f6nigskapelle<br \/>\ndes St.Josephs\u00f8strenes Hjem, Gladsvei 23, 0489 Oslo. <\/strong><\/span><\/span><\/p>\n<p style=\"margin-bottom: 0cm; line-height: 100%\" lang=\"de-DE\"><span style=\"font-size: small;\"><span lang=\"de-DE\"><strong>Anschliessend ist die Beerdigung auf dem Friedhof in Grefsen.<\/strong><\/span><\/span><\/p>\n<p style=\"margin-bottom: 0cm; line-height: 100%\" lang=\"de-DE\">\n<p style=\"margin-bottom: 0cm; line-height: 100%\" lang=\"de-DE\"><span style=\"font-size: small;\"><span lang=\"de-DE\">Sr. Edel begann ihr Postulat in Albachten bei M\u00fcnster im M\u00e4rz 1950.<\/span><\/span>Ihre Familie wohnte in Albachten und es war ungew\u00f6hnlich, in der<span style=\"font-size: small;\"><span lang=\"de-DE\"><br \/>\neigenen Gemeinde Postulantin zu sein.<\/span><\/span><\/p>\n<p style=\"margin-bottom: 0cm; line-height: 100%\" lang=\"de-DE\"><span style=\"font-size: small;\"><span lang=\"de-DE\">Am 22.9.1950 begann sie ihr Noviziat in der Vor Frue Villa in Oslo.<br \/>\nIhre zeitlichen Gel\u00fcbde legte sie 1952 ab und die ewigen Gel\u00fcbde 1955<br \/>\nim St.Josephs Institutt in Oslo.<\/span><\/span><\/p>\n<p style=\"margin-bottom: 0cm; line-height: 100%\" lang=\"de-DE\"><span style=\"font-size: small;\"><span lang=\"de-DE\">Von 1954 \u2013 1957 bekam Sr.Edel ihre Ausbildung als Krankenschwester im<br \/>\nVor Frue Hospital. 1970  machte sie Kurse in Verwaltung und 1973 in Gruppenleitung.<\/span><\/span><\/p>\n<p style=\"margin-bottom: 0cm; line-height: 100%\" lang=\"de-DE\"><span style=\"font-size: small;\"><span lang=\"de-DE\">Sr. Edel war eine sehr gute Krankenschwester und wurde bald Stationsleiterin<br \/>\nim Vor Frue Hospital. Sie war bei Patienten, Mitarbeitern und \u00c4rzten beliebt und<br \/>\nangesehen. Sie arbeitete 25 Jahre im Vor Frue Hospital, bis wir es 1979 verkauften.<\/span><\/span><\/p>\n<p style=\"margin-bottom: 0cm; line-height: 100%\" lang=\"de-DE\"><span style=\"font-size: small;\"><span lang=\"de-DE\">Nach gut einem Jahr im St.Josephs Institutt kam sie 1981 ins St.Josephs Hospital<br \/>\nnach Halden und war Oberin in der Kommunit\u00e4t in Mette Mengsgate.<\/span><\/span><\/p>\n<p style=\"margin-bottom: 0cm; line-height: 100%\" lang=\"de-DE\"><span style=\"font-size: small;\"><span lang=\"de-DE\">Von 1988 \u2013 1996  war sie Krankenschwester im St.Josephs\u00f8strenes Hjem in Grefsen.<\/span><\/span><\/p>\n<p style=\"margin-bottom: 0cm; line-height: 100%\" lang=\"de-DE\"><span style=\"font-size: small;\"><span lang=\"de-DE\">Ein Jahr wohnte sie im Joseph Huset, zusammen mit den jungen Schwestern,<br \/>\ndie in der Ausbildung standen.<\/span><\/span><\/p>\n<p style=\"margin-bottom: 0cm; line-height: 100%\" lang=\"de-DE\"><span style=\"font-size: small;\"><span lang=\"de-DE\">Von 1996 \u2013 2016 geh\u00f6rte sie zur Kommunit\u00e4t im St.Josephs\u00f8strenes Hjem<br \/>\nund nahm sich besonders der Schwestern in der Krankenstation an.<\/span><\/span><\/p>\n<p><span style=\"font-size: small;\"><span lang=\"de-DE\">Alle, die Sr. Edel  kannten, wissen, was f\u00fcr ein feiner und edler Mensch sie war.\u00abEdel,  meine Edel\u00bb sagte ein \u00e4lterer Patient zu ihr, und er meinte was er  sagte! Sr. Edel war einfach, gerade heraus und bescheiden im Umgang mit  ihren Mitmenschen.<span style=\"font-style: normal\"> Sie konnte bestimmt und genau sein<\/span><\/span><\/span><span style=\"font-size: small;\"><span lang=\"de-DE\"><em>, <\/em><\/span><\/span><span style=\"font-size: small;\"><span lang=\"de-DE\"><span style=\"font-style: normal\">gute Eigenschaften f\u00fcr eine Leiterin. <\/span><\/span><\/span><\/p>\n<p style=\"margin-bottom: 0cm; line-height: 100%\" lang=\"de-DE\"><span style=\"font-size: small;\"><span lang=\"de-DE\">Mit  ihrem freundlichen, strahlenden L\u00e4cheln bekam sie leicht Kontakt mit  \u00e4lteren und jungen Menschen. Das zeigte sich besonders, als sie in der  Ausbildungskommunit\u00e4t im Joseph Huset wohnte. Dorthin kamen auch  Jugendliche zum Montagstreff und anschliessender hl.Messe.<\/span><\/span><\/p>\n<p style=\"margin-bottom: 0cm; line-height: 100%\" lang=\"de-DE\"><span style=\"font-size: small;\"><span lang=\"de-DE\">Was Sr. Edel sagte, war klug und wohl \u00fcberlegt, und sowohl Priesteramtskandidaten und Studenten vertrauten auf Sr. Edels Gebet.<\/span><\/span><\/p>\n<p><span style=\"font-size: small;\"><span lang=\"de-DE\"><span style=\"font-style: normal\">Sie  hatte guten Kontakt zur Familie und zu Freunden. Ihre Korrespondenz mit  Nichten und Neffen kam auf Jubil\u00e4en und Festen mit kreativen Geschenken  und \u00dcberraschungen von ihnen zum Ausdruck.<\/span><\/span><\/span><\/p>\n<p style=\"margin-bottom: 0cm; line-height: 100%\" lang=\"de-DE\"><span style=\"font-size: small;\"><span lang=\"de-DE\"><span style=\"font-style: normal\">Es war leicht mit ihr in der Kommunit\u00e4t zu leben, und mit ihrem Sinn f\u00fcr Humor schaffte<\/span><\/span><\/span><span style=\"font-size: small;\"><span lang=\"de-DE\"><em> <\/em><\/span><\/span><span style=\"font-size: small;\"><span lang=\"de-DE\"><span style=\"font-style: normal\">sie  eine gute und warme Atmosph\u00e4re. Sie hatte keine Angst zu sagen, was sie  f\u00fcr richtig hielt, aber sie verurteilte niemanden und versuchte immer,  das beste im anderen zu sehen.<\/span><\/span><\/span><\/p>\n<p><span style=\"font-size: small;\"><span lang=\"de-DE\"><span style=\"font-style: normal\">Sie  war immer mit in den gemeinsamen Gebetszeiten, und hat viele  Rosenkr\u00e4nze f\u00fcr Priester, Bisch\u00f6fe und unser ganzes Bistum gebetet. Sr.  Edel las gerne gute Literatur und sie folgte mit, was in Kirche und  Gesellschaft geschah.<\/span><\/span><\/span><\/p>\n<p><span style=\"font-size: small;\"><span lang=\"de-DE\"><span style=\"font-style: normal\">Sie  hatte ein besonderes Hobby: sie las alles \u00fcber die K\u00f6nigsfamilie. Ja,  vielleicht geh\u00f6rte sie ja Generationen zur\u00fcck zum \u00abAdel\u00bb? In ihrer  Freizeit strickte sie fleissig Socken f\u00fcr den Weihnachtsbazar. <\/span><\/span><\/span><\/p>\n<p><span style=\"font-size: small;\"><span lang=\"de-DE\"><span style=\"font-style: normal\">Sie  war offen f\u00fcr neue Dinge, vielleicht etwas abwartend.Doch sie  \u00fcberraschte uns alle, als wir einen elektrischen Rollstuhl anschafften.  Sie war die Erste, die ihn benutzte. Obwohl sie keinen F\u00fchrerschein  hatte, verstand sie ihn pr\u00e4zis und genau zu hantieren. Dadurch bekam sie  die Freiheit sich zu bewegen, ohne Hilfe von anderen.<\/span><\/span><\/span><\/p>\n<p><span style=\"font-size: small;\"><span lang=\"de-DE\"><span style=\"font-style: normal\">Selbst  auf dem Sterbebett dachte sie an die anderen und fragte uns, wie es uns  geht.Die letzten Tage waren ein Kreuzweg f\u00fcr sie, aber sie ging ihn  ganz bewusst mit ihrem Gott.<\/span><\/span><\/span><\/p>\n<p style=\"margin-bottom: 0cm; line-height: 100%\" lang=\"de-DE\"><span style=\"font-size: small;\"><span lang=\"de-DE\"><span style=\"font-style: normal\">\u00abMein Jesus Barmherzigkeit\u00bb war ein Gebet das sie immer wieder betete, und das passt ja gut im Jahr der Barmherzigkeit.<\/span><\/span><\/span><\/p>\n<p style=\"margin-bottom: 0cm; line-height: 100%\" lang=\"de-DE\"><span style=\"font-size: small;\"><span lang=\"de-DE\"><span style=\"font-style: normal\">Bevor Sr. Edel ins Kloster ging, hatte sie eine verantwortungsvolle Stelle bei der Post. <\/span><\/span><\/span><\/p>\n<p style=\"margin-bottom: 0cm; line-height: 100%\" lang=\"de-DE\"><span style=\"font-size: small;\"><span lang=\"de-DE\"><span style=\"font-style: normal\">Das hat ihr geholfen, selbstst\u00e4ndig und pflichtbewusst zu sein und einiges durchzustehen.<\/span><\/span><\/span><\/p>\n<p style=\"margin-bottom: 0cm; line-height: 100%\" lang=\"de-DE\"><span style=\"font-size: small;\"><span lang=\"de-DE\"><span style=\"font-style: normal\">Die  beiden letzten Tage waren sehr schmerzvoll. Sie entschuldigte sich  beinahe beim lieben Gott und sagte Ihm, sie habe keine Kr\u00e4fte mehr,  jetzt m\u00fcsste Er kommen und ihr helfen.<\/span><\/span><\/span><\/p>\n<p style=\"margin-bottom: 0cm; line-height: 100%\" lang=\"de-DE\"><span style=\"font-size: small;\"><span lang=\"de-DE\"><span style=\"font-style: normal\">Wir  vermissen sie alle sehr und danken ihr f\u00fcr ihr lebendiges Zeugnis im  Glauben, in der Liebe und  Barmherzigkeit. Wir haben eine gute  F\u00fcrsprecherin im Himmel und bitten f\u00fcr sie zu beten.<\/span><\/span><\/span><\/p>\n<p style=\"margin-bottom: 0cm; line-height: 100%\" lang=\"de-DE\"><span style=\"font-size: small;\"><span lang=\"de-DE\"><span style=\"font-style: normal\">M\u00f6ge sie ruhen in Gottes Barmherzigkeit und Frieden.<\/span><\/span><\/span><\/p>\n<p style=\"margin-bottom: 0cm; line-height: 100%\" lang=\"de-DE\"><span style=\"font-size: small;\"><span lang=\"de-DE\"><span style=\"font-style: normal\">St.Josephschwestern<\/span><\/span><\/span><\/p>\n<p>\u00a4\u00a4\u00a4\u00a4\u00a4\u00a4\u00a4\u00a4\u00a4\u00a4\u00a4\u00a4\u00a4\u00a4\u00a4\u00a4\u00a4\u00a4\u00a4\u00a4\u00a4\u00a4\u00a4\u00a4\u00a4\u00a4\u00a4\u00a4\u00a4\u00a4\u00a4\u00a4\u00a4\u00a4\u00a4\u00a4\u00a4\u00a4\u00a4\u00a4\u00a4\u00a4\u00a4\u00a4\u00a4\u00a4\u00a4<\/p>\n<p><strong>V\u00e5re retretter\u00a0 2016 <\/strong><\/p>\n<p>!<img loading=\"lazy\" decoding=\"async\" title=\"IMG_4318 retrettsenter best 2013 rev.\" src=\"http:\/\/www.stjoseph.no\/wp-content\/uploads\/2014\/01\/IMG_4318-retrettsenter-best-2013-rev..JPG\" alt=\"IMG_4318 retrettsenter best 2013 rev.\" width=\"314\" height=\"235\" \/><\/p>\n<h2><strong>S t. J o s e p h\u00a0 R e t r e t t s e n t e r<\/strong><\/h2>\n<p><strong> <\/strong>eies av St. Josephs\u00f8strene, Den Norske Ordensprovins.<br \/>\nVi driver sentret i samarbeid med<br \/>\nMaristpatrene og fra h\u00f8sten 2014 ogs\u00e5 sammen<br \/>\nmed noen veiledere som har f\u00e5tt trening hos<br \/>\nSt. Josephs\u00f8strene p\u00e5 Nes\u00f8ya. Disse veiledere<br \/>\nhar v\u00e6rt med p\u00e5 flere seminarer og retretter<br \/>\nledet av Jesuitter. Dessuten er de ogs\u00e5 deltagere<br \/>\ni den norsk \/skandinaviske Manresa gruppen,<br \/>\nsom\u00a0 m\u00f8tes en gang per m\u00e5ned- og en uke<br \/>\nhvert \u00e5r\u00a0 \u2013 til\u00a0 videre utdanning og fordypning<br \/>\nav ignatiansk spiritualitet. De er veiledere p\u00e5<br \/>\nLoyola senter, som fremmer den ignatianske<br \/>\nveiledningstradisjon i n\u00e6rt samarbeid med<br \/>\nretrett-teamet p\u00e5 St. Joseph retrettsenter.<br \/>\nF\u00f8lgende personer danner n\u00e5 retrett-teamet:<br \/>\nGeir Gundersen, Bj\u00f8rg Eimstad,<\/p>\n<p>Hilde Reinertsen Myhrer, Arne Sand,<br \/>\nPater Rory Mulligan SM, Pater Erik Ruud SM.<br \/>\nSr. Anette Moltubakk og Sr. Marit Brinkmann.<\/p>\n<p>Vi tilbyr b\u00e5de lengre retretter, helge-retretter<br \/>\nfra torsdag til s\u00f8ndag, eller\u00a0fra fredag til s\u00f8ndag.<br \/>\n(for studenter og ungdommer 30% rabatt)<\/p>\n<p><strong>I\u00a0b\u00f8nn og stillhet kan vi f\u00e5 et sterkere<br \/>\n<\/strong><strong>forhold til Jesus Kristus, slik at vi mer helhjertet<br \/>\n<\/strong><strong>kan f\u00f8lge Ham\u00a0og forkynne Ham ved v\u00e5rt liv.<\/strong><\/p>\n<h3>RETRETTER 2016<\/h3>\n<p>Tors 21.jan.-s\u00f8n 24.jan &#8211; legmarister (lukket gruppe)<br \/>\nkr. 2000,&#8211; P.Erik, P. Rory SM<\/p>\n<h3>RETRETTER I FASTETIDEN<\/h3>\n<p><span style=\"color: #000000;\"><span style=\"font-family: Garamond,serif;\"><span style=\"font-size: small;\"><span style=\"font-weight: normal\">Tors 11.febr-s\u00f8n 14.febr<br \/>\nkr. 2000,&#8211; P. Erik SM, Arne Sand<\/span><\/span><\/span><\/span><\/p>\n<p style=\"margin-bottom: 0.49cm; line-height: 100%\"><span style=\"font-family: Garamond,serif;\"><span style=\"font-size: small;\"><span style=\"font-weight: normal\">Tors 25.febr-s\u00f8n 28.febr<br \/>\nkr 2000,&#8211;Bj\u00f8rg Eimstad, P. Rory SM<\/span><\/span><\/span><\/p>\n<p style=\"margin-bottom: 0.49cm; line-height: 100%\"><span style=\"font-family: Garamond,serif;\"><span style=\"font-size: small;\"><span style=\"font-weight: normal\">Tors 10.mars -s\u00f8n13. Mars<br \/>\nkr 2000,&#8211;Hilde R.Myhrer, P.Rory SM<\/span><\/span><\/span><\/p>\n<p><span style=\"color: #ff9900;\"><strong>P\u00e5sketid<\/strong><\/span><br \/>\nTors 14.april-s\u00f8n 17.april<br \/>\nkr 2000,&#8211; Sr. Anette CSJ, P. Erik SM<\/p>\n<p style=\"margin-bottom: 0.49cm; line-height: 100%\"><span style=\"color: #009900;\"><span style=\"font-family: Garamond,serif;\"><span style=\"font-size: small;\"><strong>10 dagers retrett<\/strong><\/span><\/span><\/span><span style=\"color: #000000;\"> <\/span><\/p>\n<p><span style=\"color: #000000;\"><span style=\"font-family: Garamond,serif;\"><span style=\"font-size: small;\"><span style=\"font-weight: normal\">Tirs 3.mai-tors 12. mai Kr 5500,&#8211;<br \/>\nSr. Anette CSJ og Geir Gundersen<br \/>\nP. Jo Neve liturg<\/span><\/span><\/span><\/span><\/p>\n<p><span style=\"color: #009900;\"><strong>8 dagers retrett <\/strong><\/span><\/p>\n<p><span style=\"color: #000000;\"><span style=\"font-family: Garamond,serif;\"><span style=\"font-size: small;\"><span style=\"font-weight: normal\">Tors 26.mai-tors 2.juni<br \/>\nkr 4500,&#8211; P. Rainer Carls SJ<\/span><\/span><\/span><\/span><\/p>\n<p style=\"margin-bottom: 0.49cm; line-height: 100%\"><span style=\"color: #009900;\"><span style=\"font-family: Garamond,serif;\"><span style=\"font-size: small;\"><strong>10 dagers retrett <\/strong><\/span><\/span><\/span><span style=\"color: #000000;\"><span style=\"font-family: Garamond,serif;\"><span style=\"font-size: small;\"><span style=\"font-weight: normal\"><br \/>\nFre 15.juli- s\u00f8n 24.juli<br \/>\nkr 5500,&#8211;Sr. Marit CSJ<\/span><\/span><\/span><\/span><\/p>\n<h2><span style=\"color: #993300;\"><span style=\"font-size: small;\"><span style=\"font-weight: normal\">H\u00d8STRETRETTER<\/span><\/span><\/span><\/h2>\n<p>Tors 22.sept-s\u00f8n 25. september<br \/>\nkr 2000,&#8211; Sr. Marit CSJ, Geir Gundersen<br \/>\nP. Neve SM liturg<\/p>\n<h5><em>L\u00f8r 1.okt-18.oktober(lukket gruppe)Lunden Kloster<br \/>\n31.okt-3.nov. (\u00d8stre Borgesyssel)P. Rory og Arne Sand<br \/>\n7.nov.-10. nov. (\u00d8stre Borgesyssel)P. Rory og Arne Sand<br \/>\n15.nov.-17. nov.(Nedre Romerike)P. Rory og sr. Anette<\/em><\/h5>\n<p>Tors 20.okt-s\u00f8n 23.okt<br \/>\nkr 2000,&#8211;Hilde R. Myhrer, P. Erik SM<\/p>\n<p><span style=\"color: #cc00cc;\"><br \/>\n<\/span><span style=\"color: #cc00cc;\"><span style=\"font-size: medium;\"><strong>RETRETTER I ADVENT <\/strong><\/span><\/span><\/p>\n<p style=\"margin-bottom: 0.49cm; line-height: 100%\"><span style=\"font-family: Garamond,serif;\"><span style=\"font-size: small;\"><span style=\"font-weight: normal\">Tors 24. nov-s\u00f8n 27. nov<br \/>\nkr 2000,&#8211; Sr. Anette CSJ, P. Erik SM<\/span><\/span><\/span><\/p>\n<p>Tors 1. des-s\u00f8n 4. des<br \/>\nkr 2000,&#8211; Sr. Marit CSJ, P. Rory SM<br \/>\nfulltegnet(venteliste)<\/p>\n<p style=\"margin-bottom: 0.49cm; line-height: 100%\"><span style=\"font-family: Garamond,serif;\"><span style=\"font-size: small;\"><span style=\"font-weight: normal\">Tors 8. des- s\u00f8n 11. des<br \/>\nkr 2000,&#8211; Sr. Anette CSJ, P. Rory SM<br \/>\nfulltegnet(venteliste)<\/span><\/span><\/span><\/p>\n<p>L\u00f8rdag den 17. desember ( for \u00abmedvandrer\u00bb)<\/p>\n<h2><span style=\"color: #ff0000;\"><strong>Informasjon om\u00a0 alle v\u00e5re retretter<\/strong><\/span><\/h2>\n<p><strong>Adresse:<br \/>\nSt. Joseph Retrettsenter<br \/>\nBrannvaktveien 5,<br \/>\n0489 Oslo<br \/>\n<\/strong><span style=\"color: #0000ff;\"><strong>P\u00e5melding: <\/strong><\/span><strong><br \/>\nper e-post: <\/strong><span style=\"color: #000080;\"><span lang=\"zxx\"><span style=\"text-decoration: underline;\"><a href=\"mailto:retrett@stjoseph.no\"><strong>retrett@stjoseph.no<br \/>\nTlf<\/strong><\/a><\/span><\/span><\/span><strong>: 23 \u00a040 09 22( Sr. Marit) \u00a0eller 23 \u00a040 \u00a009 34 ( Sr. Christa)<\/strong><\/p>\n<p><strong>Veiledere kan n\u00e5es direkte p\u00e5 f\u00f8lgende telefonnummer:<br \/>\npater Rory Mulligan 63 \u00a081 93 \u00a076 eller 46465155<br \/>\npater Erik Ruud \u00a063 81 93 76 eller 40408209<br \/>\ns\u00f8ster Marit Brinkmann 23400922 eller 95131832<br \/>\nGeir Gundersen 90936431; Bj\u00f8rg Eimstad 92688958;<br \/>\nHilde R. Myhrer 67543158 eller 9o137045; Arne Sand 93032909<br \/>\ns\u00f8ster Anette Moltubakk\u00a0 23400935 eller 95936867<br \/>\nJeanine Rogge Ruyter 95143611<br \/>\neller se <\/strong><span style=\"color: #0000ff;\"><strong>Loyola Senter<\/strong><\/span><strong><br \/>\nRetrettene tilbringer vi i stillhet og b\u00f8nn. V\u00e5re<br \/>\ntideb\u00f8nner og den hl. Messe er en del av dagsrytmen.<br \/>\nPersonlig veiledning er en del av retretten.<br \/>\nRetrettene starter med aftens kl. 18.00 og avslutter<br \/>\nmed middagen kl 12.45.<\/strong><\/p>\n<p><strong>Plass p\u00e5 retretten er sikret n\u00e5r p\u00e5melding er<br \/>\nbekreftet og depositum betalt.<br \/>\nDepositum p\u00e5 kr. 400,- er en del av prisen og<br \/>\nreturneres ikke.<\/strong><\/p>\n<p><strong>Postbankkonto: 0530 17 80402<br \/>\nBankgirokonto: \u00a01607 18 23990 <\/strong><\/p>\n<p><span style=\"color: #0000ff;\"><strong>Veibeskrivelse til retrettsentret<\/strong><\/span><\/p>\n<p><strong>Med trikk nr. 11 \u2013 retning Kjels\u00e5s, stoppested:<br \/>\nGladsvei. Derfra ca. 40 m tilbake,<br \/>\ninngang St. Josephs\u00f8strenes Hjem.<\/strong><\/p>\n<h4>Retrettsentret finner du i den gule l\u00e5vebygning.<\/h4>\n<p><strong>Med bil:<br \/>\n<\/strong>Kj\u00f8r Ring 3. Ved Storo oppover Grefsenveien. Etter trafikklys<br \/>\nved fotgjengerovergang finner du Brannvaktveien p\u00e5 h\u00f8yre side.<br \/>\nInngang til retrettsentret fra Brannvaktveien finner du p\u00e5<br \/>\nbaksiden av l\u00e5ven (stor gul bygning).<\/p>\n<p><strong>Fra: Oslo lufthavn Gardermoen<br \/>\nTil: Brannvaktveien 5, St. Joseph<\/strong> <strong>Retrettsenter<br \/>\n0489<\/strong> <strong>Oslo\u00a0\u00a0\u00a0 i alt ca. 58 min.<br \/>\n<\/strong>Fra: Gardermoen flyterminal (n. plan)<strong><br \/>\n<\/strong>Til: <strong>Storo<\/strong> (Ringvei-rampe sydover)<br \/>\nFlybussF3 mot Bekkestua (Flybussekspressen)<\/p>\n<p><strong>Fra: Storo (Ringvei-rampe sydover) Oslo til<br \/>\nBrannvaktveien 5, St. Joseph retrettsenter 0489 Oslo<\/strong><br \/>\n<span style=\"color: #000080;\"><span lang=\"zxx\"><span style=\"text-decoration: underline;\"><a href=\"http:\/\/www.StJoseph.no\/wp-admin\/post.php?action=edit&amp;post=4659\">Edit<\/a><\/span><\/span><\/span>Gangveg fra Storo (Ringvei-rampe sydover)<br \/>\ntil Storo (p\u00e5 broen) ca 1 minutt<br \/>\nkrysser gaten og g\u00e5r retning Storo, trikkeholdeplass.<br \/>\n<strong>Trikk nr.\u00a011 mot Kjels\u00e5s etc&#8230;.<\/strong><\/p>\n<h3><span style=\"color: #0000ff;\">Vanlig dagsrytme<\/span><\/h3>\n<h3><span style=\"color: #0000ff;\">Kl. 18.oo\u00a0\u00a0 ankomst, aftens, innf\u00f8ring i retretten,<br \/>\navslutning i kapellet med vesper eller kompletorium<br \/>\nKl. 7.25 Laudes, unntatt L\u00f8r og S\u00f8n Laudes kl. 9.00<br \/>\nKl. 8.00-8.45\u00a0 frokost<br \/>\nKl. 10.00 b\u00f8nne-impuls<br \/>\nanledning til \u00e5 spise mellommat<br \/>\nkl. 12.45 middag<br \/>\nkl. 15.00 kaffe,te<br \/>\nkl. 17.30 vesper, noen dager kveldsmesse,<br \/>\nL\u00f8r alltid kveldsmesse kl. 18.00\u00a0deretter aftens<br \/>\nkl.\u00a0 21.00 Kompletorium<\/span><\/h3>\n<h3><strong>ST. JOSEPH RETRETTSENTER <\/strong><span style=\"color: #000080;\"><span lang=\"zxx\"><span style=\"text-decoration: underline;\"><a href=\"http:\/\/www.stjoseph.no\/?page_id=651\"><strong>(les mer)<\/strong><\/a><\/span><\/span><\/span><\/h3>\n<h2><span style=\"color: #000000;\">Loyola Senter <\/span><span style=\"color: #000080;\"><span lang=\"zxx\"><a href=\"http:\/\/www.stjoseph.no\/?page_id=3358\"><span style=\"color: #333366;\"><span style=\"text-decoration: none\">(les mer)<\/span><\/span><\/a><\/span><\/span><\/h2>\n<p style=\"margin-bottom: 0cm; line-height: 100%\">\n<p><strong><br \/>\n<\/strong><\/p>\n<p>\u00a4<\/p>\n","protected":false},"excerpt":{"rendered":"<p>&#8220;En Frelser er oss f\u00f8dt i dag, Han er Kristus Herren! &#8220; &#8220;Han f\u00e5r navnet Underfull R\u00e5dgiver&#8230;Fredsfyrste &#8220;Det folket som vandret i m\u00f8rket ser et stort lys&#8230;. (Jes 9:2,6)&#8221; Tall\u00f8se flyktninger er p\u00e5 flukt&#8230; p\u00e5 vandring&#8230; Gud m\u00f8ter oss i realiteter,\u00a0 i livets realiteter. La oss ikke g\u00e5 glipp av &#8220;\u00d8yeblikkets\u00a0\u00a0 Sakrament&#8221;. En gledelig Jul &hellip; <a href=\"https:\/\/www.StJoseph.no\/?page_id=3075\" class=\"more-link\">Continue reading<span class=\"screen-reader-text\"> &#8220;Nyheter 2016&#8221;<\/span><\/a><\/p>\n","protected":false},"author":2,"featured_media":0,"parent":4894,"menu_order":26,"comment_status":"closed","ping_status":"open","template":"","meta":{"footnotes":""},"class_list":["post-3075","page","type-page","status-publish","hentry"],"_links":{"self":[{"href":"https:\/\/www.StJoseph.no\/index.php?rest_route=\/wp\/v2\/pages\/3075","targetHints":{"allow":["GET"]}}],"collection":[{"href":"https:\/\/www.StJoseph.no\/index.php?rest_route=\/wp\/v2\/pages"}],"about":[{"href":"https:\/\/www.StJoseph.no\/index.php?rest_route=\/wp\/v2\/types\/page"}],"author":[{"embeddable":true,"href":"https:\/\/www.StJoseph.no\/index.php?rest_route=\/wp\/v2\/users\/2"}],"replies":[{"embeddable":true,"href":"https:\/\/www.StJoseph.no\/index.php?rest_route=%2Fwp%2Fv2%2Fcomments&post=3075"}],"version-history":[{"count":90,"href":"https:\/\/www.StJoseph.no\/index.php?rest_route=\/wp\/v2\/pages\/3075\/revisions"}],"predecessor-version":[{"id":6227,"href":"https:\/\/www.StJoseph.no\/index.php?rest_route=\/wp\/v2\/pages\/3075\/revisions\/6227"}],"up":[{"embeddable":true,"href":"https:\/\/www.StJoseph.no\/index.php?rest_route=\/wp\/v2\/pages\/4894"}],"wp:attachment":[{"href":"https:\/\/www.StJoseph.no\/index.php?rest_route=%2Fwp%2Fv2%2Fmedia&parent=3075"}],"curies":[{"name":"wp","href":"https:\/\/api.w.org\/{rel}","templated":true}]}}